{"id":9568,"date":"2026-02-03T16:36:24","date_gmt":"2026-02-03T15:36:24","guid":{"rendered":"https:\/\/korint.eu\/?post_type=job_listing&#038;p=9568"},"modified":"2026-02-03T16:39:49","modified_gmt":"2026-02-03T15:39:49","slug":"fachaerztin-facharzt-fuer-kinder-und-jugendmedizin-in-der-schweiz","status":"publish","type":"job_listing","link":"https:\/\/korint.eu\/de\/job\/fachaerztin-facharzt-fuer-kinder-und-jugendmedizin-in-der-schweiz\/","title":{"rendered":"Fach\u00e4rztin\/Facharzt f\u00fcr Kinder- und Jugendmedizin in der Schweiz"},"content":{"rendered":"<p>Erw\u00e4gen Sie, Ihre berufliche Laufbahn ins Ausland auszuweiten? Dann hat Korint\u00ae genau die richtigen M\u00f6glichkeiten f\u00fcr Sie!<\/p>\n<p>F\u00fcr einen Auftraggeber in der Schweiz suchen wir eine engagierte Fach\u00e4rztin \/ einen engagierten Facharzt f\u00fcr Kinder- und Jugendmedizin.<br \/>\nM\u00f6chten Sie mehr Informationen? Lesen Sie die Stellenanzeige unten:<\/p>\n<h3><strong>Worauf Sie sich freuen d\u00fcrfen:<\/strong><\/h3>\n<ul>\n<li>Attraktive Arbeitsbedingungen.<\/li>\n<li>Umfassende Begleitung und Unterst\u00fctzung, z. B. bei der Organisation von Aufenthaltsbewilligung, Versicherungen, Altersvorsorge, Steuern und mehr.<\/li>\n<li>Eine wertvolle Erfahrung, im Ausland zu arbeiten und zu leben.<\/li>\n<li>Ihre pers\u00f6nlichen W\u00fcnsche stehen bei uns im Mittelpunkt.<\/li>\n<\/ul>\n<p>&nbsp;<\/p>\n<h3><strong>Ihre Aufgaben als Fach\u00e4rztin\/Facharzt f\u00fcr Kinder- und Jugendmedizin in der Schweiz:<\/strong><\/h3>\n<ul>\n<li>\u00dcberwachung des Gesundheitszustandes w\u00e4hrend und nach Behandlungen sowie F\u00fchrung und Aktualisierung der medizinischen Dokumentation.<\/li>\n<li>Diagnostik und Behandlung eines breiten Spektrums von Erkrankungen und Krankheitsbildern \u2013 von Infektionen bis hin zu komplexen chronischen Erkrankungen.<\/li>\n<li>Gespr\u00e4che mit Eltern\/Erziehungsberechtigten und Kindern zur Erfassung der Beschwerden und des Gesundheitszustandes.<\/li>\n<li>Fachkundige Beurteilung der k\u00f6rperlichen, psychischen und sozialen Entwicklung von Kindern in verschiedenen Lebensphasen.<\/li>\n<li>Koordination der medizinischen Versorgung in Zusammenarbeit mit Haus\u00e4rztinnen, Physiotherapeutinnen und weiteren Fach\u00e4rztinnen.<\/li>\n<\/ul>\n<p>&nbsp;<\/p>\n<h3><strong>Ihr Profil als Fach\u00e4rztin\/Facharzt f\u00fcr Kinder- und Jugendmedizin in der Schweiz:<\/strong><\/h3>\n<ul>\n<li>Abgeschlossene Facharztausbildung in der Kinder- und Jugendmedizin.<\/li>\n<li>Anerkennung durch <strong>MEBEKO<\/strong>.<\/li>\n<li>Gute Deutschkenntnisse (wir unterst\u00fctzen Sie selbstverst\u00e4ndlich auch beim Spracherwerb).<\/li>\n<li>Durchsetzungsverm\u00f6gen, Anpassungsf\u00e4higkeit und Flexibilit\u00e4t.<\/li>\n<\/ul>\n","protected":false},"author":3,"featured_media":6483,"template":"","meta":{"_et_pb_use_builder":"","_et_pb_old_content":"","_et_gb_content_width":"","_promoted":"","_job_location":"Schweiz","_application":"v.qerkinaj@korma.nl","_company_name":"","_company_website":"","_company_tagline":"","_company_twitter":"","_company_video":"","_filled":0,"_featured":0,"_remote_position":0,"_job_salary":"","_job_salary_currency":"","_job_salary_unit":""},"job-categories":[121],"job-types":[230],"class_list":{"0":"post-9568","1":"job_listing","2":"type-job_listing","3":"status-publish","4":"has-post-thumbnail","5":"hentry","7":"job-type-rekrutierung-und-auswahl"},"yoast_head":"<!-- This site is optimized with the Yoast SEO plugin v27.4 - https:\/\/yoast.com\/product\/yoast-seo-wordpress\/ -->\n<title>Fach\u00e4rztin\/Facharzt f\u00fcr Kinder- und Jugendmedizin in der Schweiz - Korint\u00ae<\/title>\n<meta name=\"robots\" content=\"index, follow, max-snippet:-1, max-image-preview:large, max-video-preview:-1\" \/>\n<link rel=\"canonical\" href=\"https:\/\/korint.eu\/de\/job\/fachaerztin-facharzt-fuer-kinder-und-jugendmedizin-in-der-schweiz\/\" \/>\n<meta property=\"og:locale\" content=\"de_DE\" \/>\n<meta property=\"og:type\" content=\"article\" \/>\n<meta property=\"og:title\" content=\"Fach\u00e4rztin\/Facharzt f\u00fcr Kinder- und Jugendmedizin in der Schweiz - Korint\u00ae\" \/>\n<meta property=\"og:description\" content=\"Erw\u00e4gen Sie, Ihre berufliche Laufbahn ins Ausland auszuweiten? Dann hat Korint\u00ae genau die richtigen M\u00f6glichkeiten f\u00fcr Sie! F\u00fcr einen Auftraggeber in der Schweiz suchen wir eine engagierte Fach\u00e4rztin \/ einen engagierten Facharzt f\u00fcr Kinder- und Jugendmedizin. M\u00f6chten Sie mehr Informationen? Lesen Sie die Stellenanzeige unten: Worauf Sie sich freuen d\u00fcrfen: Attraktive Arbeitsbedingungen. Umfassende Begleitung und [&hellip;]\" \/>\n<meta property=\"og:url\" content=\"https:\/\/korint.eu\/de\/job\/fachaerztin-facharzt-fuer-kinder-und-jugendmedizin-in-der-schweiz\/\" \/>\n<meta property=\"og:site_name\" content=\"Korint\u00ae\" \/>\n<meta property=\"article:publisher\" content=\"https:\/\/www.facebook.com\/korintnederland\/\" \/>\n<meta property=\"article:modified_time\" content=\"2026-02-03T15:39:49+00:00\" \/>\n<meta property=\"og:image\" content=\"https:\/\/korint.eu\/wp-content\/uploads\/2025\/02\/Fysiotherapeut-Zwitserland-Korint\u00ae.jpg\" \/>\n\t<meta property=\"og:image:width\" content=\"1920\" \/>\n\t<meta property=\"og:image:height\" content=\"800\" \/>\n\t<meta property=\"og:image:type\" content=\"image\/jpeg\" \/>\n<meta name=\"twitter:card\" content=\"summary_large_image\" \/>\n<meta name=\"twitter:label1\" content=\"Gesch\u00e4tzte Lesezeit\" \/>\n\t<meta name=\"twitter:data1\" content=\"2\u00a0Minuten\" \/>\n<script type=\"application\/ld+json\" class=\"yoast-schema-graph\">{\"@context\":\"https:\\\/\\\/schema.org\",\"@graph\":[{\"@type\":\"WebPage\",\"@id\":\"https:\\\/\\\/korint.eu\\\/de\\\/job\\\/fachaerztin-facharzt-fuer-kinder-und-jugendmedizin-in-der-schweiz\\\/\",\"url\":\"https:\\\/\\\/korint.eu\\\/de\\\/job\\\/fachaerztin-facharzt-fuer-kinder-und-jugendmedizin-in-der-schweiz\\\/\",\"name\":\"Fach\u00e4rztin\\\/Facharzt f\u00fcr Kinder- und Jugendmedizin in der Schweiz - Korint\u00ae\",\"isPartOf\":{\"@id\":\"https:\\\/\\\/korint.eu\\\/de\\\/#website\"},\"primaryImageOfPage\":{\"@id\":\"https:\\\/\\\/korint.eu\\\/de\\\/job\\\/fachaerztin-facharzt-fuer-kinder-und-jugendmedizin-in-der-schweiz\\\/#primaryimage\"},\"image\":{\"@id\":\"https:\\\/\\\/korint.eu\\\/de\\\/job\\\/fachaerztin-facharzt-fuer-kinder-und-jugendmedizin-in-der-schweiz\\\/#primaryimage\"},\"thumbnailUrl\":\"https:\\\/\\\/korint.eu\\\/wp-content\\\/uploads\\\/2025\\\/02\\\/Fysiotherapeut-Zwitserland-Korint\u00ae.jpg\",\"datePublished\":\"2026-02-03T15:36:24+00:00\",\"dateModified\":\"2026-02-03T15:39:49+00:00\",\"breadcrumb\":{\"@id\":\"https:\\\/\\\/korint.eu\\\/de\\\/job\\\/fachaerztin-facharzt-fuer-kinder-und-jugendmedizin-in-der-schweiz\\\/#breadcrumb\"},\"inLanguage\":\"de\",\"potentialAction\":[{\"@type\":\"ReadAction\",\"target\":[\"https:\\\/\\\/korint.eu\\\/de\\\/job\\\/fachaerztin-facharzt-fuer-kinder-und-jugendmedizin-in-der-schweiz\\\/\"]}]},{\"@type\":\"ImageObject\",\"inLanguage\":\"de\",\"@id\":\"https:\\\/\\\/korint.eu\\\/de\\\/job\\\/fachaerztin-facharzt-fuer-kinder-und-jugendmedizin-in-der-schweiz\\\/#primaryimage\",\"url\":\"https:\\\/\\\/korint.eu\\\/wp-content\\\/uploads\\\/2025\\\/02\\\/Fysiotherapeut-Zwitserland-Korint\u00ae.jpg\",\"contentUrl\":\"https:\\\/\\\/korint.eu\\\/wp-content\\\/uploads\\\/2025\\\/02\\\/Fysiotherapeut-Zwitserland-Korint\u00ae.jpg\",\"width\":1920,\"height\":800,\"caption\":\"Aan de slag als fysiotherapeut in Zwitserland met Korint\u00ae\"},{\"@type\":\"BreadcrumbList\",\"@id\":\"https:\\\/\\\/korint.eu\\\/de\\\/job\\\/fachaerztin-facharzt-fuer-kinder-und-jugendmedizin-in-der-schweiz\\\/#breadcrumb\",\"itemListElement\":[{\"@type\":\"ListItem\",\"position\":1,\"name\":\"Home\",\"item\":\"https:\\\/\\\/korint.eu\\\/de\\\/\"},{\"@type\":\"ListItem\",\"position\":2,\"name\":\"Fach\u00e4rztin\\\/Facharzt f\u00fcr Kinder- und Jugendmedizin in der Schweiz\"}]},{\"@type\":\"WebSite\",\"@id\":\"https:\\\/\\\/korint.eu\\\/de\\\/#website\",\"url\":\"https:\\\/\\\/korint.eu\\\/de\\\/\",\"name\":\"Korint\u00ae\",\"description\":\"Flexibele carri\u00e8re mogelijkheden voor zorgprofessionals\",\"publisher\":{\"@id\":\"https:\\\/\\\/korint.eu\\\/de\\\/#organization\"},\"potentialAction\":[{\"@type\":\"SearchAction\",\"target\":{\"@type\":\"EntryPoint\",\"urlTemplate\":\"https:\\\/\\\/korint.eu\\\/de\\\/?s={search_term_string}\"},\"query-input\":{\"@type\":\"PropertyValueSpecification\",\"valueRequired\":true,\"valueName\":\"search_term_string\"}}],\"inLanguage\":\"de\"},{\"@type\":\"Organization\",\"@id\":\"https:\\\/\\\/korint.eu\\\/de\\\/#organization\",\"name\":\"Korint\u00ae\",\"url\":\"https:\\\/\\\/korint.eu\\\/de\\\/\",\"logo\":{\"@type\":\"ImageObject\",\"inLanguage\":\"de\",\"@id\":\"https:\\\/\\\/korint.eu\\\/de\\\/#\\\/schema\\\/logo\\\/image\\\/\",\"url\":\"https:\\\/\\\/korint.eu\\\/wp-content\\\/uploads\\\/2025\\\/01\\\/Vacature-icon-korint\u00ae.jpg\",\"contentUrl\":\"https:\\\/\\\/korint.eu\\\/wp-content\\\/uploads\\\/2025\\\/01\\\/Vacature-icon-korint\u00ae.jpg\",\"width\":1000,\"height\":1000,\"caption\":\"Korint\u00ae\"},\"image\":{\"@id\":\"https:\\\/\\\/korint.eu\\\/de\\\/#\\\/schema\\\/logo\\\/image\\\/\"},\"sameAs\":[\"https:\\\/\\\/www.facebook.com\\\/korintnederland\\\/\",\"https:\\\/\\\/www.instagram.com\\\/korint_nederland\\\/\",\"https:\\\/\\\/www.linkedin.com\\\/company\\\/korint-medical-recruitment\\\/\"]}]}<\/script>\n<!-- \/ Yoast SEO plugin. -->","yoast_head_json":{"title":"Fach\u00e4rztin\/Facharzt f\u00fcr Kinder- und Jugendmedizin in der Schweiz - Korint\u00ae","robots":{"index":"index","follow":"follow","max-snippet":"max-snippet:-1","max-image-preview":"max-image-preview:large","max-video-preview":"max-video-preview:-1"},"canonical":"https:\/\/korint.eu\/de\/job\/fachaerztin-facharzt-fuer-kinder-und-jugendmedizin-in-der-schweiz\/","og_locale":"de_DE","og_type":"article","og_title":"Fach\u00e4rztin\/Facharzt f\u00fcr Kinder- und Jugendmedizin in der Schweiz - Korint\u00ae","og_description":"Erw\u00e4gen Sie, Ihre berufliche Laufbahn ins Ausland auszuweiten? Dann hat Korint\u00ae genau die richtigen M\u00f6glichkeiten f\u00fcr Sie! F\u00fcr einen Auftraggeber in der Schweiz suchen wir eine engagierte Fach\u00e4rztin \/ einen engagierten Facharzt f\u00fcr Kinder- und Jugendmedizin. M\u00f6chten Sie mehr Informationen? Lesen Sie die Stellenanzeige unten: Worauf Sie sich freuen d\u00fcrfen: Attraktive Arbeitsbedingungen. Umfassende Begleitung und [&hellip;]","og_url":"https:\/\/korint.eu\/de\/job\/fachaerztin-facharzt-fuer-kinder-und-jugendmedizin-in-der-schweiz\/","og_site_name":"Korint\u00ae","article_publisher":"https:\/\/www.facebook.com\/korintnederland\/","article_modified_time":"2026-02-03T15:39:49+00:00","og_image":[{"width":1920,"height":800,"url":"https:\/\/korint.eu\/wp-content\/uploads\/2025\/02\/Fysiotherapeut-Zwitserland-Korint\u00ae.jpg","type":"image\/jpeg"}],"twitter_card":"summary_large_image","twitter_misc":{"Gesch\u00e4tzte Lesezeit":"2\u00a0Minuten"},"schema":{"@context":"https:\/\/schema.org","@graph":[{"@type":"WebPage","@id":"https:\/\/korint.eu\/de\/job\/fachaerztin-facharzt-fuer-kinder-und-jugendmedizin-in-der-schweiz\/","url":"https:\/\/korint.eu\/de\/job\/fachaerztin-facharzt-fuer-kinder-und-jugendmedizin-in-der-schweiz\/","name":"Fach\u00e4rztin\/Facharzt f\u00fcr Kinder- und Jugendmedizin in der Schweiz - Korint\u00ae","isPartOf":{"@id":"https:\/\/korint.eu\/de\/#website"},"primaryImageOfPage":{"@id":"https:\/\/korint.eu\/de\/job\/fachaerztin-facharzt-fuer-kinder-und-jugendmedizin-in-der-schweiz\/#primaryimage"},"image":{"@id":"https:\/\/korint.eu\/de\/job\/fachaerztin-facharzt-fuer-kinder-und-jugendmedizin-in-der-schweiz\/#primaryimage"},"thumbnailUrl":"https:\/\/korint.eu\/wp-content\/uploads\/2025\/02\/Fysiotherapeut-Zwitserland-Korint\u00ae.jpg","datePublished":"2026-02-03T15:36:24+00:00","dateModified":"2026-02-03T15:39:49+00:00","breadcrumb":{"@id":"https:\/\/korint.eu\/de\/job\/fachaerztin-facharzt-fuer-kinder-und-jugendmedizin-in-der-schweiz\/#breadcrumb"},"inLanguage":"de","potentialAction":[{"@type":"ReadAction","target":["https:\/\/korint.eu\/de\/job\/fachaerztin-facharzt-fuer-kinder-und-jugendmedizin-in-der-schweiz\/"]}]},{"@type":"ImageObject","inLanguage":"de","@id":"https:\/\/korint.eu\/de\/job\/fachaerztin-facharzt-fuer-kinder-und-jugendmedizin-in-der-schweiz\/#primaryimage","url":"https:\/\/korint.eu\/wp-content\/uploads\/2025\/02\/Fysiotherapeut-Zwitserland-Korint\u00ae.jpg","contentUrl":"https:\/\/korint.eu\/wp-content\/uploads\/2025\/02\/Fysiotherapeut-Zwitserland-Korint\u00ae.jpg","width":1920,"height":800,"caption":"Aan de slag als fysiotherapeut in Zwitserland met Korint\u00ae"},{"@type":"BreadcrumbList","@id":"https:\/\/korint.eu\/de\/job\/fachaerztin-facharzt-fuer-kinder-und-jugendmedizin-in-der-schweiz\/#breadcrumb","itemListElement":[{"@type":"ListItem","position":1,"name":"Home","item":"https:\/\/korint.eu\/de\/"},{"@type":"ListItem","position":2,"name":"Fach\u00e4rztin\/Facharzt f\u00fcr Kinder- und Jugendmedizin in der Schweiz"}]},{"@type":"WebSite","@id":"https:\/\/korint.eu\/de\/#website","url":"https:\/\/korint.eu\/de\/","name":"Korint\u00ae","description":"Flexibele carri\u00e8re mogelijkheden voor zorgprofessionals","publisher":{"@id":"https:\/\/korint.eu\/de\/#organization"},"potentialAction":[{"@type":"SearchAction","target":{"@type":"EntryPoint","urlTemplate":"https:\/\/korint.eu\/de\/?s={search_term_string}"},"query-input":{"@type":"PropertyValueSpecification","valueRequired":true,"valueName":"search_term_string"}}],"inLanguage":"de"},{"@type":"Organization","@id":"https:\/\/korint.eu\/de\/#organization","name":"Korint\u00ae","url":"https:\/\/korint.eu\/de\/","logo":{"@type":"ImageObject","inLanguage":"de","@id":"https:\/\/korint.eu\/de\/#\/schema\/logo\/image\/","url":"https:\/\/korint.eu\/wp-content\/uploads\/2025\/01\/Vacature-icon-korint\u00ae.jpg","contentUrl":"https:\/\/korint.eu\/wp-content\/uploads\/2025\/01\/Vacature-icon-korint\u00ae.jpg","width":1000,"height":1000,"caption":"Korint\u00ae"},"image":{"@id":"https:\/\/korint.eu\/de\/#\/schema\/logo\/image\/"},"sameAs":["https:\/\/www.facebook.com\/korintnederland\/","https:\/\/www.instagram.com\/korint_nederland\/","https:\/\/www.linkedin.com\/company\/korint-medical-recruitment\/"]}]}},"_links":{"self":[{"href":"https:\/\/korint.eu\/de\/wp-json\/wp\/v2\/job-listings\/9568","targetHints":{"allow":["GET"]}}],"collection":[{"href":"https:\/\/korint.eu\/de\/wp-json\/wp\/v2\/job-listings"}],"about":[{"href":"https:\/\/korint.eu\/de\/wp-json\/wp\/v2\/types\/job_listing"}],"author":[{"embeddable":true,"href":"https:\/\/korint.eu\/de\/wp-json\/wp\/v2\/users\/3"}],"wp:featuredmedia":[{"embeddable":true,"href":"https:\/\/korint.eu\/de\/wp-json\/wp\/v2\/media\/6483"}],"wp:attachment":[{"href":"https:\/\/korint.eu\/de\/wp-json\/wp\/v2\/media?parent=9568"}],"wp:term":[{"taxonomy":"job_listing_category","embeddable":true,"href":"https:\/\/korint.eu\/de\/wp-json\/wp\/v2\/job-categories?post=9568"},{"taxonomy":"job_listing_type","embeddable":true,"href":"https:\/\/korint.eu\/de\/wp-json\/wp\/v2\/job-types?post=9568"}],"curies":[{"name":"wp","href":"https:\/\/api.w.org\/{rel}","templated":true}]}}