{"id":8009,"date":"2025-03-18T14:59:32","date_gmt":"2025-03-18T14:59:32","guid":{"rendered":"https:\/\/korint.eu\/job\/anaesthesiepfleger-in-m-w-d-schweiz\/"},"modified":"2025-03-31T15:45:57","modified_gmt":"2025-03-31T13:45:57","slug":"anaesthesiepfleger-in-m-w-d-schweiz","status":"publish","type":"job_listing","link":"https:\/\/korint.eu\/de\/job\/anaesthesiepfleger-in-m-w-d-schweiz\/","title":{"rendered":"An\u00e4sthesiepfleger\/ in (m\/w\/d) Schweiz"},"content":{"rendered":"<p>An\u00e4sthesiepfleger\/ in (m\/w\/d) in der Schweiz- Malerische Landschaften, weite Seen und eine atemberaubende Alpenregion? Die Schweiz hat noch so viel mehr zu bieten! Vor allem unsere interessanten Stellenangebote im Schweizer Gesundheitswesen.<\/p>\n<p>Bewirb dich als An\u00e4sthesiepfleger\/ in (m\/w\/d) f\u00fcr die Schweiz und profitiere von neuen Erkenntnissen und Erfahrungen. Wir sind gespannt auf deine Bewerbung!<\/p>\n<p>F\u00fcr erste Informationen \u00fcber das Arbeiten in der Schweiz, kannst du auch unsere\u00a0<a href=\"https:\/\/korint.eu\/de\/unsere-lander\/\">L\u00e4nderseite<\/a>.<\/p>\n<h4><strong>Deine Benefits:<\/strong><\/h4>\n<ul>\n<li>Wir erm\u00f6glichen dir einen festen Arbeitsvertrag mit einer i. d. R. 42,5-Stunden-Woche sowie die M\u00f6glichkeit auf bis zu 7 Wochen Urlaub.<\/li>\n<li>Ebenso eine attraktive Bezahlung mit einem Jahresgehalt von ca. CHF 84.255 &#8211; CHF 102.119 (\u20ac 77.870 &#8211; \u20ac 94.380).<\/li>\n<li>Dar\u00fcber hinaus profitierst du von individuellen Weiterbildungs- sowie Entwicklungsm\u00f6glichkeiten.<\/li>\n<li>Flexible Arbeitszeitmodelle erlauben es M\u00fcttern und V\u00e4tern gleicherma\u00dfen Berufsleben und Familie miteinander zu vereinbaren.<\/li>\n<li>Au\u00dferdem unterst\u00fctzen wir dich bei der Optimierung der Bewerbungsunterlagen, bereiten dich auf Vorstellungsgespr\u00e4che vor und organisieren Schnuppertage.<\/li>\n<li>Wir leiten dich bei Beh\u00f6rdeng\u00e4ngen und Formalit\u00e4ten wie bspw. Versicherungen, Steuern und Altersvorsorge, aber auch bei der Wohnungssuche entsprechend an.<\/li>\n<li>Auch nach erfolgreicher Vermittlung bleiben wir gerne dein langfristiger Ansprechpartner f\u00fcr deine weitere Karriere.<\/li>\n<li>Unser Korint\u00ae-Bonus-System legen wir f\u00fcr dich zus\u00e4tzlich oben drauf.<\/li>\n<\/ul>\n<h4><strong>Deine Hauptaufgaben als An\u00e4sthesiepfleger\/ in (m\/w\/d):<\/strong><\/h4>\n<ul>\n<li>Du bist f\u00fcr die pr\u00e4-, intra- und postoperative Betreuung der Patientinnen und Patientenverantwortlich.<\/li>\n<li>In enger Zusammenarbeit mit den zust\u00e4ndigen An\u00e4sthesie\u00e4rzten f\u00fchrst du selbst\u00e4ndig Allgemeinan\u00e4sthesien sowie verordnete Schmerztherapien durch.<\/li>\n<li>Ebenso \u00fcbernimmst du die Verantwortung f\u00fcr die fachgerechte Aufbereitung, Behandlung und Bereitstellung der Medikamente, Materialien sowie aller Ger\u00e4te und Apparaturen im OP.<\/li>\n<li>Zudem erfasst und dokumentierst du alle relevanten Vitalparameter sowie zus\u00e4tzliche Leistungen.<\/li>\n<li>Auch die p\u00e4dagogische Einarbeitung sowie das Anleiten von Gesundheits- und Krankenpflegesch\u00fclerinnen und -sch\u00fclern sowie Studenten geh\u00f6rt zu deinem Arbeitsbereich.<\/li>\n<\/ul>\n<h4><strong>Das bringst du mit:<\/strong><\/h4>\n<p>Must-have:<\/p>\n<ul>\n<li>Eine abgeschlossene Ausbildung als Gesundheits- und Krankenpfleger\/in mit entsprechender Fachweiterbildung zur Intensiv- bzw. An\u00e4sthesiepfleger\/in.<\/li>\n<li>Freude an herausfordernden Situationen sowie hohes Qualit\u00e4tsbewusstsein.<\/li>\n<li>Gute PC-Kenntnisse sowie technisches Verst\u00e4ndnis.<\/li>\n<li>Deutschkenntnisse in Wort und Schrift auf B1\/B2-Niveau.<\/li>\n<\/ul>\n<p>Nice-to-have:<\/p>\n<ul>\n<li>Eine Weiterbildung als Ausbilder und die Begeisterung junge Kolleginnen und Kollegen anzuleiten und zu f\u00f6rdern.<\/li>\n<li>Erste Kenntnisse in Schweizerdeutsch.<\/li>\n<\/ul>\n<p>F\u00fcr Fragen kannst du uns gerne \u00fcber <a href=\"mailto:info@korint.eu\">info@korint.eu<\/a> kontaktieren oder du bewirbst dich initiativ direkt <a href=\"https:\/\/korint.eu\/de\/initiativbewerbung\/\">hier<\/a>.<\/p>\n","protected":false},"author":1,"featured_media":7056,"template":"","meta":{"_et_pb_use_builder":"","_et_pb_old_content":"","_et_gb_content_width":"","_promoted":"","_job_location":"Schweiz","_application":"recruitment@korint.eu","_company_name":"Korint\u00ae","_company_website":"https:\/\/korint.eu\/de\/","_company_tagline":"Wir f\u00f6rdern die Karrieren von Fachkr\u00e4ften im Gesundheitswesen.","_company_twitter":"","_company_video":"","_filled":0,"_featured":0,"_remote_position":0,"_job_salary":"","_job_salary_currency":"","_job_salary_unit":""},"job-categories":[125],"job-types":[230],"class_list":{"0":"post-8009","1":"job_listing","2":"type-job_listing","3":"status-publish","4":"has-post-thumbnail","5":"hentry","7":"job-type-rekrutierung-und-auswahl"},"yoast_head":"<!-- This site is optimized with the Yoast SEO plugin v27.5 - https:\/\/yoast.com\/product\/yoast-seo-wordpress\/ -->\n<title>An\u00e4sthesiepfleger\/ in (m\/w\/d) Schweiz - Korint\u00ae<\/title>\n<meta name=\"robots\" content=\"index, follow, max-snippet:-1, max-image-preview:large, max-video-preview:-1\" \/>\n<link rel=\"canonical\" href=\"https:\/\/korint.eu\/de\/job\/anaesthesiepfleger-in-m-w-d-schweiz\/\" \/>\n<meta property=\"og:locale\" content=\"de_DE\" \/>\n<meta property=\"og:type\" content=\"article\" \/>\n<meta property=\"og:title\" content=\"An\u00e4sthesiepfleger\/ in (m\/w\/d) Schweiz - Korint\u00ae\" \/>\n<meta property=\"og:description\" content=\"An\u00e4sthesiepfleger\/ in (m\/w\/d) in der Schweiz- Malerische Landschaften, weite Seen und eine atemberaubende Alpenregion? Die Schweiz hat noch so viel mehr zu bieten! Vor allem unsere interessanten Stellenangebote im Schweizer Gesundheitswesen. Bewirb dich als An\u00e4sthesiepfleger\/ in (m\/w\/d) f\u00fcr die Schweiz und profitiere von neuen Erkenntnissen und Erfahrungen. Wir sind gespannt auf deine Bewerbung! F\u00fcr erste [&hellip;]\" \/>\n<meta property=\"og:url\" content=\"https:\/\/korint.eu\/de\/job\/anaesthesiepfleger-in-m-w-d-schweiz\/\" \/>\n<meta property=\"og:site_name\" content=\"Korint\u00ae\" \/>\n<meta property=\"article:publisher\" content=\"https:\/\/www.facebook.com\/korintnederland\/\" \/>\n<meta property=\"article:modified_time\" content=\"2025-03-31T13:45:57+00:00\" \/>\n<meta property=\"og:image\" content=\"https:\/\/korint.eu\/wp-content\/uploads\/2025\/03\/Vacature-Fallback-Korint\u00ae-Nederland.jpg\" \/>\n\t<meta property=\"og:image:width\" content=\"1920\" \/>\n\t<meta property=\"og:image:height\" content=\"800\" \/>\n\t<meta property=\"og:image:type\" content=\"image\/jpeg\" \/>\n<meta name=\"twitter:card\" content=\"summary_large_image\" \/>\n<meta name=\"twitter:label1\" content=\"Gesch\u00e4tzte Lesezeit\" \/>\n\t<meta name=\"twitter:data1\" content=\"2\u00a0Minuten\" \/>\n<script type=\"application\/ld+json\" class=\"yoast-schema-graph\">{\"@context\":\"https:\\\/\\\/schema.org\",\"@graph\":[{\"@type\":\"WebPage\",\"@id\":\"https:\\\/\\\/korint.eu\\\/de\\\/job\\\/anaesthesiepfleger-in-m-w-d-schweiz\\\/\",\"url\":\"https:\\\/\\\/korint.eu\\\/de\\\/job\\\/anaesthesiepfleger-in-m-w-d-schweiz\\\/\",\"name\":\"An\u00e4sthesiepfleger\\\/ in (m\\\/w\\\/d) Schweiz - Korint\u00ae\",\"isPartOf\":{\"@id\":\"https:\\\/\\\/korint.eu\\\/de\\\/#website\"},\"primaryImageOfPage\":{\"@id\":\"https:\\\/\\\/korint.eu\\\/de\\\/job\\\/anaesthesiepfleger-in-m-w-d-schweiz\\\/#primaryimage\"},\"image\":{\"@id\":\"https:\\\/\\\/korint.eu\\\/de\\\/job\\\/anaesthesiepfleger-in-m-w-d-schweiz\\\/#primaryimage\"},\"thumbnailUrl\":\"https:\\\/\\\/korint.eu\\\/wp-content\\\/uploads\\\/2025\\\/03\\\/Vacature-Fallback-Korint\u00ae-Nederland.jpg\",\"datePublished\":\"2025-03-18T14:59:32+00:00\",\"dateModified\":\"2025-03-31T13:45:57+00:00\",\"breadcrumb\":{\"@id\":\"https:\\\/\\\/korint.eu\\\/de\\\/job\\\/anaesthesiepfleger-in-m-w-d-schweiz\\\/#breadcrumb\"},\"inLanguage\":\"de\",\"potentialAction\":[{\"@type\":\"ReadAction\",\"target\":[\"https:\\\/\\\/korint.eu\\\/de\\\/job\\\/anaesthesiepfleger-in-m-w-d-schweiz\\\/\"]}]},{\"@type\":\"ImageObject\",\"inLanguage\":\"de\",\"@id\":\"https:\\\/\\\/korint.eu\\\/de\\\/job\\\/anaesthesiepfleger-in-m-w-d-schweiz\\\/#primaryimage\",\"url\":\"https:\\\/\\\/korint.eu\\\/wp-content\\\/uploads\\\/2025\\\/03\\\/Vacature-Fallback-Korint\u00ae-Nederland.jpg\",\"contentUrl\":\"https:\\\/\\\/korint.eu\\\/wp-content\\\/uploads\\\/2025\\\/03\\\/Vacature-Fallback-Korint\u00ae-Nederland.jpg\",\"width\":1920,\"height\":800},{\"@type\":\"BreadcrumbList\",\"@id\":\"https:\\\/\\\/korint.eu\\\/de\\\/job\\\/anaesthesiepfleger-in-m-w-d-schweiz\\\/#breadcrumb\",\"itemListElement\":[{\"@type\":\"ListItem\",\"position\":1,\"name\":\"Home\",\"item\":\"https:\\\/\\\/korint.eu\\\/de\\\/\"},{\"@type\":\"ListItem\",\"position\":2,\"name\":\"An\u00e4sthesiepfleger\\\/ in (m\\\/w\\\/d) Schweiz\"}]},{\"@type\":\"WebSite\",\"@id\":\"https:\\\/\\\/korint.eu\\\/de\\\/#website\",\"url\":\"https:\\\/\\\/korint.eu\\\/de\\\/\",\"name\":\"Korint\u00ae\",\"description\":\"Flexibele carri\u00e8re mogelijkheden voor zorgprofessionals\",\"publisher\":{\"@id\":\"https:\\\/\\\/korint.eu\\\/de\\\/#organization\"},\"potentialAction\":[{\"@type\":\"SearchAction\",\"target\":{\"@type\":\"EntryPoint\",\"urlTemplate\":\"https:\\\/\\\/korint.eu\\\/de\\\/?s={search_term_string}\"},\"query-input\":{\"@type\":\"PropertyValueSpecification\",\"valueRequired\":true,\"valueName\":\"search_term_string\"}}],\"inLanguage\":\"de\"},{\"@type\":\"Organization\",\"@id\":\"https:\\\/\\\/korint.eu\\\/de\\\/#organization\",\"name\":\"Korint\u00ae\",\"url\":\"https:\\\/\\\/korint.eu\\\/de\\\/\",\"logo\":{\"@type\":\"ImageObject\",\"inLanguage\":\"de\",\"@id\":\"https:\\\/\\\/korint.eu\\\/de\\\/#\\\/schema\\\/logo\\\/image\\\/\",\"url\":\"https:\\\/\\\/korint.eu\\\/wp-content\\\/uploads\\\/2025\\\/01\\\/Vacature-icon-korint\u00ae.jpg\",\"contentUrl\":\"https:\\\/\\\/korint.eu\\\/wp-content\\\/uploads\\\/2025\\\/01\\\/Vacature-icon-korint\u00ae.jpg\",\"width\":1000,\"height\":1000,\"caption\":\"Korint\u00ae\"},\"image\":{\"@id\":\"https:\\\/\\\/korint.eu\\\/de\\\/#\\\/schema\\\/logo\\\/image\\\/\"},\"sameAs\":[\"https:\\\/\\\/www.facebook.com\\\/korintnederland\\\/\",\"https:\\\/\\\/www.instagram.com\\\/korint_nederland\\\/\",\"https:\\\/\\\/www.linkedin.com\\\/company\\\/korint-medical-recruitment\\\/\"]}]}<\/script>\n<!-- \/ Yoast SEO plugin. -->","yoast_head_json":{"title":"An\u00e4sthesiepfleger\/ in (m\/w\/d) Schweiz - Korint\u00ae","robots":{"index":"index","follow":"follow","max-snippet":"max-snippet:-1","max-image-preview":"max-image-preview:large","max-video-preview":"max-video-preview:-1"},"canonical":"https:\/\/korint.eu\/de\/job\/anaesthesiepfleger-in-m-w-d-schweiz\/","og_locale":"de_DE","og_type":"article","og_title":"An\u00e4sthesiepfleger\/ in (m\/w\/d) Schweiz - Korint\u00ae","og_description":"An\u00e4sthesiepfleger\/ in (m\/w\/d) in der Schweiz- Malerische Landschaften, weite Seen und eine atemberaubende Alpenregion? Die Schweiz hat noch so viel mehr zu bieten! Vor allem unsere interessanten Stellenangebote im Schweizer Gesundheitswesen. Bewirb dich als An\u00e4sthesiepfleger\/ in (m\/w\/d) f\u00fcr die Schweiz und profitiere von neuen Erkenntnissen und Erfahrungen. Wir sind gespannt auf deine Bewerbung! F\u00fcr erste [&hellip;]","og_url":"https:\/\/korint.eu\/de\/job\/anaesthesiepfleger-in-m-w-d-schweiz\/","og_site_name":"Korint\u00ae","article_publisher":"https:\/\/www.facebook.com\/korintnederland\/","article_modified_time":"2025-03-31T13:45:57+00:00","og_image":[{"width":1920,"height":800,"url":"https:\/\/korint.eu\/wp-content\/uploads\/2025\/03\/Vacature-Fallback-Korint\u00ae-Nederland.jpg","type":"image\/jpeg"}],"twitter_card":"summary_large_image","twitter_misc":{"Gesch\u00e4tzte Lesezeit":"2\u00a0Minuten"},"schema":{"@context":"https:\/\/schema.org","@graph":[{"@type":"WebPage","@id":"https:\/\/korint.eu\/de\/job\/anaesthesiepfleger-in-m-w-d-schweiz\/","url":"https:\/\/korint.eu\/de\/job\/anaesthesiepfleger-in-m-w-d-schweiz\/","name":"An\u00e4sthesiepfleger\/ in (m\/w\/d) Schweiz - Korint\u00ae","isPartOf":{"@id":"https:\/\/korint.eu\/de\/#website"},"primaryImageOfPage":{"@id":"https:\/\/korint.eu\/de\/job\/anaesthesiepfleger-in-m-w-d-schweiz\/#primaryimage"},"image":{"@id":"https:\/\/korint.eu\/de\/job\/anaesthesiepfleger-in-m-w-d-schweiz\/#primaryimage"},"thumbnailUrl":"https:\/\/korint.eu\/wp-content\/uploads\/2025\/03\/Vacature-Fallback-Korint\u00ae-Nederland.jpg","datePublished":"2025-03-18T14:59:32+00:00","dateModified":"2025-03-31T13:45:57+00:00","breadcrumb":{"@id":"https:\/\/korint.eu\/de\/job\/anaesthesiepfleger-in-m-w-d-schweiz\/#breadcrumb"},"inLanguage":"de","potentialAction":[{"@type":"ReadAction","target":["https:\/\/korint.eu\/de\/job\/anaesthesiepfleger-in-m-w-d-schweiz\/"]}]},{"@type":"ImageObject","inLanguage":"de","@id":"https:\/\/korint.eu\/de\/job\/anaesthesiepfleger-in-m-w-d-schweiz\/#primaryimage","url":"https:\/\/korint.eu\/wp-content\/uploads\/2025\/03\/Vacature-Fallback-Korint\u00ae-Nederland.jpg","contentUrl":"https:\/\/korint.eu\/wp-content\/uploads\/2025\/03\/Vacature-Fallback-Korint\u00ae-Nederland.jpg","width":1920,"height":800},{"@type":"BreadcrumbList","@id":"https:\/\/korint.eu\/de\/job\/anaesthesiepfleger-in-m-w-d-schweiz\/#breadcrumb","itemListElement":[{"@type":"ListItem","position":1,"name":"Home","item":"https:\/\/korint.eu\/de\/"},{"@type":"ListItem","position":2,"name":"An\u00e4sthesiepfleger\/ in (m\/w\/d) Schweiz"}]},{"@type":"WebSite","@id":"https:\/\/korint.eu\/de\/#website","url":"https:\/\/korint.eu\/de\/","name":"Korint\u00ae","description":"Flexibele carri\u00e8re mogelijkheden voor zorgprofessionals","publisher":{"@id":"https:\/\/korint.eu\/de\/#organization"},"potentialAction":[{"@type":"SearchAction","target":{"@type":"EntryPoint","urlTemplate":"https:\/\/korint.eu\/de\/?s={search_term_string}"},"query-input":{"@type":"PropertyValueSpecification","valueRequired":true,"valueName":"search_term_string"}}],"inLanguage":"de"},{"@type":"Organization","@id":"https:\/\/korint.eu\/de\/#organization","name":"Korint\u00ae","url":"https:\/\/korint.eu\/de\/","logo":{"@type":"ImageObject","inLanguage":"de","@id":"https:\/\/korint.eu\/de\/#\/schema\/logo\/image\/","url":"https:\/\/korint.eu\/wp-content\/uploads\/2025\/01\/Vacature-icon-korint\u00ae.jpg","contentUrl":"https:\/\/korint.eu\/wp-content\/uploads\/2025\/01\/Vacature-icon-korint\u00ae.jpg","width":1000,"height":1000,"caption":"Korint\u00ae"},"image":{"@id":"https:\/\/korint.eu\/de\/#\/schema\/logo\/image\/"},"sameAs":["https:\/\/www.facebook.com\/korintnederland\/","https:\/\/www.instagram.com\/korint_nederland\/","https:\/\/www.linkedin.com\/company\/korint-medical-recruitment\/"]}]}},"_links":{"self":[{"href":"https:\/\/korint.eu\/de\/wp-json\/wp\/v2\/job-listings\/8009","targetHints":{"allow":["GET"]}}],"collection":[{"href":"https:\/\/korint.eu\/de\/wp-json\/wp\/v2\/job-listings"}],"about":[{"href":"https:\/\/korint.eu\/de\/wp-json\/wp\/v2\/types\/job_listing"}],"author":[{"embeddable":true,"href":"https:\/\/korint.eu\/de\/wp-json\/wp\/v2\/users\/1"}],"wp:featuredmedia":[{"embeddable":true,"href":"https:\/\/korint.eu\/de\/wp-json\/wp\/v2\/media\/7056"}],"wp:attachment":[{"href":"https:\/\/korint.eu\/de\/wp-json\/wp\/v2\/media?parent=8009"}],"wp:term":[{"taxonomy":"job_listing_category","embeddable":true,"href":"https:\/\/korint.eu\/de\/wp-json\/wp\/v2\/job-categories?post=8009"},{"taxonomy":"job_listing_type","embeddable":true,"href":"https:\/\/korint.eu\/de\/wp-json\/wp\/v2\/job-types?post=8009"}],"curies":[{"name":"wp","href":"https:\/\/api.w.org\/{rel}","templated":true}]}}