{"id":8008,"date":"2025-03-18T14:59:32","date_gmt":"2025-03-18T14:59:32","guid":{"rendered":"https:\/\/korint.eu\/job\/ergotherapeut-in-m-w-d-schweiz\/"},"modified":"2025-03-31T16:19:36","modified_gmt":"2025-03-31T14:19:36","slug":"ergotherapeut-in-m-w-d-schweiz","status":"publish","type":"job_listing","link":"https:\/\/korint.eu\/de\/job\/ergotherapeut-in-m-w-d-schweiz\/","title":{"rendered":"Ergotherapeut\/ in (m\/w\/d) Schweiz"},"content":{"rendered":"<p>Ergotherapeut\/ in (m\/w\/d) in der Schweiz &#8211; Du m\u00f6chtest dich beruflich zu ver\u00e4ndern? Eine neue Stelle im Alpenland mit Bergpanorama, weiten Seen und unber\u00fchrter Natur w\u00e4re genau das Richtige f\u00fcr dich? Das Schweizer Gesundheitswesen<span style=\"font-size: revert; color: initial;\"> bietet dir hervorragende berufliche Chancen. <\/span><span style=\"font-size: revert; color: initial;\">Starte mit uns deine Reise ins Ausland. <\/span><\/p>\n<p><span style=\"font-size: revert; color: initial;\">Bewirb dich als Ergotherapeut\/ in (m\/w\/d) f\u00fcr die Schweiz und profitiere von neuen Erkenntnissen und Erfahrungen. Wir sind gespannt auf deine Bewerbung!<\/span><\/p>\n<p>F\u00fcr erste Informationen \u00fcber das Arbeiten in der Schweiz, besuche auch gerne unsere\u00a0<a href=\"https:\/\/korint.org\/de\/gesundheitsfachkraft\/laender\/krankenschwester-schweiz\/\">L\u00e4nderseite<\/a>.<\/p>\n<h4><strong>Deine Benefits:<\/strong><\/h4>\n<ul>\n<li>Einen abwechslungsreichen Job mit systematischer Einarbeitungsplanung durch deine neuen Kolleginnen und Kollegen sowie umfangreiche Fort- und Weiterbildungsm\u00f6glichkeiten<\/li>\n<li>Wir bieten dir einen festen Arbeitsvertrag mit einer i. d. R. 42,5-Stunden-Woche sowie die M\u00f6glichkeit auf bis zu 7 Wochen Urlaub<\/li>\n<li>Ebenso eine attraktive Bezahlung mit einem Jahresgehalt ab ca. CHF 72.000 &#8211; 97.500<\/li>\n<li>Konstruktive Zusammenarbeit in famili\u00e4rer Umgebung in einem engagierten, motivierten und dynamisch aufgestelltem Team<\/li>\n<li>Unsere umfangreiche Unterst\u00fctzung in den Bereichen der Bewerbungsoptimierung, Vorstellungsgespr\u00e4che, Schnuppertage, Versicherungen, Steuern und Anmeldung, aber auch der Wohnungssuche, erm\u00f6glicht dir ein \u201cRundum-sorglos-Paket\u201d<\/li>\n<li>Dar\u00fcber hinaus stehen wir dir auch noch nach erfolgreicher Vermittlung als Ansprechpartner f\u00fcr deine weitere Karriere zur Seite<\/li>\n<li>Mit unserem Korint\u00ae-Bonus-System hast du zus\u00e4tzlich die Chance auf eine umfangreiche pers\u00f6nliche Entwicklung<\/li>\n<\/ul>\n<h4><strong>Dein Aufgabengebiet als <span style=\"font-size: revert; color: initial;\">Ergotherapeut\/ in (m\/w\/d)<\/span> in der Schweiz umfasst:<br \/>\n<\/strong><\/h4>\n<ul>\n<li>Die individuelle F\u00f6rderung durch ergotherapeutische Behandlungen in Fachbereichen der Orthop\u00e4die, Geriatrie, Neurologie, Handrehabilitation, Rheumatologie, Geriatrie usw.<\/li>\n<li>Eigenverantwortliche Durchf\u00fchrung von sowohl Einzel- als auch Gruppentherapien<\/li>\n<li>Regelm\u00e4\u00dfige Teilnahme an Teambesprechungen, Beratung von Angeh\u00f6rigen sowie die Anpassung und Erprobung von Hilfsmitteln<\/li>\n<li>Zus\u00e4tzliche \u00dcbernahme administrativer Aufgaben sowie die Dokumentation und Analyse der ergotherapeutischen Pflege und die Leistungserfassung<\/li>\n<\/ul>\n<h4><strong>Deine Qualifikationen<\/strong><strong>:<\/strong><\/h4>\n<p>Must-have:<\/p>\n<ul>\n<li>Eine erfolgreich abgeschlossene und anerkannte Ausbildung oder Studium zur\/ zum Ergotherapeut\/in<\/li>\n<li>Kreativit\u00e4t, Engagement, Aufgeschlossenheit und Einf\u00fchlungsverm\u00f6gen bei der Patientenarbeit<\/li>\n<li>Gute Deutschkenntnisse in Wort und Schrift auf Niveau B1\/B2<\/li>\n<\/ul>\n<p>Nice-to-have:<\/p>\n<ul>\n<li>Erste Berufserfahrung als Ergotherapeut\/ -in, jedoch sind auch Berufseinsteiger willkommen<\/li>\n<li>Erfahrungen in Schweizerdeutsch<\/li>\n<li>Erfahrungen in der Handtherapie<\/li>\n<\/ul>\n<h4>Haben wir dein Interesse geweckt?<\/h4>\n<p>F\u00fcr erste Fragen kannst du uns auch gerne per Mail \u00fcber <a href=\"mailto:info@korint.eu\">info@korint.eu<\/a> kontaktieren oder du bewirbst dich initiativ direkt <a href=\"https:\/\/korint.eu\/de\/beratung-buchen\/\">hier<\/a>.<\/p>\n","protected":false},"author":1,"featured_media":7056,"template":"","meta":{"_et_pb_use_builder":"","_et_pb_old_content":"","_et_gb_content_width":"","_promoted":"","_job_location":"Schweiz","_application":"recruitment@korint.eu","_company_name":"Korint\u00ae","_company_website":"https:\/\/korint.eu\/de\/","_company_tagline":"Wir f\u00f6rdern die Karrieren von Fachkr\u00e4ften im Gesundheitswesen.","_company_twitter":"","_company_video":"","_filled":0,"_featured":0,"_remote_position":0,"_job_salary":"","_job_salary_currency":"","_job_salary_unit":""},"job-categories":[130],"job-types":[230],"class_list":{"0":"post-8008","1":"job_listing","2":"type-job_listing","3":"status-publish","4":"has-post-thumbnail","5":"hentry","7":"job-type-rekrutierung-und-auswahl"},"yoast_head":"<!-- This site is optimized with the Yoast SEO plugin v27.5 - https:\/\/yoast.com\/product\/yoast-seo-wordpress\/ -->\n<title>Ergotherapeut\/ in (m\/w\/d) Schweiz - Korint\u00ae<\/title>\n<meta name=\"robots\" content=\"index, follow, max-snippet:-1, max-image-preview:large, max-video-preview:-1\" \/>\n<link rel=\"canonical\" href=\"https:\/\/korint.eu\/de\/job\/ergotherapeut-in-m-w-d-schweiz\/\" \/>\n<meta property=\"og:locale\" content=\"de_DE\" \/>\n<meta property=\"og:type\" content=\"article\" \/>\n<meta property=\"og:title\" content=\"Ergotherapeut\/ in (m\/w\/d) Schweiz - Korint\u00ae\" \/>\n<meta property=\"og:description\" content=\"Ergotherapeut\/ in (m\/w\/d) in der Schweiz &#8211; Du m\u00f6chtest dich beruflich zu ver\u00e4ndern? Eine neue Stelle im Alpenland mit Bergpanorama, weiten Seen und unber\u00fchrter Natur w\u00e4re genau das Richtige f\u00fcr dich? Das Schweizer Gesundheitswesen bietet dir hervorragende berufliche Chancen. Starte mit uns deine Reise ins Ausland. Bewirb dich als Ergotherapeut\/ in (m\/w\/d) f\u00fcr die Schweiz [&hellip;]\" \/>\n<meta property=\"og:url\" content=\"https:\/\/korint.eu\/de\/job\/ergotherapeut-in-m-w-d-schweiz\/\" \/>\n<meta property=\"og:site_name\" content=\"Korint\u00ae\" \/>\n<meta property=\"article:publisher\" content=\"https:\/\/www.facebook.com\/korintnederland\/\" \/>\n<meta property=\"article:modified_time\" content=\"2025-03-31T14:19:36+00:00\" \/>\n<meta property=\"og:image\" content=\"https:\/\/korint.eu\/wp-content\/uploads\/2025\/03\/Vacature-Fallback-Korint\u00ae-Nederland.jpg\" \/>\n\t<meta property=\"og:image:width\" content=\"1920\" \/>\n\t<meta property=\"og:image:height\" content=\"800\" \/>\n\t<meta property=\"og:image:type\" content=\"image\/jpeg\" \/>\n<meta name=\"twitter:card\" content=\"summary_large_image\" \/>\n<meta name=\"twitter:label1\" content=\"Gesch\u00e4tzte Lesezeit\" \/>\n\t<meta name=\"twitter:data1\" content=\"2\u00a0Minuten\" \/>\n<script type=\"application\/ld+json\" class=\"yoast-schema-graph\">{\"@context\":\"https:\\\/\\\/schema.org\",\"@graph\":[{\"@type\":\"WebPage\",\"@id\":\"https:\\\/\\\/korint.eu\\\/de\\\/job\\\/ergotherapeut-in-m-w-d-schweiz\\\/\",\"url\":\"https:\\\/\\\/korint.eu\\\/de\\\/job\\\/ergotherapeut-in-m-w-d-schweiz\\\/\",\"name\":\"Ergotherapeut\\\/ in (m\\\/w\\\/d) Schweiz - Korint\u00ae\",\"isPartOf\":{\"@id\":\"https:\\\/\\\/korint.eu\\\/de\\\/#website\"},\"primaryImageOfPage\":{\"@id\":\"https:\\\/\\\/korint.eu\\\/de\\\/job\\\/ergotherapeut-in-m-w-d-schweiz\\\/#primaryimage\"},\"image\":{\"@id\":\"https:\\\/\\\/korint.eu\\\/de\\\/job\\\/ergotherapeut-in-m-w-d-schweiz\\\/#primaryimage\"},\"thumbnailUrl\":\"https:\\\/\\\/korint.eu\\\/wp-content\\\/uploads\\\/2025\\\/03\\\/Vacature-Fallback-Korint\u00ae-Nederland.jpg\",\"datePublished\":\"2025-03-18T14:59:32+00:00\",\"dateModified\":\"2025-03-31T14:19:36+00:00\",\"breadcrumb\":{\"@id\":\"https:\\\/\\\/korint.eu\\\/de\\\/job\\\/ergotherapeut-in-m-w-d-schweiz\\\/#breadcrumb\"},\"inLanguage\":\"de\",\"potentialAction\":[{\"@type\":\"ReadAction\",\"target\":[\"https:\\\/\\\/korint.eu\\\/de\\\/job\\\/ergotherapeut-in-m-w-d-schweiz\\\/\"]}]},{\"@type\":\"ImageObject\",\"inLanguage\":\"de\",\"@id\":\"https:\\\/\\\/korint.eu\\\/de\\\/job\\\/ergotherapeut-in-m-w-d-schweiz\\\/#primaryimage\",\"url\":\"https:\\\/\\\/korint.eu\\\/wp-content\\\/uploads\\\/2025\\\/03\\\/Vacature-Fallback-Korint\u00ae-Nederland.jpg\",\"contentUrl\":\"https:\\\/\\\/korint.eu\\\/wp-content\\\/uploads\\\/2025\\\/03\\\/Vacature-Fallback-Korint\u00ae-Nederland.jpg\",\"width\":1920,\"height\":800},{\"@type\":\"BreadcrumbList\",\"@id\":\"https:\\\/\\\/korint.eu\\\/de\\\/job\\\/ergotherapeut-in-m-w-d-schweiz\\\/#breadcrumb\",\"itemListElement\":[{\"@type\":\"ListItem\",\"position\":1,\"name\":\"Home\",\"item\":\"https:\\\/\\\/korint.eu\\\/de\\\/\"},{\"@type\":\"ListItem\",\"position\":2,\"name\":\"Ergotherapeut\\\/ in (m\\\/w\\\/d) Schweiz\"}]},{\"@type\":\"WebSite\",\"@id\":\"https:\\\/\\\/korint.eu\\\/de\\\/#website\",\"url\":\"https:\\\/\\\/korint.eu\\\/de\\\/\",\"name\":\"Korint\u00ae\",\"description\":\"Flexibele carri\u00e8re mogelijkheden voor zorgprofessionals\",\"publisher\":{\"@id\":\"https:\\\/\\\/korint.eu\\\/de\\\/#organization\"},\"potentialAction\":[{\"@type\":\"SearchAction\",\"target\":{\"@type\":\"EntryPoint\",\"urlTemplate\":\"https:\\\/\\\/korint.eu\\\/de\\\/?s={search_term_string}\"},\"query-input\":{\"@type\":\"PropertyValueSpecification\",\"valueRequired\":true,\"valueName\":\"search_term_string\"}}],\"inLanguage\":\"de\"},{\"@type\":\"Organization\",\"@id\":\"https:\\\/\\\/korint.eu\\\/de\\\/#organization\",\"name\":\"Korint\u00ae\",\"url\":\"https:\\\/\\\/korint.eu\\\/de\\\/\",\"logo\":{\"@type\":\"ImageObject\",\"inLanguage\":\"de\",\"@id\":\"https:\\\/\\\/korint.eu\\\/de\\\/#\\\/schema\\\/logo\\\/image\\\/\",\"url\":\"https:\\\/\\\/korint.eu\\\/wp-content\\\/uploads\\\/2025\\\/01\\\/Vacature-icon-korint\u00ae.jpg\",\"contentUrl\":\"https:\\\/\\\/korint.eu\\\/wp-content\\\/uploads\\\/2025\\\/01\\\/Vacature-icon-korint\u00ae.jpg\",\"width\":1000,\"height\":1000,\"caption\":\"Korint\u00ae\"},\"image\":{\"@id\":\"https:\\\/\\\/korint.eu\\\/de\\\/#\\\/schema\\\/logo\\\/image\\\/\"},\"sameAs\":[\"https:\\\/\\\/www.facebook.com\\\/korintnederland\\\/\",\"https:\\\/\\\/www.instagram.com\\\/korint_nederland\\\/\",\"https:\\\/\\\/www.linkedin.com\\\/company\\\/korint-medical-recruitment\\\/\"]}]}<\/script>\n<!-- \/ Yoast SEO plugin. -->","yoast_head_json":{"title":"Ergotherapeut\/ in (m\/w\/d) Schweiz - Korint\u00ae","robots":{"index":"index","follow":"follow","max-snippet":"max-snippet:-1","max-image-preview":"max-image-preview:large","max-video-preview":"max-video-preview:-1"},"canonical":"https:\/\/korint.eu\/de\/job\/ergotherapeut-in-m-w-d-schweiz\/","og_locale":"de_DE","og_type":"article","og_title":"Ergotherapeut\/ in (m\/w\/d) Schweiz - Korint\u00ae","og_description":"Ergotherapeut\/ in (m\/w\/d) in der Schweiz &#8211; Du m\u00f6chtest dich beruflich zu ver\u00e4ndern? Eine neue Stelle im Alpenland mit Bergpanorama, weiten Seen und unber\u00fchrter Natur w\u00e4re genau das Richtige f\u00fcr dich? Das Schweizer Gesundheitswesen bietet dir hervorragende berufliche Chancen. Starte mit uns deine Reise ins Ausland. Bewirb dich als Ergotherapeut\/ in (m\/w\/d) f\u00fcr die Schweiz [&hellip;]","og_url":"https:\/\/korint.eu\/de\/job\/ergotherapeut-in-m-w-d-schweiz\/","og_site_name":"Korint\u00ae","article_publisher":"https:\/\/www.facebook.com\/korintnederland\/","article_modified_time":"2025-03-31T14:19:36+00:00","og_image":[{"width":1920,"height":800,"url":"https:\/\/korint.eu\/wp-content\/uploads\/2025\/03\/Vacature-Fallback-Korint\u00ae-Nederland.jpg","type":"image\/jpeg"}],"twitter_card":"summary_large_image","twitter_misc":{"Gesch\u00e4tzte Lesezeit":"2\u00a0Minuten"},"schema":{"@context":"https:\/\/schema.org","@graph":[{"@type":"WebPage","@id":"https:\/\/korint.eu\/de\/job\/ergotherapeut-in-m-w-d-schweiz\/","url":"https:\/\/korint.eu\/de\/job\/ergotherapeut-in-m-w-d-schweiz\/","name":"Ergotherapeut\/ in (m\/w\/d) Schweiz - Korint\u00ae","isPartOf":{"@id":"https:\/\/korint.eu\/de\/#website"},"primaryImageOfPage":{"@id":"https:\/\/korint.eu\/de\/job\/ergotherapeut-in-m-w-d-schweiz\/#primaryimage"},"image":{"@id":"https:\/\/korint.eu\/de\/job\/ergotherapeut-in-m-w-d-schweiz\/#primaryimage"},"thumbnailUrl":"https:\/\/korint.eu\/wp-content\/uploads\/2025\/03\/Vacature-Fallback-Korint\u00ae-Nederland.jpg","datePublished":"2025-03-18T14:59:32+00:00","dateModified":"2025-03-31T14:19:36+00:00","breadcrumb":{"@id":"https:\/\/korint.eu\/de\/job\/ergotherapeut-in-m-w-d-schweiz\/#breadcrumb"},"inLanguage":"de","potentialAction":[{"@type":"ReadAction","target":["https:\/\/korint.eu\/de\/job\/ergotherapeut-in-m-w-d-schweiz\/"]}]},{"@type":"ImageObject","inLanguage":"de","@id":"https:\/\/korint.eu\/de\/job\/ergotherapeut-in-m-w-d-schweiz\/#primaryimage","url":"https:\/\/korint.eu\/wp-content\/uploads\/2025\/03\/Vacature-Fallback-Korint\u00ae-Nederland.jpg","contentUrl":"https:\/\/korint.eu\/wp-content\/uploads\/2025\/03\/Vacature-Fallback-Korint\u00ae-Nederland.jpg","width":1920,"height":800},{"@type":"BreadcrumbList","@id":"https:\/\/korint.eu\/de\/job\/ergotherapeut-in-m-w-d-schweiz\/#breadcrumb","itemListElement":[{"@type":"ListItem","position":1,"name":"Home","item":"https:\/\/korint.eu\/de\/"},{"@type":"ListItem","position":2,"name":"Ergotherapeut\/ in (m\/w\/d) Schweiz"}]},{"@type":"WebSite","@id":"https:\/\/korint.eu\/de\/#website","url":"https:\/\/korint.eu\/de\/","name":"Korint\u00ae","description":"Flexibele carri\u00e8re mogelijkheden voor zorgprofessionals","publisher":{"@id":"https:\/\/korint.eu\/de\/#organization"},"potentialAction":[{"@type":"SearchAction","target":{"@type":"EntryPoint","urlTemplate":"https:\/\/korint.eu\/de\/?s={search_term_string}"},"query-input":{"@type":"PropertyValueSpecification","valueRequired":true,"valueName":"search_term_string"}}],"inLanguage":"de"},{"@type":"Organization","@id":"https:\/\/korint.eu\/de\/#organization","name":"Korint\u00ae","url":"https:\/\/korint.eu\/de\/","logo":{"@type":"ImageObject","inLanguage":"de","@id":"https:\/\/korint.eu\/de\/#\/schema\/logo\/image\/","url":"https:\/\/korint.eu\/wp-content\/uploads\/2025\/01\/Vacature-icon-korint\u00ae.jpg","contentUrl":"https:\/\/korint.eu\/wp-content\/uploads\/2025\/01\/Vacature-icon-korint\u00ae.jpg","width":1000,"height":1000,"caption":"Korint\u00ae"},"image":{"@id":"https:\/\/korint.eu\/de\/#\/schema\/logo\/image\/"},"sameAs":["https:\/\/www.facebook.com\/korintnederland\/","https:\/\/www.instagram.com\/korint_nederland\/","https:\/\/www.linkedin.com\/company\/korint-medical-recruitment\/"]}]}},"_links":{"self":[{"href":"https:\/\/korint.eu\/de\/wp-json\/wp\/v2\/job-listings\/8008","targetHints":{"allow":["GET"]}}],"collection":[{"href":"https:\/\/korint.eu\/de\/wp-json\/wp\/v2\/job-listings"}],"about":[{"href":"https:\/\/korint.eu\/de\/wp-json\/wp\/v2\/types\/job_listing"}],"author":[{"embeddable":true,"href":"https:\/\/korint.eu\/de\/wp-json\/wp\/v2\/users\/1"}],"wp:featuredmedia":[{"embeddable":true,"href":"https:\/\/korint.eu\/de\/wp-json\/wp\/v2\/media\/7056"}],"wp:attachment":[{"href":"https:\/\/korint.eu\/de\/wp-json\/wp\/v2\/media?parent=8008"}],"wp:term":[{"taxonomy":"job_listing_category","embeddable":true,"href":"https:\/\/korint.eu\/de\/wp-json\/wp\/v2\/job-categories?post=8008"},{"taxonomy":"job_listing_type","embeddable":true,"href":"https:\/\/korint.eu\/de\/wp-json\/wp\/v2\/job-types?post=8008"}],"curies":[{"name":"wp","href":"https:\/\/api.w.org\/{rel}","templated":true}]}}