{"id":8007,"date":"2025-03-18T14:59:32","date_gmt":"2025-03-18T14:59:32","guid":{"rendered":"https:\/\/korint.eu\/job\/physiotherapeut-in-m-w-d-schweiz-festanstellung\/"},"modified":"2025-03-31T16:15:47","modified_gmt":"2025-03-31T14:15:47","slug":"physiotherapeut-in-m-w-d-schweiz-festanstellung","status":"publish","type":"job_listing","link":"https:\/\/korint.eu\/de\/job\/physiotherapeut-in-m-w-d-schweiz-festanstellung\/","title":{"rendered":"Physiotherapeut\/in (m\/w\/d) Schweiz &#8211; Festanstellung"},"content":{"rendered":"<p>Physiotherapeut\/in (m\/w\/d) Schweiz, in Festanstellung &#8211; Du hast Lust auf Ver\u00e4nderung, eine neue Umgebung und Abwechslung im Beruf? Du kommst aus Europa (nicht zwingend aus Deutschland) und m\u00f6chtest deinen Traum verwirklichen in der Schweiz zu leben und zu arbeiten? Dann bist du bei uns genau richtig!<\/p>\n<p>Starte mit uns deine Zukunft in der Schweiz. Bewirb dich als Physiotherapeut\/in (m\/w\/d) und profitiere von nachhaltiger Weiterentwicklung und langfristigem Erfahrungsaustausch. Wir sind gespannt auf deine Bewerbung!<\/p>\n<p>F\u00fcr erste Informationen \u00fcber das Arbeiten in der Schweiz, besuche auch gerne unsere <a href=\"https:\/\/korint.eu\/de\/unsere-lander\/\">L\u00e4nderseite<\/a>.<\/p>\n<h4><strong>Deine Benefits<\/strong><strong>:<\/strong><\/h4>\n<ul>\n<li style=\"list-style-type: none;\">\n<ul>\n<li style=\"list-style-type: none;\">\n<ul>\n<li>Fester Arbeitsvertrag mit einer i. d. R. 42-Stunden-Woche sowie die M\u00f6glichkeit auf bis zu 7 Wochen Urlaub<\/li>\n<li>Ebenso eine attraktive Bezahlung mit einem Jahresgehalt von ca. CHF 68.700 &#8211; CHF 125.000<\/li>\n<li>Einen abwechslungsreichen und anspruchsvollen Arbeitsplatz mit sorgf\u00e4ltiger Einarbeitung<\/li>\n<li>Eigenverantwortliche Therapie und Behandlung der Patientinnen und Patienten<\/li>\n<li>Moderne und hochwertige Klinikausstattung sowie professionelles Arbeiten in einem dynamischen Team<\/li>\n<li>Des Weiteren erm\u00f6glicht die enge Zusammenarbeit mit \u00c4rzten\/innen, Pflegepersonal und Ergotherapeuten\/innen einen intensiven Erfahrungsaustausch von Theorie und Praxis<\/li>\n<li>Unsere umfangreiche Unterst\u00fctzung in den Bereichen der Bewerbungsoptimierung, Vorstellungsgespr\u00e4che, Schnuppertage, Versicherungen, Steuern und Anmeldung, aber auch bei der Wohnungssuche, erm\u00f6glicht dir ein \u201cRundum-Sorglos-Paket\u201d<\/li>\n<li>Dar\u00fcber hinaus stehen wir dir auch noch nach erfolgreicher Vermittlung als Ansprechpartner f\u00fcr deine weitere Karriere zur Seite<\/li>\n<li>Mit unserem Korint\u00ae-Bonus-System hast du zus\u00e4tzlich die Chance auf eine umfangreiche pers\u00f6nliche Entwicklung<\/li>\n<\/ul>\n<\/li>\n<\/ul>\n<\/li>\n<\/ul>\n<h4><strong>Deine Aufgaben<\/strong><strong>:<br \/>\n<\/strong><\/h4>\n<ul>\n<li style=\"list-style-type: none;\">\n<ul>\n<li style=\"list-style-type: none;\">\n<ul>\n<li>Die individuelle und zielgerechte F\u00f6rderung von ambulanten und station\u00e4ren Patientinnen und Patienten im Fachbereich Neurologie, Schmerz und Intensivmedizin<\/li>\n<li>Du f\u00fchrst sowohl Einzel- als auch Gruppensettings eigenverantwortlich durch<\/li>\n<li>Hinzukommen die regelm\u00e4\u00dfige Teilnahme an Teambesprechungen sowie die Beratung von Angeh\u00f6rigen<\/li>\n<li>Du \u00fcbernimmst zus\u00e4tzlich administrative Aufgaben sowie die Dokumentation und Analyse der physiotherapeutischen Pflege und die Leistungserfassung<\/li>\n<li>Zudem obliegt dir die Praxisausbildung von neuen Physiotherapiestudierenden<\/li>\n<\/ul>\n<\/li>\n<\/ul>\n<\/li>\n<\/ul>\n<h4><strong>Deine Qualifikationen<\/strong><strong>:<\/strong><\/h4>\n<p>Must-have:<\/p>\n<ul>\n<li style=\"list-style-type: none;\">\n<ul>\n<li style=\"list-style-type: none;\">\n<ul>\n<li>Eine erfolgreich abgeschlossene und anerkannte europ\u00e4ische Ausbildung oder Studium zum Physiotherapeuten\/in<\/li>\n<li>Einen Europ\u00e4ischen Pass<\/li>\n<li>Gute Deutschkenntnisse in Wort und Schrift auf B1\/B2-Niveau<\/li>\n<li>Das selbstst\u00e4ndige Arbeiten bereitet dir keine Schwierigkeiten, du bist zuverl\u00e4ssig, strukturiert und handelst fachlich begr\u00fcndet<\/li>\n<\/ul>\n<\/li>\n<\/ul>\n<\/li>\n<\/ul>\n<p>Nice-to-have:<\/p>\n<ul>\n<li style=\"list-style-type: none;\">\n<ul>\n<li style=\"list-style-type: none;\">\n<ul>\n<li style=\"list-style-type: none;\">\n<ul>\n<li>Erste Berufserfahrung im Bereich Neurologie und Schmerz<\/li>\n<li>Berufsbezogene Zusatzausbildungen<\/li>\n<\/ul>\n<\/li>\n<\/ul>\n<\/li>\n<\/ul>\n<\/li>\n<\/ul>\n","protected":false},"author":1,"featured_media":7056,"template":"","meta":{"_et_pb_use_builder":"","_et_pb_old_content":"","_et_gb_content_width":"","_promoted":"","_job_location":"Schweiz","_application":"recruitment@korint.eu","_company_name":"Korint\u00ae","_company_website":"https:\/\/korint.eu\/de\/","_company_tagline":"Wir f\u00f6rdern die Karrieren von Fachkr\u00e4ften im Gesundheitswesen.","_company_twitter":"","_company_video":"","_filled":0,"_featured":0,"_remote_position":0,"_job_salary":"","_job_salary_currency":"","_job_salary_unit":""},"job-categories":[130],"job-types":[230],"class_list":{"0":"post-8007","1":"job_listing","2":"type-job_listing","3":"status-publish","4":"has-post-thumbnail","5":"hentry","7":"job-type-rekrutierung-und-auswahl"},"yoast_head":"<!-- This site is optimized with the Yoast SEO plugin v27.5 - https:\/\/yoast.com\/product\/yoast-seo-wordpress\/ -->\n<title>Physiotherapeut\/in (m\/w\/d) Schweiz - Festanstellung - Korint\u00ae<\/title>\n<meta name=\"robots\" content=\"index, follow, max-snippet:-1, max-image-preview:large, max-video-preview:-1\" \/>\n<link rel=\"canonical\" href=\"https:\/\/korint.eu\/de\/job\/physiotherapeut-in-m-w-d-schweiz-festanstellung\/\" \/>\n<meta property=\"og:locale\" content=\"de_DE\" \/>\n<meta property=\"og:type\" content=\"article\" \/>\n<meta property=\"og:title\" content=\"Physiotherapeut\/in (m\/w\/d) Schweiz - Festanstellung - Korint\u00ae\" \/>\n<meta property=\"og:description\" content=\"Physiotherapeut\/in (m\/w\/d) Schweiz, in Festanstellung &#8211; Du hast Lust auf Ver\u00e4nderung, eine neue Umgebung und Abwechslung im Beruf? Du kommst aus Europa (nicht zwingend aus Deutschland) und m\u00f6chtest deinen Traum verwirklichen in der Schweiz zu leben und zu arbeiten? Dann bist du bei uns genau richtig! Starte mit uns deine Zukunft in der Schweiz. Bewirb [&hellip;]\" \/>\n<meta property=\"og:url\" content=\"https:\/\/korint.eu\/de\/job\/physiotherapeut-in-m-w-d-schweiz-festanstellung\/\" \/>\n<meta property=\"og:site_name\" content=\"Korint\u00ae\" \/>\n<meta property=\"article:publisher\" content=\"https:\/\/www.facebook.com\/korintnederland\/\" \/>\n<meta property=\"article:modified_time\" content=\"2025-03-31T14:15:47+00:00\" \/>\n<meta property=\"og:image\" content=\"https:\/\/korint.eu\/wp-content\/uploads\/2025\/03\/Vacature-Fallback-Korint\u00ae-Nederland.jpg\" \/>\n\t<meta property=\"og:image:width\" content=\"1920\" \/>\n\t<meta property=\"og:image:height\" content=\"800\" \/>\n\t<meta property=\"og:image:type\" content=\"image\/jpeg\" \/>\n<meta name=\"twitter:card\" content=\"summary_large_image\" \/>\n<meta name=\"twitter:label1\" content=\"Gesch\u00e4tzte Lesezeit\" \/>\n\t<meta name=\"twitter:data1\" content=\"2\u00a0Minuten\" \/>\n<script type=\"application\/ld+json\" class=\"yoast-schema-graph\">{\"@context\":\"https:\\\/\\\/schema.org\",\"@graph\":[{\"@type\":\"WebPage\",\"@id\":\"https:\\\/\\\/korint.eu\\\/de\\\/job\\\/physiotherapeut-in-m-w-d-schweiz-festanstellung\\\/\",\"url\":\"https:\\\/\\\/korint.eu\\\/de\\\/job\\\/physiotherapeut-in-m-w-d-schweiz-festanstellung\\\/\",\"name\":\"Physiotherapeut\\\/in (m\\\/w\\\/d) Schweiz - Festanstellung - Korint\u00ae\",\"isPartOf\":{\"@id\":\"https:\\\/\\\/korint.eu\\\/de\\\/#website\"},\"primaryImageOfPage\":{\"@id\":\"https:\\\/\\\/korint.eu\\\/de\\\/job\\\/physiotherapeut-in-m-w-d-schweiz-festanstellung\\\/#primaryimage\"},\"image\":{\"@id\":\"https:\\\/\\\/korint.eu\\\/de\\\/job\\\/physiotherapeut-in-m-w-d-schweiz-festanstellung\\\/#primaryimage\"},\"thumbnailUrl\":\"https:\\\/\\\/korint.eu\\\/wp-content\\\/uploads\\\/2025\\\/03\\\/Vacature-Fallback-Korint\u00ae-Nederland.jpg\",\"datePublished\":\"2025-03-18T14:59:32+00:00\",\"dateModified\":\"2025-03-31T14:15:47+00:00\",\"breadcrumb\":{\"@id\":\"https:\\\/\\\/korint.eu\\\/de\\\/job\\\/physiotherapeut-in-m-w-d-schweiz-festanstellung\\\/#breadcrumb\"},\"inLanguage\":\"de\",\"potentialAction\":[{\"@type\":\"ReadAction\",\"target\":[\"https:\\\/\\\/korint.eu\\\/de\\\/job\\\/physiotherapeut-in-m-w-d-schweiz-festanstellung\\\/\"]}]},{\"@type\":\"ImageObject\",\"inLanguage\":\"de\",\"@id\":\"https:\\\/\\\/korint.eu\\\/de\\\/job\\\/physiotherapeut-in-m-w-d-schweiz-festanstellung\\\/#primaryimage\",\"url\":\"https:\\\/\\\/korint.eu\\\/wp-content\\\/uploads\\\/2025\\\/03\\\/Vacature-Fallback-Korint\u00ae-Nederland.jpg\",\"contentUrl\":\"https:\\\/\\\/korint.eu\\\/wp-content\\\/uploads\\\/2025\\\/03\\\/Vacature-Fallback-Korint\u00ae-Nederland.jpg\",\"width\":1920,\"height\":800},{\"@type\":\"BreadcrumbList\",\"@id\":\"https:\\\/\\\/korint.eu\\\/de\\\/job\\\/physiotherapeut-in-m-w-d-schweiz-festanstellung\\\/#breadcrumb\",\"itemListElement\":[{\"@type\":\"ListItem\",\"position\":1,\"name\":\"Home\",\"item\":\"https:\\\/\\\/korint.eu\\\/de\\\/\"},{\"@type\":\"ListItem\",\"position\":2,\"name\":\"Physiotherapeut\\\/in (m\\\/w\\\/d) Schweiz &#8211; Festanstellung\"}]},{\"@type\":\"WebSite\",\"@id\":\"https:\\\/\\\/korint.eu\\\/de\\\/#website\",\"url\":\"https:\\\/\\\/korint.eu\\\/de\\\/\",\"name\":\"Korint\u00ae\",\"description\":\"Flexibele carri\u00e8re mogelijkheden voor zorgprofessionals\",\"publisher\":{\"@id\":\"https:\\\/\\\/korint.eu\\\/de\\\/#organization\"},\"potentialAction\":[{\"@type\":\"SearchAction\",\"target\":{\"@type\":\"EntryPoint\",\"urlTemplate\":\"https:\\\/\\\/korint.eu\\\/de\\\/?s={search_term_string}\"},\"query-input\":{\"@type\":\"PropertyValueSpecification\",\"valueRequired\":true,\"valueName\":\"search_term_string\"}}],\"inLanguage\":\"de\"},{\"@type\":\"Organization\",\"@id\":\"https:\\\/\\\/korint.eu\\\/de\\\/#organization\",\"name\":\"Korint\u00ae\",\"url\":\"https:\\\/\\\/korint.eu\\\/de\\\/\",\"logo\":{\"@type\":\"ImageObject\",\"inLanguage\":\"de\",\"@id\":\"https:\\\/\\\/korint.eu\\\/de\\\/#\\\/schema\\\/logo\\\/image\\\/\",\"url\":\"https:\\\/\\\/korint.eu\\\/wp-content\\\/uploads\\\/2025\\\/01\\\/Vacature-icon-korint\u00ae.jpg\",\"contentUrl\":\"https:\\\/\\\/korint.eu\\\/wp-content\\\/uploads\\\/2025\\\/01\\\/Vacature-icon-korint\u00ae.jpg\",\"width\":1000,\"height\":1000,\"caption\":\"Korint\u00ae\"},\"image\":{\"@id\":\"https:\\\/\\\/korint.eu\\\/de\\\/#\\\/schema\\\/logo\\\/image\\\/\"},\"sameAs\":[\"https:\\\/\\\/www.facebook.com\\\/korintnederland\\\/\",\"https:\\\/\\\/www.instagram.com\\\/korint_nederland\\\/\",\"https:\\\/\\\/www.linkedin.com\\\/company\\\/korint-medical-recruitment\\\/\"]}]}<\/script>\n<!-- \/ Yoast SEO plugin. -->","yoast_head_json":{"title":"Physiotherapeut\/in (m\/w\/d) Schweiz - Festanstellung - Korint\u00ae","robots":{"index":"index","follow":"follow","max-snippet":"max-snippet:-1","max-image-preview":"max-image-preview:large","max-video-preview":"max-video-preview:-1"},"canonical":"https:\/\/korint.eu\/de\/job\/physiotherapeut-in-m-w-d-schweiz-festanstellung\/","og_locale":"de_DE","og_type":"article","og_title":"Physiotherapeut\/in (m\/w\/d) Schweiz - Festanstellung - Korint\u00ae","og_description":"Physiotherapeut\/in (m\/w\/d) Schweiz, in Festanstellung &#8211; Du hast Lust auf Ver\u00e4nderung, eine neue Umgebung und Abwechslung im Beruf? Du kommst aus Europa (nicht zwingend aus Deutschland) und m\u00f6chtest deinen Traum verwirklichen in der Schweiz zu leben und zu arbeiten? Dann bist du bei uns genau richtig! Starte mit uns deine Zukunft in der Schweiz. Bewirb [&hellip;]","og_url":"https:\/\/korint.eu\/de\/job\/physiotherapeut-in-m-w-d-schweiz-festanstellung\/","og_site_name":"Korint\u00ae","article_publisher":"https:\/\/www.facebook.com\/korintnederland\/","article_modified_time":"2025-03-31T14:15:47+00:00","og_image":[{"width":1920,"height":800,"url":"https:\/\/korint.eu\/wp-content\/uploads\/2025\/03\/Vacature-Fallback-Korint\u00ae-Nederland.jpg","type":"image\/jpeg"}],"twitter_card":"summary_large_image","twitter_misc":{"Gesch\u00e4tzte Lesezeit":"2\u00a0Minuten"},"schema":{"@context":"https:\/\/schema.org","@graph":[{"@type":"WebPage","@id":"https:\/\/korint.eu\/de\/job\/physiotherapeut-in-m-w-d-schweiz-festanstellung\/","url":"https:\/\/korint.eu\/de\/job\/physiotherapeut-in-m-w-d-schweiz-festanstellung\/","name":"Physiotherapeut\/in (m\/w\/d) Schweiz - Festanstellung - Korint\u00ae","isPartOf":{"@id":"https:\/\/korint.eu\/de\/#website"},"primaryImageOfPage":{"@id":"https:\/\/korint.eu\/de\/job\/physiotherapeut-in-m-w-d-schweiz-festanstellung\/#primaryimage"},"image":{"@id":"https:\/\/korint.eu\/de\/job\/physiotherapeut-in-m-w-d-schweiz-festanstellung\/#primaryimage"},"thumbnailUrl":"https:\/\/korint.eu\/wp-content\/uploads\/2025\/03\/Vacature-Fallback-Korint\u00ae-Nederland.jpg","datePublished":"2025-03-18T14:59:32+00:00","dateModified":"2025-03-31T14:15:47+00:00","breadcrumb":{"@id":"https:\/\/korint.eu\/de\/job\/physiotherapeut-in-m-w-d-schweiz-festanstellung\/#breadcrumb"},"inLanguage":"de","potentialAction":[{"@type":"ReadAction","target":["https:\/\/korint.eu\/de\/job\/physiotherapeut-in-m-w-d-schweiz-festanstellung\/"]}]},{"@type":"ImageObject","inLanguage":"de","@id":"https:\/\/korint.eu\/de\/job\/physiotherapeut-in-m-w-d-schweiz-festanstellung\/#primaryimage","url":"https:\/\/korint.eu\/wp-content\/uploads\/2025\/03\/Vacature-Fallback-Korint\u00ae-Nederland.jpg","contentUrl":"https:\/\/korint.eu\/wp-content\/uploads\/2025\/03\/Vacature-Fallback-Korint\u00ae-Nederland.jpg","width":1920,"height":800},{"@type":"BreadcrumbList","@id":"https:\/\/korint.eu\/de\/job\/physiotherapeut-in-m-w-d-schweiz-festanstellung\/#breadcrumb","itemListElement":[{"@type":"ListItem","position":1,"name":"Home","item":"https:\/\/korint.eu\/de\/"},{"@type":"ListItem","position":2,"name":"Physiotherapeut\/in (m\/w\/d) Schweiz &#8211; Festanstellung"}]},{"@type":"WebSite","@id":"https:\/\/korint.eu\/de\/#website","url":"https:\/\/korint.eu\/de\/","name":"Korint\u00ae","description":"Flexibele carri\u00e8re mogelijkheden voor zorgprofessionals","publisher":{"@id":"https:\/\/korint.eu\/de\/#organization"},"potentialAction":[{"@type":"SearchAction","target":{"@type":"EntryPoint","urlTemplate":"https:\/\/korint.eu\/de\/?s={search_term_string}"},"query-input":{"@type":"PropertyValueSpecification","valueRequired":true,"valueName":"search_term_string"}}],"inLanguage":"de"},{"@type":"Organization","@id":"https:\/\/korint.eu\/de\/#organization","name":"Korint\u00ae","url":"https:\/\/korint.eu\/de\/","logo":{"@type":"ImageObject","inLanguage":"de","@id":"https:\/\/korint.eu\/de\/#\/schema\/logo\/image\/","url":"https:\/\/korint.eu\/wp-content\/uploads\/2025\/01\/Vacature-icon-korint\u00ae.jpg","contentUrl":"https:\/\/korint.eu\/wp-content\/uploads\/2025\/01\/Vacature-icon-korint\u00ae.jpg","width":1000,"height":1000,"caption":"Korint\u00ae"},"image":{"@id":"https:\/\/korint.eu\/de\/#\/schema\/logo\/image\/"},"sameAs":["https:\/\/www.facebook.com\/korintnederland\/","https:\/\/www.instagram.com\/korint_nederland\/","https:\/\/www.linkedin.com\/company\/korint-medical-recruitment\/"]}]}},"_links":{"self":[{"href":"https:\/\/korint.eu\/de\/wp-json\/wp\/v2\/job-listings\/8007","targetHints":{"allow":["GET"]}}],"collection":[{"href":"https:\/\/korint.eu\/de\/wp-json\/wp\/v2\/job-listings"}],"about":[{"href":"https:\/\/korint.eu\/de\/wp-json\/wp\/v2\/types\/job_listing"}],"author":[{"embeddable":true,"href":"https:\/\/korint.eu\/de\/wp-json\/wp\/v2\/users\/1"}],"wp:featuredmedia":[{"embeddable":true,"href":"https:\/\/korint.eu\/de\/wp-json\/wp\/v2\/media\/7056"}],"wp:attachment":[{"href":"https:\/\/korint.eu\/de\/wp-json\/wp\/v2\/media?parent=8007"}],"wp:term":[{"taxonomy":"job_listing_category","embeddable":true,"href":"https:\/\/korint.eu\/de\/wp-json\/wp\/v2\/job-categories?post=8007"},{"taxonomy":"job_listing_type","embeddable":true,"href":"https:\/\/korint.eu\/de\/wp-json\/wp\/v2\/job-types?post=8007"}],"curies":[{"name":"wp","href":"https:\/\/api.w.org\/{rel}","templated":true}]}}