{"id":7989,"date":"2025-03-18T14:59:11","date_gmt":"2025-03-18T14:59:11","guid":{"rendered":"https:\/\/korint.eu\/job\/ch-ergotherapeut-ergotherapeutin-in-luzern\/"},"modified":"2025-04-01T11:21:37","modified_gmt":"2025-04-01T09:21:37","slug":"ch-ergotherapeut-ergotherapeutin-in-luzern","status":"publish","type":"job_listing","link":"https:\/\/korint.eu\/de\/job\/ch-ergotherapeut-ergotherapeutin-in-luzern\/","title":{"rendered":"CH Ergotherapeut \/ Ergotherapeutin in Luzern"},"content":{"rendered":"<p>Ergotherapeut \/ Ergotherapeutin in Luzern &#8211;\u00a0 F\u00fcr einen unserer Kunden in Luzern\u00a0 suchen wir per sofort oder nach Vereinbarung einen \/ eine Ergotherapeut \/ Ergotherapeutin. Du sehnst dich nach Ver\u00e4nderung, einer neuen Umgebung und Abwechslung im Beruf? Dann bist du bei uns genau richtig! Verwirkliche mit uns deinen Traum vom Schweizer Leben.<\/p>\n<p>F\u00fcr erste Informationen \u00fcber das Arbeiten in der Schweiz, kannst du auch unsere <a href=\"https:\/\/korint.eu\/de\/unsere-lander\/\">L\u00e4nderseite<\/a>.<\/p>\n<h4>Deine Benefits:<\/h4>\n<ul>\n<li>Wir bieten dir einen festen Arbeitsvertrag mit einer i. d. R. 42-Stunden-Woche sowie die M\u00f6glichkeit auf bis zu 7 Wochen Urlaub<\/li>\n<li>Ebenso eine attraktive Bezahlung mit einem Jahresgehalt ab ca. CHF 72.000<\/li>\n<li>Dich erwartet ein individuelles Einarbeitungsprogramm sowie umfangreiche Fort- und Weiterbildungsm\u00f6glichkeiten<\/li>\n<li>Regelm\u00e4\u00dfige Mitarbeitergespr\u00e4che und eine Kommunikation auf Augenh\u00f6he bieten die M\u00f6glichkeit deine beruflichen W\u00fcnsche, Perspektiven und Ziele zu ber\u00fccksichtigen und zu f\u00f6rdern<\/li>\n<li>Unsere umfangreiche Unterst\u00fctzung in den Bereichen der Bewerbungsoptimierung, Vorstellungsgespr\u00e4che, Schnuppertage, Versicherungen, Steuern und Anmeldung, aber auch der Wohnungssuche, erm\u00f6glicht dir ein \u201cRundum-Sorglos-Paket\u201d<\/li>\n<li>Dar\u00fcber hinaus stehen wir dir auch noch nach erfolgreicher Vermittlung als Ansprechpartner f\u00fcr deine weitere Karriere zur Seite<\/li>\n<li>Mit unserem Korint\u00ae-Bonus-System hast du zus\u00e4tzlich die Chance auf eine umfangreiche pers\u00f6nliche Entwicklung<\/li>\n<\/ul>\n<h4>Deine T\u00e4tigkeiten als Ergotherapeut \/ Ergotherapeutin in Luzern:<\/h4>\n<ul>\n<li>Individuelle F\u00f6rderung durch ergotherapeutische Behandlungen von Patientinnen und Patienten in modern eingerichteten Therapier\u00e4umen und Werkst\u00e4tten<\/li>\n<li>Gew\u00e4hrleistung der hohen Kundenzufriedenheit<\/li>\n<li>Teilnahme an Teambesprechungen<\/li>\n<li>Beratung von Angeh\u00f6rigen<\/li>\n<li>Anpassung und Erprobung von Hilfsmitteln<\/li>\n<li>Dokumentation und Analyse der ergotherapeutischen Pflege und Leistungserfassung<\/li>\n<\/ul>\n<h4>Deine Qualifikationen:<\/h4>\n<ul>\n<li>Eine erfolgreich abgeschlossene und anerkannte Ausbildung zum \/zur Ergotherapeut\/ Ergotherapeutin<\/li>\n<li>Berufserfahrung von Vorteil<\/li>\n<li>Erfahrung in alltagsorientierten Behandlungskonzepten<\/li>\n<li>Verantwortungsbewusstsein, Flexibilit\u00e4t<\/li>\n<li>Gute Deutschkenntnisse in Wort und Schrift (B2\/C1)<\/li>\n<\/ul>\n","protected":false},"author":1,"featured_media":7056,"template":"","meta":{"_et_pb_use_builder":"","_et_pb_old_content":"","_et_gb_content_width":"","_promoted":"","_job_location":"Luzern","_application":"recruitment@korint.eu","_company_name":"Korint\u00ae","_company_website":"https:\/\/korint.eu\/de\/","_company_tagline":"Wir f\u00f6rdern die Karrieren von Fachkr\u00e4ften im Gesundheitswesen.","_company_twitter":"","_company_video":"","_filled":0,"_featured":0,"_remote_position":0,"_job_salary":"","_job_salary_currency":"","_job_salary_unit":""},"job-categories":[130],"job-types":[230],"class_list":{"0":"post-7989","1":"job_listing","2":"type-job_listing","3":"status-publish","4":"has-post-thumbnail","5":"hentry","7":"job-type-rekrutierung-und-auswahl"},"yoast_head":"<!-- This site is optimized with the Yoast SEO plugin v27.5 - https:\/\/yoast.com\/product\/yoast-seo-wordpress\/ -->\n<title>CH Ergotherapeut \/ Ergotherapeutin in Luzern - Korint\u00ae<\/title>\n<meta name=\"robots\" content=\"index, follow, max-snippet:-1, max-image-preview:large, max-video-preview:-1\" \/>\n<link rel=\"canonical\" href=\"https:\/\/korint.eu\/de\/job\/ch-ergotherapeut-ergotherapeutin-in-luzern\/\" \/>\n<meta property=\"og:locale\" content=\"de_DE\" \/>\n<meta property=\"og:type\" content=\"article\" \/>\n<meta property=\"og:title\" content=\"CH Ergotherapeut \/ Ergotherapeutin in Luzern - Korint\u00ae\" \/>\n<meta property=\"og:description\" content=\"Ergotherapeut \/ Ergotherapeutin in Luzern &#8211;\u00a0 F\u00fcr einen unserer Kunden in Luzern\u00a0 suchen wir per sofort oder nach Vereinbarung einen \/ eine Ergotherapeut \/ Ergotherapeutin. Du sehnst dich nach Ver\u00e4nderung, einer neuen Umgebung und Abwechslung im Beruf? Dann bist du bei uns genau richtig! Verwirkliche mit uns deinen Traum vom Schweizer Leben. F\u00fcr erste Informationen [&hellip;]\" \/>\n<meta property=\"og:url\" content=\"https:\/\/korint.eu\/de\/job\/ch-ergotherapeut-ergotherapeutin-in-luzern\/\" \/>\n<meta property=\"og:site_name\" content=\"Korint\u00ae\" \/>\n<meta property=\"article:publisher\" content=\"https:\/\/www.facebook.com\/korintnederland\/\" \/>\n<meta property=\"article:modified_time\" content=\"2025-04-01T09:21:37+00:00\" \/>\n<meta property=\"og:image\" content=\"https:\/\/korint.eu\/wp-content\/uploads\/2025\/03\/Vacature-Fallback-Korint\u00ae-Nederland.jpg\" \/>\n\t<meta property=\"og:image:width\" content=\"1920\" \/>\n\t<meta property=\"og:image:height\" content=\"800\" \/>\n\t<meta property=\"og:image:type\" content=\"image\/jpeg\" \/>\n<meta name=\"twitter:card\" content=\"summary_large_image\" \/>\n<meta name=\"twitter:label1\" content=\"Gesch\u00e4tzte Lesezeit\" \/>\n\t<meta name=\"twitter:data1\" content=\"2\u00a0Minuten\" \/>\n<script type=\"application\/ld+json\" class=\"yoast-schema-graph\">{\"@context\":\"https:\\\/\\\/schema.org\",\"@graph\":[{\"@type\":\"WebPage\",\"@id\":\"https:\\\/\\\/korint.eu\\\/de\\\/job\\\/ch-ergotherapeut-ergotherapeutin-in-luzern\\\/\",\"url\":\"https:\\\/\\\/korint.eu\\\/de\\\/job\\\/ch-ergotherapeut-ergotherapeutin-in-luzern\\\/\",\"name\":\"CH Ergotherapeut \\\/ Ergotherapeutin in Luzern - Korint\u00ae\",\"isPartOf\":{\"@id\":\"https:\\\/\\\/korint.eu\\\/de\\\/#website\"},\"primaryImageOfPage\":{\"@id\":\"https:\\\/\\\/korint.eu\\\/de\\\/job\\\/ch-ergotherapeut-ergotherapeutin-in-luzern\\\/#primaryimage\"},\"image\":{\"@id\":\"https:\\\/\\\/korint.eu\\\/de\\\/job\\\/ch-ergotherapeut-ergotherapeutin-in-luzern\\\/#primaryimage\"},\"thumbnailUrl\":\"https:\\\/\\\/korint.eu\\\/wp-content\\\/uploads\\\/2025\\\/03\\\/Vacature-Fallback-Korint\u00ae-Nederland.jpg\",\"datePublished\":\"2025-03-18T14:59:11+00:00\",\"dateModified\":\"2025-04-01T09:21:37+00:00\",\"breadcrumb\":{\"@id\":\"https:\\\/\\\/korint.eu\\\/de\\\/job\\\/ch-ergotherapeut-ergotherapeutin-in-luzern\\\/#breadcrumb\"},\"inLanguage\":\"de\",\"potentialAction\":[{\"@type\":\"ReadAction\",\"target\":[\"https:\\\/\\\/korint.eu\\\/de\\\/job\\\/ch-ergotherapeut-ergotherapeutin-in-luzern\\\/\"]}]},{\"@type\":\"ImageObject\",\"inLanguage\":\"de\",\"@id\":\"https:\\\/\\\/korint.eu\\\/de\\\/job\\\/ch-ergotherapeut-ergotherapeutin-in-luzern\\\/#primaryimage\",\"url\":\"https:\\\/\\\/korint.eu\\\/wp-content\\\/uploads\\\/2025\\\/03\\\/Vacature-Fallback-Korint\u00ae-Nederland.jpg\",\"contentUrl\":\"https:\\\/\\\/korint.eu\\\/wp-content\\\/uploads\\\/2025\\\/03\\\/Vacature-Fallback-Korint\u00ae-Nederland.jpg\",\"width\":1920,\"height\":800},{\"@type\":\"BreadcrumbList\",\"@id\":\"https:\\\/\\\/korint.eu\\\/de\\\/job\\\/ch-ergotherapeut-ergotherapeutin-in-luzern\\\/#breadcrumb\",\"itemListElement\":[{\"@type\":\"ListItem\",\"position\":1,\"name\":\"Home\",\"item\":\"https:\\\/\\\/korint.eu\\\/de\\\/\"},{\"@type\":\"ListItem\",\"position\":2,\"name\":\"CH Ergotherapeut \\\/ Ergotherapeutin in Luzern\"}]},{\"@type\":\"WebSite\",\"@id\":\"https:\\\/\\\/korint.eu\\\/de\\\/#website\",\"url\":\"https:\\\/\\\/korint.eu\\\/de\\\/\",\"name\":\"Korint\u00ae\",\"description\":\"Flexibele carri\u00e8re mogelijkheden voor zorgprofessionals\",\"publisher\":{\"@id\":\"https:\\\/\\\/korint.eu\\\/de\\\/#organization\"},\"potentialAction\":[{\"@type\":\"SearchAction\",\"target\":{\"@type\":\"EntryPoint\",\"urlTemplate\":\"https:\\\/\\\/korint.eu\\\/de\\\/?s={search_term_string}\"},\"query-input\":{\"@type\":\"PropertyValueSpecification\",\"valueRequired\":true,\"valueName\":\"search_term_string\"}}],\"inLanguage\":\"de\"},{\"@type\":\"Organization\",\"@id\":\"https:\\\/\\\/korint.eu\\\/de\\\/#organization\",\"name\":\"Korint\u00ae\",\"url\":\"https:\\\/\\\/korint.eu\\\/de\\\/\",\"logo\":{\"@type\":\"ImageObject\",\"inLanguage\":\"de\",\"@id\":\"https:\\\/\\\/korint.eu\\\/de\\\/#\\\/schema\\\/logo\\\/image\\\/\",\"url\":\"https:\\\/\\\/korint.eu\\\/wp-content\\\/uploads\\\/2025\\\/01\\\/Vacature-icon-korint\u00ae.jpg\",\"contentUrl\":\"https:\\\/\\\/korint.eu\\\/wp-content\\\/uploads\\\/2025\\\/01\\\/Vacature-icon-korint\u00ae.jpg\",\"width\":1000,\"height\":1000,\"caption\":\"Korint\u00ae\"},\"image\":{\"@id\":\"https:\\\/\\\/korint.eu\\\/de\\\/#\\\/schema\\\/logo\\\/image\\\/\"},\"sameAs\":[\"https:\\\/\\\/www.facebook.com\\\/korintnederland\\\/\",\"https:\\\/\\\/www.instagram.com\\\/korint_nederland\\\/\",\"https:\\\/\\\/www.linkedin.com\\\/company\\\/korint-medical-recruitment\\\/\"]}]}<\/script>\n<!-- \/ Yoast SEO plugin. -->","yoast_head_json":{"title":"CH Ergotherapeut \/ Ergotherapeutin in Luzern - Korint\u00ae","robots":{"index":"index","follow":"follow","max-snippet":"max-snippet:-1","max-image-preview":"max-image-preview:large","max-video-preview":"max-video-preview:-1"},"canonical":"https:\/\/korint.eu\/de\/job\/ch-ergotherapeut-ergotherapeutin-in-luzern\/","og_locale":"de_DE","og_type":"article","og_title":"CH Ergotherapeut \/ Ergotherapeutin in Luzern - Korint\u00ae","og_description":"Ergotherapeut \/ Ergotherapeutin in Luzern &#8211;\u00a0 F\u00fcr einen unserer Kunden in Luzern\u00a0 suchen wir per sofort oder nach Vereinbarung einen \/ eine Ergotherapeut \/ Ergotherapeutin. Du sehnst dich nach Ver\u00e4nderung, einer neuen Umgebung und Abwechslung im Beruf? Dann bist du bei uns genau richtig! Verwirkliche mit uns deinen Traum vom Schweizer Leben. F\u00fcr erste Informationen [&hellip;]","og_url":"https:\/\/korint.eu\/de\/job\/ch-ergotherapeut-ergotherapeutin-in-luzern\/","og_site_name":"Korint\u00ae","article_publisher":"https:\/\/www.facebook.com\/korintnederland\/","article_modified_time":"2025-04-01T09:21:37+00:00","og_image":[{"width":1920,"height":800,"url":"https:\/\/korint.eu\/wp-content\/uploads\/2025\/03\/Vacature-Fallback-Korint\u00ae-Nederland.jpg","type":"image\/jpeg"}],"twitter_card":"summary_large_image","twitter_misc":{"Gesch\u00e4tzte Lesezeit":"2\u00a0Minuten"},"schema":{"@context":"https:\/\/schema.org","@graph":[{"@type":"WebPage","@id":"https:\/\/korint.eu\/de\/job\/ch-ergotherapeut-ergotherapeutin-in-luzern\/","url":"https:\/\/korint.eu\/de\/job\/ch-ergotherapeut-ergotherapeutin-in-luzern\/","name":"CH Ergotherapeut \/ Ergotherapeutin in Luzern - Korint\u00ae","isPartOf":{"@id":"https:\/\/korint.eu\/de\/#website"},"primaryImageOfPage":{"@id":"https:\/\/korint.eu\/de\/job\/ch-ergotherapeut-ergotherapeutin-in-luzern\/#primaryimage"},"image":{"@id":"https:\/\/korint.eu\/de\/job\/ch-ergotherapeut-ergotherapeutin-in-luzern\/#primaryimage"},"thumbnailUrl":"https:\/\/korint.eu\/wp-content\/uploads\/2025\/03\/Vacature-Fallback-Korint\u00ae-Nederland.jpg","datePublished":"2025-03-18T14:59:11+00:00","dateModified":"2025-04-01T09:21:37+00:00","breadcrumb":{"@id":"https:\/\/korint.eu\/de\/job\/ch-ergotherapeut-ergotherapeutin-in-luzern\/#breadcrumb"},"inLanguage":"de","potentialAction":[{"@type":"ReadAction","target":["https:\/\/korint.eu\/de\/job\/ch-ergotherapeut-ergotherapeutin-in-luzern\/"]}]},{"@type":"ImageObject","inLanguage":"de","@id":"https:\/\/korint.eu\/de\/job\/ch-ergotherapeut-ergotherapeutin-in-luzern\/#primaryimage","url":"https:\/\/korint.eu\/wp-content\/uploads\/2025\/03\/Vacature-Fallback-Korint\u00ae-Nederland.jpg","contentUrl":"https:\/\/korint.eu\/wp-content\/uploads\/2025\/03\/Vacature-Fallback-Korint\u00ae-Nederland.jpg","width":1920,"height":800},{"@type":"BreadcrumbList","@id":"https:\/\/korint.eu\/de\/job\/ch-ergotherapeut-ergotherapeutin-in-luzern\/#breadcrumb","itemListElement":[{"@type":"ListItem","position":1,"name":"Home","item":"https:\/\/korint.eu\/de\/"},{"@type":"ListItem","position":2,"name":"CH Ergotherapeut \/ Ergotherapeutin in Luzern"}]},{"@type":"WebSite","@id":"https:\/\/korint.eu\/de\/#website","url":"https:\/\/korint.eu\/de\/","name":"Korint\u00ae","description":"Flexibele carri\u00e8re mogelijkheden voor zorgprofessionals","publisher":{"@id":"https:\/\/korint.eu\/de\/#organization"},"potentialAction":[{"@type":"SearchAction","target":{"@type":"EntryPoint","urlTemplate":"https:\/\/korint.eu\/de\/?s={search_term_string}"},"query-input":{"@type":"PropertyValueSpecification","valueRequired":true,"valueName":"search_term_string"}}],"inLanguage":"de"},{"@type":"Organization","@id":"https:\/\/korint.eu\/de\/#organization","name":"Korint\u00ae","url":"https:\/\/korint.eu\/de\/","logo":{"@type":"ImageObject","inLanguage":"de","@id":"https:\/\/korint.eu\/de\/#\/schema\/logo\/image\/","url":"https:\/\/korint.eu\/wp-content\/uploads\/2025\/01\/Vacature-icon-korint\u00ae.jpg","contentUrl":"https:\/\/korint.eu\/wp-content\/uploads\/2025\/01\/Vacature-icon-korint\u00ae.jpg","width":1000,"height":1000,"caption":"Korint\u00ae"},"image":{"@id":"https:\/\/korint.eu\/de\/#\/schema\/logo\/image\/"},"sameAs":["https:\/\/www.facebook.com\/korintnederland\/","https:\/\/www.instagram.com\/korint_nederland\/","https:\/\/www.linkedin.com\/company\/korint-medical-recruitment\/"]}]}},"_links":{"self":[{"href":"https:\/\/korint.eu\/de\/wp-json\/wp\/v2\/job-listings\/7989","targetHints":{"allow":["GET"]}}],"collection":[{"href":"https:\/\/korint.eu\/de\/wp-json\/wp\/v2\/job-listings"}],"about":[{"href":"https:\/\/korint.eu\/de\/wp-json\/wp\/v2\/types\/job_listing"}],"author":[{"embeddable":true,"href":"https:\/\/korint.eu\/de\/wp-json\/wp\/v2\/users\/1"}],"wp:featuredmedia":[{"embeddable":true,"href":"https:\/\/korint.eu\/de\/wp-json\/wp\/v2\/media\/7056"}],"wp:attachment":[{"href":"https:\/\/korint.eu\/de\/wp-json\/wp\/v2\/media?parent=7989"}],"wp:term":[{"taxonomy":"job_listing_category","embeddable":true,"href":"https:\/\/korint.eu\/de\/wp-json\/wp\/v2\/job-categories?post=7989"},{"taxonomy":"job_listing_type","embeddable":true,"href":"https:\/\/korint.eu\/de\/wp-json\/wp\/v2\/job-types?post=7989"}],"curies":[{"name":"wp","href":"https:\/\/api.w.org\/{rel}","templated":true}]}}