{"id":7897,"date":"2025-03-18T14:57:03","date_gmt":"2025-03-18T14:57:03","guid":{"rendered":"https:\/\/korint.eu\/job\/mtra-im-kanton-zuerich\/"},"modified":"2025-03-31T09:36:45","modified_gmt":"2025-03-31T07:36:45","slug":"mtra-im-kanton-zuerich","status":"publish","type":"job_listing","link":"https:\/\/korint.eu\/de\/job\/mtra-im-kanton-zuerich\/","title":{"rendered":"MTRA im Kanton Z\u00fcrich"},"content":{"rendered":"<p>MTRA im Kanton Z\u00fcrich &#8211; Unser Kunde sucht einen loyalen Mitarbeiter der Lust auf ein flexibles Arbeitsumfeld hat, welches gen\u00fcgend Gelegenheit bietet, sein Familienleben und seine Freizeit zu pflegen. Wenn Du eine Ausbildung zum MTRA hast und MRT`s durchf\u00fchren kannst, haben wir ein attraktives Angebot f\u00fcr dich.<\/p>\n<h2>Deine Perspektive als MTRA im Kanton Z\u00fcrich:<\/h2>\n<ul>\n<li>Regelm\u00e4ssige Arbeitszeiten und optimal planbare Urlaubszeit.<\/li>\n<li>Gef\u00f6rderte Aus-und Weiterbildungsm\u00f6glichkeiten.<\/li>\n<li>Modernste Technologie steht dir zur Verf\u00fcgung.<\/li>\n<li>Eine leistungs- und qualit\u00e4tsorientierte Verg\u00fctung und ein wertsch\u00e4tzendes Team sind selbstverst\u00e4ndlich.<\/li>\n<\/ul>\n<h2>Deine Kompetenzen:<\/h2>\n<ul>\n<li>Du besitzt eine abgeschlossene Ausbildung als Fachfrau\/-mann f\u00fcr medizinisch-technische Radiologie (MTRA)<\/li>\n<li>Erfahrung im Bereich der MRI\u00b4s bringst du mit.<\/li>\n<li>Eine selbstst\u00e4ndige Arbeitsweise zeichnet dich aus.<\/li>\n<li>Professioneller und empathischer Umgang mit den Patienten ist selbstverst\u00e4ndlich f\u00fcr dich, au\u00dferdem besitzt du ein Interesse an Weiterbildungen.<\/li>\n<\/ul>\n<p>Korint\u00ae agiert schon seit \u00fcber 10 Jahren als der \u201eMatchmaker\u201c von medizinischen Fachpersonal und den besten Arbeitgebern der Schweiz.<br \/>\nEgal ob Kurzentschlossen oder als Berufswiedereinsteiger: Wir haben die L\u00f6sung f\u00fcr Sie!<br \/>\nKorint\u00ae dr\u00fcckt ihnen die Daumen.<\/p>\n","protected":false},"author":1,"featured_media":7056,"template":"","meta":{"_et_pb_use_builder":"","_et_pb_old_content":"","_et_gb_content_width":"","_promoted":"","_job_location":"Z\u00fcrich, Schweiz","_application":"recruitment@korint.eu","_company_name":"Korint\u00ae","_company_website":"https:\/\/korint.eu\/de\/","_company_tagline":"Wir f\u00f6rdern die Karrieren von Fachkr\u00e4ften im Gesundheitswesen.","_company_twitter":"","_company_video":"","_filled":0,"_featured":0,"_remote_position":0,"_job_salary":"","_job_salary_currency":"","_job_salary_unit":""},"job-categories":[133],"job-types":[230],"class_list":{"0":"post-7897","1":"job_listing","2":"type-job_listing","3":"status-publish","4":"has-post-thumbnail","5":"hentry","7":"job-type-rekrutierung-und-auswahl"},"yoast_head":"<!-- This site is optimized with the Yoast SEO plugin v27.5 - https:\/\/yoast.com\/product\/yoast-seo-wordpress\/ -->\n<title>MTRA im Kanton Z\u00fcrich - Korint\u00ae<\/title>\n<meta name=\"robots\" content=\"index, follow, max-snippet:-1, max-image-preview:large, max-video-preview:-1\" \/>\n<link rel=\"canonical\" href=\"https:\/\/korint.eu\/de\/job\/mtra-im-kanton-zuerich\/\" \/>\n<meta property=\"og:locale\" content=\"de_DE\" \/>\n<meta property=\"og:type\" content=\"article\" \/>\n<meta property=\"og:title\" content=\"MTRA im Kanton Z\u00fcrich - Korint\u00ae\" \/>\n<meta property=\"og:description\" content=\"MTRA im Kanton Z\u00fcrich &#8211; Unser Kunde sucht einen loyalen Mitarbeiter der Lust auf ein flexibles Arbeitsumfeld hat, welches gen\u00fcgend Gelegenheit bietet, sein Familienleben und seine Freizeit zu pflegen. Wenn Du eine Ausbildung zum MTRA hast und MRT`s durchf\u00fchren kannst, haben wir ein attraktives Angebot f\u00fcr dich. Deine Perspektive als MTRA im Kanton Z\u00fcrich: Regelm\u00e4ssige [&hellip;]\" \/>\n<meta property=\"og:url\" content=\"https:\/\/korint.eu\/de\/job\/mtra-im-kanton-zuerich\/\" \/>\n<meta property=\"og:site_name\" content=\"Korint\u00ae\" \/>\n<meta property=\"article:publisher\" content=\"https:\/\/www.facebook.com\/korintnederland\/\" \/>\n<meta property=\"article:modified_time\" content=\"2025-03-31T07:36:45+00:00\" \/>\n<meta property=\"og:image\" content=\"https:\/\/korint.eu\/wp-content\/uploads\/2025\/03\/Vacature-Fallback-Korint\u00ae-Nederland.jpg\" \/>\n\t<meta property=\"og:image:width\" content=\"1920\" \/>\n\t<meta property=\"og:image:height\" content=\"800\" \/>\n\t<meta property=\"og:image:type\" content=\"image\/jpeg\" \/>\n<meta name=\"twitter:card\" content=\"summary_large_image\" \/>\n<meta name=\"twitter:label1\" content=\"Gesch\u00e4tzte Lesezeit\" \/>\n\t<meta name=\"twitter:data1\" content=\"1\u00a0Minute\" \/>\n<script type=\"application\/ld+json\" class=\"yoast-schema-graph\">{\"@context\":\"https:\\\/\\\/schema.org\",\"@graph\":[{\"@type\":\"WebPage\",\"@id\":\"https:\\\/\\\/korint.eu\\\/de\\\/job\\\/mtra-im-kanton-zuerich\\\/\",\"url\":\"https:\\\/\\\/korint.eu\\\/de\\\/job\\\/mtra-im-kanton-zuerich\\\/\",\"name\":\"MTRA im Kanton Z\u00fcrich - Korint\u00ae\",\"isPartOf\":{\"@id\":\"https:\\\/\\\/korint.eu\\\/de\\\/#website\"},\"primaryImageOfPage\":{\"@id\":\"https:\\\/\\\/korint.eu\\\/de\\\/job\\\/mtra-im-kanton-zuerich\\\/#primaryimage\"},\"image\":{\"@id\":\"https:\\\/\\\/korint.eu\\\/de\\\/job\\\/mtra-im-kanton-zuerich\\\/#primaryimage\"},\"thumbnailUrl\":\"https:\\\/\\\/korint.eu\\\/wp-content\\\/uploads\\\/2025\\\/03\\\/Vacature-Fallback-Korint\u00ae-Nederland.jpg\",\"datePublished\":\"2025-03-18T14:57:03+00:00\",\"dateModified\":\"2025-03-31T07:36:45+00:00\",\"breadcrumb\":{\"@id\":\"https:\\\/\\\/korint.eu\\\/de\\\/job\\\/mtra-im-kanton-zuerich\\\/#breadcrumb\"},\"inLanguage\":\"de\",\"potentialAction\":[{\"@type\":\"ReadAction\",\"target\":[\"https:\\\/\\\/korint.eu\\\/de\\\/job\\\/mtra-im-kanton-zuerich\\\/\"]}]},{\"@type\":\"ImageObject\",\"inLanguage\":\"de\",\"@id\":\"https:\\\/\\\/korint.eu\\\/de\\\/job\\\/mtra-im-kanton-zuerich\\\/#primaryimage\",\"url\":\"https:\\\/\\\/korint.eu\\\/wp-content\\\/uploads\\\/2025\\\/03\\\/Vacature-Fallback-Korint\u00ae-Nederland.jpg\",\"contentUrl\":\"https:\\\/\\\/korint.eu\\\/wp-content\\\/uploads\\\/2025\\\/03\\\/Vacature-Fallback-Korint\u00ae-Nederland.jpg\",\"width\":1920,\"height\":800},{\"@type\":\"BreadcrumbList\",\"@id\":\"https:\\\/\\\/korint.eu\\\/de\\\/job\\\/mtra-im-kanton-zuerich\\\/#breadcrumb\",\"itemListElement\":[{\"@type\":\"ListItem\",\"position\":1,\"name\":\"Home\",\"item\":\"https:\\\/\\\/korint.eu\\\/de\\\/\"},{\"@type\":\"ListItem\",\"position\":2,\"name\":\"MTRA im Kanton Z\u00fcrich\"}]},{\"@type\":\"WebSite\",\"@id\":\"https:\\\/\\\/korint.eu\\\/de\\\/#website\",\"url\":\"https:\\\/\\\/korint.eu\\\/de\\\/\",\"name\":\"Korint\u00ae\",\"description\":\"Flexibele carri\u00e8re mogelijkheden voor zorgprofessionals\",\"publisher\":{\"@id\":\"https:\\\/\\\/korint.eu\\\/de\\\/#organization\"},\"potentialAction\":[{\"@type\":\"SearchAction\",\"target\":{\"@type\":\"EntryPoint\",\"urlTemplate\":\"https:\\\/\\\/korint.eu\\\/de\\\/?s={search_term_string}\"},\"query-input\":{\"@type\":\"PropertyValueSpecification\",\"valueRequired\":true,\"valueName\":\"search_term_string\"}}],\"inLanguage\":\"de\"},{\"@type\":\"Organization\",\"@id\":\"https:\\\/\\\/korint.eu\\\/de\\\/#organization\",\"name\":\"Korint\u00ae\",\"url\":\"https:\\\/\\\/korint.eu\\\/de\\\/\",\"logo\":{\"@type\":\"ImageObject\",\"inLanguage\":\"de\",\"@id\":\"https:\\\/\\\/korint.eu\\\/de\\\/#\\\/schema\\\/logo\\\/image\\\/\",\"url\":\"https:\\\/\\\/korint.eu\\\/wp-content\\\/uploads\\\/2025\\\/01\\\/Vacature-icon-korint\u00ae.jpg\",\"contentUrl\":\"https:\\\/\\\/korint.eu\\\/wp-content\\\/uploads\\\/2025\\\/01\\\/Vacature-icon-korint\u00ae.jpg\",\"width\":1000,\"height\":1000,\"caption\":\"Korint\u00ae\"},\"image\":{\"@id\":\"https:\\\/\\\/korint.eu\\\/de\\\/#\\\/schema\\\/logo\\\/image\\\/\"},\"sameAs\":[\"https:\\\/\\\/www.facebook.com\\\/korintnederland\\\/\",\"https:\\\/\\\/www.instagram.com\\\/korint_nederland\\\/\",\"https:\\\/\\\/www.linkedin.com\\\/company\\\/korint-medical-recruitment\\\/\"]}]}<\/script>\n<!-- \/ Yoast SEO plugin. -->","yoast_head_json":{"title":"MTRA im Kanton Z\u00fcrich - Korint\u00ae","robots":{"index":"index","follow":"follow","max-snippet":"max-snippet:-1","max-image-preview":"max-image-preview:large","max-video-preview":"max-video-preview:-1"},"canonical":"https:\/\/korint.eu\/de\/job\/mtra-im-kanton-zuerich\/","og_locale":"de_DE","og_type":"article","og_title":"MTRA im Kanton Z\u00fcrich - Korint\u00ae","og_description":"MTRA im Kanton Z\u00fcrich &#8211; Unser Kunde sucht einen loyalen Mitarbeiter der Lust auf ein flexibles Arbeitsumfeld hat, welches gen\u00fcgend Gelegenheit bietet, sein Familienleben und seine Freizeit zu pflegen. Wenn Du eine Ausbildung zum MTRA hast und MRT`s durchf\u00fchren kannst, haben wir ein attraktives Angebot f\u00fcr dich. Deine Perspektive als MTRA im Kanton Z\u00fcrich: Regelm\u00e4ssige [&hellip;]","og_url":"https:\/\/korint.eu\/de\/job\/mtra-im-kanton-zuerich\/","og_site_name":"Korint\u00ae","article_publisher":"https:\/\/www.facebook.com\/korintnederland\/","article_modified_time":"2025-03-31T07:36:45+00:00","og_image":[{"width":1920,"height":800,"url":"https:\/\/korint.eu\/wp-content\/uploads\/2025\/03\/Vacature-Fallback-Korint\u00ae-Nederland.jpg","type":"image\/jpeg"}],"twitter_card":"summary_large_image","twitter_misc":{"Gesch\u00e4tzte Lesezeit":"1\u00a0Minute"},"schema":{"@context":"https:\/\/schema.org","@graph":[{"@type":"WebPage","@id":"https:\/\/korint.eu\/de\/job\/mtra-im-kanton-zuerich\/","url":"https:\/\/korint.eu\/de\/job\/mtra-im-kanton-zuerich\/","name":"MTRA im Kanton Z\u00fcrich - Korint\u00ae","isPartOf":{"@id":"https:\/\/korint.eu\/de\/#website"},"primaryImageOfPage":{"@id":"https:\/\/korint.eu\/de\/job\/mtra-im-kanton-zuerich\/#primaryimage"},"image":{"@id":"https:\/\/korint.eu\/de\/job\/mtra-im-kanton-zuerich\/#primaryimage"},"thumbnailUrl":"https:\/\/korint.eu\/wp-content\/uploads\/2025\/03\/Vacature-Fallback-Korint\u00ae-Nederland.jpg","datePublished":"2025-03-18T14:57:03+00:00","dateModified":"2025-03-31T07:36:45+00:00","breadcrumb":{"@id":"https:\/\/korint.eu\/de\/job\/mtra-im-kanton-zuerich\/#breadcrumb"},"inLanguage":"de","potentialAction":[{"@type":"ReadAction","target":["https:\/\/korint.eu\/de\/job\/mtra-im-kanton-zuerich\/"]}]},{"@type":"ImageObject","inLanguage":"de","@id":"https:\/\/korint.eu\/de\/job\/mtra-im-kanton-zuerich\/#primaryimage","url":"https:\/\/korint.eu\/wp-content\/uploads\/2025\/03\/Vacature-Fallback-Korint\u00ae-Nederland.jpg","contentUrl":"https:\/\/korint.eu\/wp-content\/uploads\/2025\/03\/Vacature-Fallback-Korint\u00ae-Nederland.jpg","width":1920,"height":800},{"@type":"BreadcrumbList","@id":"https:\/\/korint.eu\/de\/job\/mtra-im-kanton-zuerich\/#breadcrumb","itemListElement":[{"@type":"ListItem","position":1,"name":"Home","item":"https:\/\/korint.eu\/de\/"},{"@type":"ListItem","position":2,"name":"MTRA im Kanton Z\u00fcrich"}]},{"@type":"WebSite","@id":"https:\/\/korint.eu\/de\/#website","url":"https:\/\/korint.eu\/de\/","name":"Korint\u00ae","description":"Flexibele carri\u00e8re mogelijkheden voor zorgprofessionals","publisher":{"@id":"https:\/\/korint.eu\/de\/#organization"},"potentialAction":[{"@type":"SearchAction","target":{"@type":"EntryPoint","urlTemplate":"https:\/\/korint.eu\/de\/?s={search_term_string}"},"query-input":{"@type":"PropertyValueSpecification","valueRequired":true,"valueName":"search_term_string"}}],"inLanguage":"de"},{"@type":"Organization","@id":"https:\/\/korint.eu\/de\/#organization","name":"Korint\u00ae","url":"https:\/\/korint.eu\/de\/","logo":{"@type":"ImageObject","inLanguage":"de","@id":"https:\/\/korint.eu\/de\/#\/schema\/logo\/image\/","url":"https:\/\/korint.eu\/wp-content\/uploads\/2025\/01\/Vacature-icon-korint\u00ae.jpg","contentUrl":"https:\/\/korint.eu\/wp-content\/uploads\/2025\/01\/Vacature-icon-korint\u00ae.jpg","width":1000,"height":1000,"caption":"Korint\u00ae"},"image":{"@id":"https:\/\/korint.eu\/de\/#\/schema\/logo\/image\/"},"sameAs":["https:\/\/www.facebook.com\/korintnederland\/","https:\/\/www.instagram.com\/korint_nederland\/","https:\/\/www.linkedin.com\/company\/korint-medical-recruitment\/"]}]}},"_links":{"self":[{"href":"https:\/\/korint.eu\/de\/wp-json\/wp\/v2\/job-listings\/7897","targetHints":{"allow":["GET"]}}],"collection":[{"href":"https:\/\/korint.eu\/de\/wp-json\/wp\/v2\/job-listings"}],"about":[{"href":"https:\/\/korint.eu\/de\/wp-json\/wp\/v2\/types\/job_listing"}],"author":[{"embeddable":true,"href":"https:\/\/korint.eu\/de\/wp-json\/wp\/v2\/users\/1"}],"wp:featuredmedia":[{"embeddable":true,"href":"https:\/\/korint.eu\/de\/wp-json\/wp\/v2\/media\/7056"}],"wp:attachment":[{"href":"https:\/\/korint.eu\/de\/wp-json\/wp\/v2\/media?parent=7897"}],"wp:term":[{"taxonomy":"job_listing_category","embeddable":true,"href":"https:\/\/korint.eu\/de\/wp-json\/wp\/v2\/job-categories?post=7897"},{"taxonomy":"job_listing_type","embeddable":true,"href":"https:\/\/korint.eu\/de\/wp-json\/wp\/v2\/job-types?post=7897"}],"curies":[{"name":"wp","href":"https:\/\/api.w.org\/{rel}","templated":true}]}}