{"id":7879,"date":"2025-03-18T14:56:40","date_gmt":"2025-03-18T14:56:40","guid":{"rendered":"https:\/\/korint.eu\/job\/neurochirurgie-temporaer-pflegefachperson-in-bern\/"},"modified":"2025-03-31T11:21:14","modified_gmt":"2025-03-31T09:21:14","slug":"neurochirurgie-temporaer-pflegefachperson-in-bern","status":"publish","type":"job_listing","link":"https:\/\/korint.eu\/de\/job\/neurochirurgie-temporaer-pflegefachperson-in-bern\/","title":{"rendered":"Neurochirurgie (tempor\u00e4r) &#8211; Pflegefachperson in Bern"},"content":{"rendered":"<p>Neurochirurgie &#8211; Korint\u00ae bietet Ihnen als <span class=\"sIFR-alternate\">tempor\u00e4re <\/span>Pflegefachperson <span id=\"sIFR_replacement_0_alternate\" class=\"sIFR-alternate\"><\/span><span id=\"sIFR_replacement_0_alternate\" class=\"sIFR-alternate\"><\/span>viele Vorteile. Wir entsenden Sie in Eins\u00e4tze ganz nach Ihren W\u00fcnschen. So bestimmen Sie selbst, wo, wann und wie lange Sie arbeiten m\u00f6chten. Dazu bieten wir Ihnen ein \u00fcberdurchschnittliches Gehalt, sehr gute Sozialleistungen, ma\u00dfgeschneiderte Beratung und eine pers\u00f6nliche Atmosph\u00e4re, sowie exclusive Chancen bei Top-Arbeitgebern im Schweizer und internationalen Gesundheitswesen.<\/p>\n<h3 class=\"i_pagecontent\">\u00dcber den Einsatz in der Neurochirurgie<\/h3>\n<p>Die Abteilung pflegt und betreut auch kleine Patientinnen und Patienten (Kinder ab 2 Jahren), meist im Falle eines HNO-chirurgischen Eingriffes. Auf der Station sind Sie zust\u00e4ndig f\u00fcr:<\/p>\n<ul>\n<li>Betreuung der Patientinnen und Patienten individuell nach neuesten Erkenntnissen.<\/li>\n<li>Durchf\u00fchrung des Pflegeprozess (inkl. Leistungserfassung von Material und Pflege), unterst\u00fctzt durch das Klinik-Informationssystem.<\/li>\n<li>\u00dcberdies professionelle Ausbildung von Lernenden und Studierenden (mitverandwortlich).<\/li>\n<li>Weiterhin die fortlaufende Optimierung der Pflegeabl\u00e4ufe.<\/li>\n<li>Ausserdem wirken Sie aktiv an der Umsetzung der Bereichs- und Abteilungsziele mit.<\/li>\n<\/ul>\n<h3>Ihre Qualifikation<\/h3>\n<ul>\n<li>Sie sind dipl. Pflegefachfrau\/-mann (AKP\/DN II\/HF\/FH).<\/li>\n<li>Idealerweise bringen Sie bereits Erfahrung im Akutbereich mit.<\/li>\n<li>Sie stellen das Wohlergehen der Patientinnen und Patienten ins Zentrum Ihrer Arbeit.<\/li>\n<li>Eine gewissenhafte, eigenverantwortliche und qualit\u00e4tsbewusste Arbeitsweise unterstreicht Ihre Pers\u00f6nlichkeit.<\/li>\n<li>Dementsprechend entwickeln Sie sich weiter und tragen Ver\u00e4nderungen mit.<\/li>\n<li>Sie begegnen Menschen mit Respekt und Wertsch\u00e4tzung.<\/li>\n<li>Auf sich wechselnde Patientensituationen stellen Sie sich rasch ein.<\/li>\n<\/ul>\n","protected":false},"author":1,"featured_media":7056,"template":"","meta":{"_et_pb_use_builder":"","_et_pb_old_content":"","_et_gb_content_width":"","_promoted":"","_job_location":"Bern, Schweiz","_application":"recruitment@korint.eu","_company_name":"Korint\u00ae","_company_website":"https:\/\/korint.eu\/de\/","_company_tagline":"Wir f\u00f6rdern die Karrieren von Fachkr\u00e4ften im Gesundheitswesen.","_company_twitter":"","_company_video":"","_filled":0,"_featured":0,"_remote_position":0,"_job_salary":"","_job_salary_currency":"","_job_salary_unit":""},"job-categories":[],"job-types":[230],"class_list":{"0":"post-7879","1":"job_listing","2":"type-job_listing","3":"status-publish","4":"has-post-thumbnail","5":"hentry","7":"job-type-rekrutierung-und-auswahl"},"yoast_head":"<!-- This site is optimized with the Yoast SEO plugin v27.5 - https:\/\/yoast.com\/product\/yoast-seo-wordpress\/ -->\n<title>Neurochirurgie (tempor\u00e4r) - Pflegefachperson in Bern - Korint\u00ae<\/title>\n<meta name=\"robots\" content=\"index, follow, max-snippet:-1, max-image-preview:large, max-video-preview:-1\" \/>\n<link rel=\"canonical\" href=\"https:\/\/korint.eu\/de\/job\/neurochirurgie-temporaer-pflegefachperson-in-bern\/\" \/>\n<meta property=\"og:locale\" content=\"de_DE\" \/>\n<meta property=\"og:type\" content=\"article\" \/>\n<meta property=\"og:title\" content=\"Neurochirurgie (tempor\u00e4r) - Pflegefachperson in Bern - Korint\u00ae\" \/>\n<meta property=\"og:description\" content=\"Neurochirurgie &#8211; Korint\u00ae bietet Ihnen als tempor\u00e4re Pflegefachperson viele Vorteile. Wir entsenden Sie in Eins\u00e4tze ganz nach Ihren W\u00fcnschen. So bestimmen Sie selbst, wo, wann und wie lange Sie arbeiten m\u00f6chten. Dazu bieten wir Ihnen ein \u00fcberdurchschnittliches Gehalt, sehr gute Sozialleistungen, ma\u00dfgeschneiderte Beratung und eine pers\u00f6nliche Atmosph\u00e4re, sowie exclusive Chancen bei Top-Arbeitgebern im Schweizer und [&hellip;]\" \/>\n<meta property=\"og:url\" content=\"https:\/\/korint.eu\/de\/job\/neurochirurgie-temporaer-pflegefachperson-in-bern\/\" \/>\n<meta property=\"og:site_name\" content=\"Korint\u00ae\" \/>\n<meta property=\"article:publisher\" content=\"https:\/\/www.facebook.com\/korintnederland\/\" \/>\n<meta property=\"article:modified_time\" content=\"2025-03-31T09:21:14+00:00\" \/>\n<meta property=\"og:image\" content=\"https:\/\/korint.eu\/wp-content\/uploads\/2025\/03\/Vacature-Fallback-Korint\u00ae-Nederland.jpg\" \/>\n\t<meta property=\"og:image:width\" content=\"1920\" \/>\n\t<meta property=\"og:image:height\" content=\"800\" \/>\n\t<meta property=\"og:image:type\" content=\"image\/jpeg\" \/>\n<meta name=\"twitter:card\" content=\"summary_large_image\" \/>\n<meta name=\"twitter:label1\" content=\"Gesch\u00e4tzte Lesezeit\" \/>\n\t<meta name=\"twitter:data1\" content=\"2\u00a0Minuten\" \/>\n<script type=\"application\/ld+json\" class=\"yoast-schema-graph\">{\"@context\":\"https:\\\/\\\/schema.org\",\"@graph\":[{\"@type\":\"WebPage\",\"@id\":\"https:\\\/\\\/korint.eu\\\/de\\\/job\\\/neurochirurgie-temporaer-pflegefachperson-in-bern\\\/\",\"url\":\"https:\\\/\\\/korint.eu\\\/de\\\/job\\\/neurochirurgie-temporaer-pflegefachperson-in-bern\\\/\",\"name\":\"Neurochirurgie (tempor\u00e4r) - Pflegefachperson in Bern - Korint\u00ae\",\"isPartOf\":{\"@id\":\"https:\\\/\\\/korint.eu\\\/de\\\/#website\"},\"primaryImageOfPage\":{\"@id\":\"https:\\\/\\\/korint.eu\\\/de\\\/job\\\/neurochirurgie-temporaer-pflegefachperson-in-bern\\\/#primaryimage\"},\"image\":{\"@id\":\"https:\\\/\\\/korint.eu\\\/de\\\/job\\\/neurochirurgie-temporaer-pflegefachperson-in-bern\\\/#primaryimage\"},\"thumbnailUrl\":\"https:\\\/\\\/korint.eu\\\/wp-content\\\/uploads\\\/2025\\\/03\\\/Vacature-Fallback-Korint\u00ae-Nederland.jpg\",\"datePublished\":\"2025-03-18T14:56:40+00:00\",\"dateModified\":\"2025-03-31T09:21:14+00:00\",\"breadcrumb\":{\"@id\":\"https:\\\/\\\/korint.eu\\\/de\\\/job\\\/neurochirurgie-temporaer-pflegefachperson-in-bern\\\/#breadcrumb\"},\"inLanguage\":\"de\",\"potentialAction\":[{\"@type\":\"ReadAction\",\"target\":[\"https:\\\/\\\/korint.eu\\\/de\\\/job\\\/neurochirurgie-temporaer-pflegefachperson-in-bern\\\/\"]}]},{\"@type\":\"ImageObject\",\"inLanguage\":\"de\",\"@id\":\"https:\\\/\\\/korint.eu\\\/de\\\/job\\\/neurochirurgie-temporaer-pflegefachperson-in-bern\\\/#primaryimage\",\"url\":\"https:\\\/\\\/korint.eu\\\/wp-content\\\/uploads\\\/2025\\\/03\\\/Vacature-Fallback-Korint\u00ae-Nederland.jpg\",\"contentUrl\":\"https:\\\/\\\/korint.eu\\\/wp-content\\\/uploads\\\/2025\\\/03\\\/Vacature-Fallback-Korint\u00ae-Nederland.jpg\",\"width\":1920,\"height\":800},{\"@type\":\"BreadcrumbList\",\"@id\":\"https:\\\/\\\/korint.eu\\\/de\\\/job\\\/neurochirurgie-temporaer-pflegefachperson-in-bern\\\/#breadcrumb\",\"itemListElement\":[{\"@type\":\"ListItem\",\"position\":1,\"name\":\"Home\",\"item\":\"https:\\\/\\\/korint.eu\\\/de\\\/\"},{\"@type\":\"ListItem\",\"position\":2,\"name\":\"Neurochirurgie (tempor\u00e4r) &#8211; Pflegefachperson in Bern\"}]},{\"@type\":\"WebSite\",\"@id\":\"https:\\\/\\\/korint.eu\\\/de\\\/#website\",\"url\":\"https:\\\/\\\/korint.eu\\\/de\\\/\",\"name\":\"Korint\u00ae\",\"description\":\"Flexibele carri\u00e8re mogelijkheden voor zorgprofessionals\",\"publisher\":{\"@id\":\"https:\\\/\\\/korint.eu\\\/de\\\/#organization\"},\"potentialAction\":[{\"@type\":\"SearchAction\",\"target\":{\"@type\":\"EntryPoint\",\"urlTemplate\":\"https:\\\/\\\/korint.eu\\\/de\\\/?s={search_term_string}\"},\"query-input\":{\"@type\":\"PropertyValueSpecification\",\"valueRequired\":true,\"valueName\":\"search_term_string\"}}],\"inLanguage\":\"de\"},{\"@type\":\"Organization\",\"@id\":\"https:\\\/\\\/korint.eu\\\/de\\\/#organization\",\"name\":\"Korint\u00ae\",\"url\":\"https:\\\/\\\/korint.eu\\\/de\\\/\",\"logo\":{\"@type\":\"ImageObject\",\"inLanguage\":\"de\",\"@id\":\"https:\\\/\\\/korint.eu\\\/de\\\/#\\\/schema\\\/logo\\\/image\\\/\",\"url\":\"https:\\\/\\\/korint.eu\\\/wp-content\\\/uploads\\\/2025\\\/01\\\/Vacature-icon-korint\u00ae.jpg\",\"contentUrl\":\"https:\\\/\\\/korint.eu\\\/wp-content\\\/uploads\\\/2025\\\/01\\\/Vacature-icon-korint\u00ae.jpg\",\"width\":1000,\"height\":1000,\"caption\":\"Korint\u00ae\"},\"image\":{\"@id\":\"https:\\\/\\\/korint.eu\\\/de\\\/#\\\/schema\\\/logo\\\/image\\\/\"},\"sameAs\":[\"https:\\\/\\\/www.facebook.com\\\/korintnederland\\\/\",\"https:\\\/\\\/www.instagram.com\\\/korint_nederland\\\/\",\"https:\\\/\\\/www.linkedin.com\\\/company\\\/korint-medical-recruitment\\\/\"]}]}<\/script>\n<!-- \/ Yoast SEO plugin. -->","yoast_head_json":{"title":"Neurochirurgie (tempor\u00e4r) - Pflegefachperson in Bern - Korint\u00ae","robots":{"index":"index","follow":"follow","max-snippet":"max-snippet:-1","max-image-preview":"max-image-preview:large","max-video-preview":"max-video-preview:-1"},"canonical":"https:\/\/korint.eu\/de\/job\/neurochirurgie-temporaer-pflegefachperson-in-bern\/","og_locale":"de_DE","og_type":"article","og_title":"Neurochirurgie (tempor\u00e4r) - Pflegefachperson in Bern - Korint\u00ae","og_description":"Neurochirurgie &#8211; Korint\u00ae bietet Ihnen als tempor\u00e4re Pflegefachperson viele Vorteile. Wir entsenden Sie in Eins\u00e4tze ganz nach Ihren W\u00fcnschen. So bestimmen Sie selbst, wo, wann und wie lange Sie arbeiten m\u00f6chten. Dazu bieten wir Ihnen ein \u00fcberdurchschnittliches Gehalt, sehr gute Sozialleistungen, ma\u00dfgeschneiderte Beratung und eine pers\u00f6nliche Atmosph\u00e4re, sowie exclusive Chancen bei Top-Arbeitgebern im Schweizer und [&hellip;]","og_url":"https:\/\/korint.eu\/de\/job\/neurochirurgie-temporaer-pflegefachperson-in-bern\/","og_site_name":"Korint\u00ae","article_publisher":"https:\/\/www.facebook.com\/korintnederland\/","article_modified_time":"2025-03-31T09:21:14+00:00","og_image":[{"width":1920,"height":800,"url":"https:\/\/korint.eu\/wp-content\/uploads\/2025\/03\/Vacature-Fallback-Korint\u00ae-Nederland.jpg","type":"image\/jpeg"}],"twitter_card":"summary_large_image","twitter_misc":{"Gesch\u00e4tzte Lesezeit":"2\u00a0Minuten"},"schema":{"@context":"https:\/\/schema.org","@graph":[{"@type":"WebPage","@id":"https:\/\/korint.eu\/de\/job\/neurochirurgie-temporaer-pflegefachperson-in-bern\/","url":"https:\/\/korint.eu\/de\/job\/neurochirurgie-temporaer-pflegefachperson-in-bern\/","name":"Neurochirurgie (tempor\u00e4r) - Pflegefachperson in Bern - Korint\u00ae","isPartOf":{"@id":"https:\/\/korint.eu\/de\/#website"},"primaryImageOfPage":{"@id":"https:\/\/korint.eu\/de\/job\/neurochirurgie-temporaer-pflegefachperson-in-bern\/#primaryimage"},"image":{"@id":"https:\/\/korint.eu\/de\/job\/neurochirurgie-temporaer-pflegefachperson-in-bern\/#primaryimage"},"thumbnailUrl":"https:\/\/korint.eu\/wp-content\/uploads\/2025\/03\/Vacature-Fallback-Korint\u00ae-Nederland.jpg","datePublished":"2025-03-18T14:56:40+00:00","dateModified":"2025-03-31T09:21:14+00:00","breadcrumb":{"@id":"https:\/\/korint.eu\/de\/job\/neurochirurgie-temporaer-pflegefachperson-in-bern\/#breadcrumb"},"inLanguage":"de","potentialAction":[{"@type":"ReadAction","target":["https:\/\/korint.eu\/de\/job\/neurochirurgie-temporaer-pflegefachperson-in-bern\/"]}]},{"@type":"ImageObject","inLanguage":"de","@id":"https:\/\/korint.eu\/de\/job\/neurochirurgie-temporaer-pflegefachperson-in-bern\/#primaryimage","url":"https:\/\/korint.eu\/wp-content\/uploads\/2025\/03\/Vacature-Fallback-Korint\u00ae-Nederland.jpg","contentUrl":"https:\/\/korint.eu\/wp-content\/uploads\/2025\/03\/Vacature-Fallback-Korint\u00ae-Nederland.jpg","width":1920,"height":800},{"@type":"BreadcrumbList","@id":"https:\/\/korint.eu\/de\/job\/neurochirurgie-temporaer-pflegefachperson-in-bern\/#breadcrumb","itemListElement":[{"@type":"ListItem","position":1,"name":"Home","item":"https:\/\/korint.eu\/de\/"},{"@type":"ListItem","position":2,"name":"Neurochirurgie (tempor\u00e4r) &#8211; Pflegefachperson in Bern"}]},{"@type":"WebSite","@id":"https:\/\/korint.eu\/de\/#website","url":"https:\/\/korint.eu\/de\/","name":"Korint\u00ae","description":"Flexibele carri\u00e8re mogelijkheden voor zorgprofessionals","publisher":{"@id":"https:\/\/korint.eu\/de\/#organization"},"potentialAction":[{"@type":"SearchAction","target":{"@type":"EntryPoint","urlTemplate":"https:\/\/korint.eu\/de\/?s={search_term_string}"},"query-input":{"@type":"PropertyValueSpecification","valueRequired":true,"valueName":"search_term_string"}}],"inLanguage":"de"},{"@type":"Organization","@id":"https:\/\/korint.eu\/de\/#organization","name":"Korint\u00ae","url":"https:\/\/korint.eu\/de\/","logo":{"@type":"ImageObject","inLanguage":"de","@id":"https:\/\/korint.eu\/de\/#\/schema\/logo\/image\/","url":"https:\/\/korint.eu\/wp-content\/uploads\/2025\/01\/Vacature-icon-korint\u00ae.jpg","contentUrl":"https:\/\/korint.eu\/wp-content\/uploads\/2025\/01\/Vacature-icon-korint\u00ae.jpg","width":1000,"height":1000,"caption":"Korint\u00ae"},"image":{"@id":"https:\/\/korint.eu\/de\/#\/schema\/logo\/image\/"},"sameAs":["https:\/\/www.facebook.com\/korintnederland\/","https:\/\/www.instagram.com\/korint_nederland\/","https:\/\/www.linkedin.com\/company\/korint-medical-recruitment\/"]}]}},"_links":{"self":[{"href":"https:\/\/korint.eu\/de\/wp-json\/wp\/v2\/job-listings\/7879","targetHints":{"allow":["GET"]}}],"collection":[{"href":"https:\/\/korint.eu\/de\/wp-json\/wp\/v2\/job-listings"}],"about":[{"href":"https:\/\/korint.eu\/de\/wp-json\/wp\/v2\/types\/job_listing"}],"author":[{"embeddable":true,"href":"https:\/\/korint.eu\/de\/wp-json\/wp\/v2\/users\/1"}],"wp:featuredmedia":[{"embeddable":true,"href":"https:\/\/korint.eu\/de\/wp-json\/wp\/v2\/media\/7056"}],"wp:attachment":[{"href":"https:\/\/korint.eu\/de\/wp-json\/wp\/v2\/media?parent=7879"}],"wp:term":[{"taxonomy":"job_listing_category","embeddable":true,"href":"https:\/\/korint.eu\/de\/wp-json\/wp\/v2\/job-categories?post=7879"},{"taxonomy":"job_listing_type","embeddable":true,"href":"https:\/\/korint.eu\/de\/wp-json\/wp\/v2\/job-types?post=7879"}],"curies":[{"name":"wp","href":"https:\/\/api.w.org\/{rel}","templated":true}]}}