{"id":7869,"date":"2025-03-18T14:56:40","date_gmt":"2025-03-18T14:56:40","guid":{"rendered":"https:\/\/korint.eu\/job\/psychiatrie-psychotherapie-dipl-pflegefachfrau-pflegefachmann\/"},"modified":"2025-03-31T09:51:15","modified_gmt":"2025-03-31T07:51:15","slug":"psychiatrie-psychotherapie-dipl-pflegefachfrau-pflegefachmann","status":"publish","type":"job_listing","link":"https:\/\/korint.eu\/de\/job\/psychiatrie-psychotherapie-dipl-pflegefachfrau-pflegefachmann\/","title":{"rendered":"Psychiatrie &#038; Psychotherapie -Dipl.Pflegefachfrau\/Pflegefachmann"},"content":{"rendered":"<p>Psychiatrie und Psychotherapie &#8211; Unser Kunde geh\u00f6rt zu einer der \u00e4ltesten Schweizer Privatkliniken mit den Fachklinikbereichen f\u00fcr Psychiatrie und Psychotherapie. Als Listenspital erf\u00fcllt es einen staatlichen Leistungsauftrag. Wir f\u00fchlen uns entsprechend verpflichtet, in diesem Rahmen die bestm\u00f6gliche psychiatrische Versorgung zu gew\u00e4hrleisten. Das gesamte Angebot steht allen grundversicherten Patientinnen und Patienten unabh\u00e4ngig von ihrem Wohnkanton zur Verf\u00fcgung. Deshalb werden Sie jetzt Teil eines interdisziplin\u00e4ren Teams und profitieren von den weitreichenden Erfahrungen Ihrer neuen Kollegen. Lernen Sie die Vorteile des Schweizer Gesundheitswesen kennen und profitieren Sie von einer modernen Infrastruktur mit weitreichenden M\u00f6glichkeiten.<\/p>\n<p>Zus\u00e4tzlich punktet die Schweiz mit einem hohen Freizeitwert. Neben zahlreichen kulturellen Highlights l\u00e4dt die vielschichtige Umgebung zu Wander- Berg- und Skitouren ein. Wassersportler kommen zum Beispiel am nahegelegenen See auf ihre Kosten. So vielseitig kann die Freizeit einer Dipl. Hebamme in Z\u00fcrich sein.<\/p>\n<h3>Psychiatrie &amp; Psychotherapie &#8211; Dipl. Pflegefachfrau\/Pflegefachmann &#8211; Wir bieten Ihnen<\/h3>\n<ul>\n<li>Besonders stilvolle Anlage 10 Minuten von Z\u00fcrich<\/li>\n<li>Famili\u00e4re Atmosph\u00e4re<\/li>\n<li>Interessante und abwechslungsreiche Arbeit<\/li>\n<li>Grossz\u00fcgige Unterst\u00fctzung von Kursen, Veranstaltungen und l\u00e4ngeren Ausbildungen<\/li>\n<li>Sie werden Teil eines sehr offenen, humorvollen und herzlichen Teams<\/li>\n<li>Gesund und g\u00fcnstig essen im Personalrestaurant mit Panoramaterrasse<\/li>\n<li>Ein unbefristeter Arbeitsvertrag<\/li>\n<li>Einen Vermittlungsbonus von bis zu 1500,-\u20ac<\/li>\n<li>Kostenfreie Vermittlung f\u00fcr Arbeitnehmer<\/li>\n<\/ul>\n<h3>Ihre Aufgaben als Dipl. Pflegefachfrau\/Pflegefachmann in Z\u00fcrich:<\/h3>\n<ul>\n<li>Bezugspflege sowie Angeh\u00f6rigenarbeit auf einer offenen Akutaufnahmestation mit Schwerpunkt Abh\u00e4ngigkeitserkrankungen<\/li>\n<li>&#8222;Hand in Hand&#8220;- Arbeiten im Kernteam: Zusammen mit der Fallf\u00fchrung gestalten Sie geeignete Behandlungsverl\u00e4ufe f\u00fcr Ihre Patientinnen und Patienten<\/li>\n<li>&#8222;Nicht f\u00fcr Betroffene, sondern gemeinsam mit Betroffenen!&#8220;: Durch ihre recovery- orientierte Haltung und Handlung bef\u00e4higen Sie die Patientinnen und Patienten dazu, deren gew\u00fcnschte Selbstst\u00e4ndigkeit wieder zu erlangen<\/li>\n<li>Zusammen mit den Berufsbildnern und unserer Pflegep\u00e4dagogik geben Sie ihr Fachwissen an Studierende im Stationsalltag weiter<\/li>\n<\/ul>\n<div id=\"skills\" class=\"text\">\n<h3>Psychiatrie &amp; Psychotherapie &#8211; Welche Qualifizierung bringen Sie mit?<\/h3>\n<ul>\n<li>Sie sind Pflegefachperson HF \/ FH mit Herz und Verstand, die Pflege auf Augenh\u00f6he mit Patienten verrichtet<\/li>\n<li>Die Patientinnen und Patienten sowie die Behandlungsteam profitieren von Ihrer beruflichen Erfahrung aus dem psychiatrischen Bereich, vorzugsweise der Akutpsychiatrie<\/li>\n<li>Durch Ihre Offenheit und Flexibilit\u00e4t gelingt es Ihnen, die Patientinnen und Patienten individuell in der Behandlung ihrer Abh\u00e4ngigkeitserkrankung zu begleiten<\/li>\n<li>Ihre zuverl\u00e4ssige und selbst\u00e4ndige Arbeitsweise tr\u00e4gt zur Erhaltung unserer gemeinschaftlichen Teamkultur bei<\/li>\n<li>Flexibilit\u00e4t und gute Deutschkenntnisse runden Ihr Profil ab.<\/li>\n<\/ul>\n<\/div>\n","protected":false},"author":1,"featured_media":7056,"template":"","meta":{"_et_pb_use_builder":"","_et_pb_old_content":"","_et_gb_content_width":"","_promoted":"","_job_location":"Z\u00fcrich, Schweiz","_application":"recruitment@korint.eu","_company_name":"Korint\u00ae","_company_website":"https:\/\/korint.eu\/de\/","_company_tagline":"Wir f\u00f6rdern die Karrieren von Fachkr\u00e4ften im Gesundheitswesen.","_company_twitter":"","_company_video":"","_filled":0,"_featured":0,"_remote_position":0,"_job_salary":"","_job_salary_currency":"","_job_salary_unit":""},"job-categories":[],"job-types":[230],"class_list":{"0":"post-7869","1":"job_listing","2":"type-job_listing","3":"status-publish","4":"has-post-thumbnail","5":"hentry","7":"job-type-rekrutierung-und-auswahl"},"yoast_head":"<!-- This site is optimized with the Yoast SEO plugin v27.5 - https:\/\/yoast.com\/product\/yoast-seo-wordpress\/ -->\n<title>Psychiatrie &amp; Psychotherapie -Dipl.Pflegefachfrau\/Pflegefachmann - Korint\u00ae<\/title>\n<meta name=\"robots\" content=\"index, follow, max-snippet:-1, max-image-preview:large, max-video-preview:-1\" \/>\n<link rel=\"canonical\" href=\"https:\/\/korint.eu\/de\/job\/psychiatrie-psychotherapie-dipl-pflegefachfrau-pflegefachmann\/\" \/>\n<meta property=\"og:locale\" content=\"de_DE\" \/>\n<meta property=\"og:type\" content=\"article\" \/>\n<meta property=\"og:title\" content=\"Psychiatrie &amp; Psychotherapie -Dipl.Pflegefachfrau\/Pflegefachmann - Korint\u00ae\" \/>\n<meta property=\"og:description\" content=\"Psychiatrie und Psychotherapie &#8211; Unser Kunde geh\u00f6rt zu einer der \u00e4ltesten Schweizer Privatkliniken mit den Fachklinikbereichen f\u00fcr Psychiatrie und Psychotherapie. Als Listenspital erf\u00fcllt es einen staatlichen Leistungsauftrag. Wir f\u00fchlen uns entsprechend verpflichtet, in diesem Rahmen die bestm\u00f6gliche psychiatrische Versorgung zu gew\u00e4hrleisten. Das gesamte Angebot steht allen grundversicherten Patientinnen und Patienten unabh\u00e4ngig von ihrem Wohnkanton zur [&hellip;]\" \/>\n<meta property=\"og:url\" content=\"https:\/\/korint.eu\/de\/job\/psychiatrie-psychotherapie-dipl-pflegefachfrau-pflegefachmann\/\" \/>\n<meta property=\"og:site_name\" content=\"Korint\u00ae\" \/>\n<meta property=\"article:publisher\" content=\"https:\/\/www.facebook.com\/korintnederland\/\" \/>\n<meta property=\"article:modified_time\" content=\"2025-03-31T07:51:15+00:00\" \/>\n<meta property=\"og:image\" content=\"https:\/\/korint.eu\/wp-content\/uploads\/2025\/03\/Vacature-Fallback-Korint\u00ae-Nederland.jpg\" \/>\n\t<meta property=\"og:image:width\" content=\"1920\" \/>\n\t<meta property=\"og:image:height\" content=\"800\" \/>\n\t<meta property=\"og:image:type\" content=\"image\/jpeg\" \/>\n<meta name=\"twitter:card\" content=\"summary_large_image\" \/>\n<meta name=\"twitter:label1\" content=\"Gesch\u00e4tzte Lesezeit\" \/>\n\t<meta name=\"twitter:data1\" content=\"2\u00a0Minuten\" \/>\n<script type=\"application\/ld+json\" class=\"yoast-schema-graph\">{\"@context\":\"https:\\\/\\\/schema.org\",\"@graph\":[{\"@type\":\"WebPage\",\"@id\":\"https:\\\/\\\/korint.eu\\\/de\\\/job\\\/psychiatrie-psychotherapie-dipl-pflegefachfrau-pflegefachmann\\\/\",\"url\":\"https:\\\/\\\/korint.eu\\\/de\\\/job\\\/psychiatrie-psychotherapie-dipl-pflegefachfrau-pflegefachmann\\\/\",\"name\":\"Psychiatrie & Psychotherapie -Dipl.Pflegefachfrau\\\/Pflegefachmann - Korint\u00ae\",\"isPartOf\":{\"@id\":\"https:\\\/\\\/korint.eu\\\/de\\\/#website\"},\"primaryImageOfPage\":{\"@id\":\"https:\\\/\\\/korint.eu\\\/de\\\/job\\\/psychiatrie-psychotherapie-dipl-pflegefachfrau-pflegefachmann\\\/#primaryimage\"},\"image\":{\"@id\":\"https:\\\/\\\/korint.eu\\\/de\\\/job\\\/psychiatrie-psychotherapie-dipl-pflegefachfrau-pflegefachmann\\\/#primaryimage\"},\"thumbnailUrl\":\"https:\\\/\\\/korint.eu\\\/wp-content\\\/uploads\\\/2025\\\/03\\\/Vacature-Fallback-Korint\u00ae-Nederland.jpg\",\"datePublished\":\"2025-03-18T14:56:40+00:00\",\"dateModified\":\"2025-03-31T07:51:15+00:00\",\"breadcrumb\":{\"@id\":\"https:\\\/\\\/korint.eu\\\/de\\\/job\\\/psychiatrie-psychotherapie-dipl-pflegefachfrau-pflegefachmann\\\/#breadcrumb\"},\"inLanguage\":\"de\",\"potentialAction\":[{\"@type\":\"ReadAction\",\"target\":[\"https:\\\/\\\/korint.eu\\\/de\\\/job\\\/psychiatrie-psychotherapie-dipl-pflegefachfrau-pflegefachmann\\\/\"]}]},{\"@type\":\"ImageObject\",\"inLanguage\":\"de\",\"@id\":\"https:\\\/\\\/korint.eu\\\/de\\\/job\\\/psychiatrie-psychotherapie-dipl-pflegefachfrau-pflegefachmann\\\/#primaryimage\",\"url\":\"https:\\\/\\\/korint.eu\\\/wp-content\\\/uploads\\\/2025\\\/03\\\/Vacature-Fallback-Korint\u00ae-Nederland.jpg\",\"contentUrl\":\"https:\\\/\\\/korint.eu\\\/wp-content\\\/uploads\\\/2025\\\/03\\\/Vacature-Fallback-Korint\u00ae-Nederland.jpg\",\"width\":1920,\"height\":800},{\"@type\":\"BreadcrumbList\",\"@id\":\"https:\\\/\\\/korint.eu\\\/de\\\/job\\\/psychiatrie-psychotherapie-dipl-pflegefachfrau-pflegefachmann\\\/#breadcrumb\",\"itemListElement\":[{\"@type\":\"ListItem\",\"position\":1,\"name\":\"Home\",\"item\":\"https:\\\/\\\/korint.eu\\\/de\\\/\"},{\"@type\":\"ListItem\",\"position\":2,\"name\":\"Psychiatrie &#038; Psychotherapie -Dipl.Pflegefachfrau\\\/Pflegefachmann\"}]},{\"@type\":\"WebSite\",\"@id\":\"https:\\\/\\\/korint.eu\\\/de\\\/#website\",\"url\":\"https:\\\/\\\/korint.eu\\\/de\\\/\",\"name\":\"Korint\u00ae\",\"description\":\"Flexibele carri\u00e8re mogelijkheden voor zorgprofessionals\",\"publisher\":{\"@id\":\"https:\\\/\\\/korint.eu\\\/de\\\/#organization\"},\"potentialAction\":[{\"@type\":\"SearchAction\",\"target\":{\"@type\":\"EntryPoint\",\"urlTemplate\":\"https:\\\/\\\/korint.eu\\\/de\\\/?s={search_term_string}\"},\"query-input\":{\"@type\":\"PropertyValueSpecification\",\"valueRequired\":true,\"valueName\":\"search_term_string\"}}],\"inLanguage\":\"de\"},{\"@type\":\"Organization\",\"@id\":\"https:\\\/\\\/korint.eu\\\/de\\\/#organization\",\"name\":\"Korint\u00ae\",\"url\":\"https:\\\/\\\/korint.eu\\\/de\\\/\",\"logo\":{\"@type\":\"ImageObject\",\"inLanguage\":\"de\",\"@id\":\"https:\\\/\\\/korint.eu\\\/de\\\/#\\\/schema\\\/logo\\\/image\\\/\",\"url\":\"https:\\\/\\\/korint.eu\\\/wp-content\\\/uploads\\\/2025\\\/01\\\/Vacature-icon-korint\u00ae.jpg\",\"contentUrl\":\"https:\\\/\\\/korint.eu\\\/wp-content\\\/uploads\\\/2025\\\/01\\\/Vacature-icon-korint\u00ae.jpg\",\"width\":1000,\"height\":1000,\"caption\":\"Korint\u00ae\"},\"image\":{\"@id\":\"https:\\\/\\\/korint.eu\\\/de\\\/#\\\/schema\\\/logo\\\/image\\\/\"},\"sameAs\":[\"https:\\\/\\\/www.facebook.com\\\/korintnederland\\\/\",\"https:\\\/\\\/www.instagram.com\\\/korint_nederland\\\/\",\"https:\\\/\\\/www.linkedin.com\\\/company\\\/korint-medical-recruitment\\\/\"]}]}<\/script>\n<!-- \/ Yoast SEO plugin. -->","yoast_head_json":{"title":"Psychiatrie & Psychotherapie -Dipl.Pflegefachfrau\/Pflegefachmann - Korint\u00ae","robots":{"index":"index","follow":"follow","max-snippet":"max-snippet:-1","max-image-preview":"max-image-preview:large","max-video-preview":"max-video-preview:-1"},"canonical":"https:\/\/korint.eu\/de\/job\/psychiatrie-psychotherapie-dipl-pflegefachfrau-pflegefachmann\/","og_locale":"de_DE","og_type":"article","og_title":"Psychiatrie & Psychotherapie -Dipl.Pflegefachfrau\/Pflegefachmann - Korint\u00ae","og_description":"Psychiatrie und Psychotherapie &#8211; Unser Kunde geh\u00f6rt zu einer der \u00e4ltesten Schweizer Privatkliniken mit den Fachklinikbereichen f\u00fcr Psychiatrie und Psychotherapie. Als Listenspital erf\u00fcllt es einen staatlichen Leistungsauftrag. Wir f\u00fchlen uns entsprechend verpflichtet, in diesem Rahmen die bestm\u00f6gliche psychiatrische Versorgung zu gew\u00e4hrleisten. Das gesamte Angebot steht allen grundversicherten Patientinnen und Patienten unabh\u00e4ngig von ihrem Wohnkanton zur [&hellip;]","og_url":"https:\/\/korint.eu\/de\/job\/psychiatrie-psychotherapie-dipl-pflegefachfrau-pflegefachmann\/","og_site_name":"Korint\u00ae","article_publisher":"https:\/\/www.facebook.com\/korintnederland\/","article_modified_time":"2025-03-31T07:51:15+00:00","og_image":[{"width":1920,"height":800,"url":"https:\/\/korint.eu\/wp-content\/uploads\/2025\/03\/Vacature-Fallback-Korint\u00ae-Nederland.jpg","type":"image\/jpeg"}],"twitter_card":"summary_large_image","twitter_misc":{"Gesch\u00e4tzte Lesezeit":"2\u00a0Minuten"},"schema":{"@context":"https:\/\/schema.org","@graph":[{"@type":"WebPage","@id":"https:\/\/korint.eu\/de\/job\/psychiatrie-psychotherapie-dipl-pflegefachfrau-pflegefachmann\/","url":"https:\/\/korint.eu\/de\/job\/psychiatrie-psychotherapie-dipl-pflegefachfrau-pflegefachmann\/","name":"Psychiatrie & Psychotherapie -Dipl.Pflegefachfrau\/Pflegefachmann - Korint\u00ae","isPartOf":{"@id":"https:\/\/korint.eu\/de\/#website"},"primaryImageOfPage":{"@id":"https:\/\/korint.eu\/de\/job\/psychiatrie-psychotherapie-dipl-pflegefachfrau-pflegefachmann\/#primaryimage"},"image":{"@id":"https:\/\/korint.eu\/de\/job\/psychiatrie-psychotherapie-dipl-pflegefachfrau-pflegefachmann\/#primaryimage"},"thumbnailUrl":"https:\/\/korint.eu\/wp-content\/uploads\/2025\/03\/Vacature-Fallback-Korint\u00ae-Nederland.jpg","datePublished":"2025-03-18T14:56:40+00:00","dateModified":"2025-03-31T07:51:15+00:00","breadcrumb":{"@id":"https:\/\/korint.eu\/de\/job\/psychiatrie-psychotherapie-dipl-pflegefachfrau-pflegefachmann\/#breadcrumb"},"inLanguage":"de","potentialAction":[{"@type":"ReadAction","target":["https:\/\/korint.eu\/de\/job\/psychiatrie-psychotherapie-dipl-pflegefachfrau-pflegefachmann\/"]}]},{"@type":"ImageObject","inLanguage":"de","@id":"https:\/\/korint.eu\/de\/job\/psychiatrie-psychotherapie-dipl-pflegefachfrau-pflegefachmann\/#primaryimage","url":"https:\/\/korint.eu\/wp-content\/uploads\/2025\/03\/Vacature-Fallback-Korint\u00ae-Nederland.jpg","contentUrl":"https:\/\/korint.eu\/wp-content\/uploads\/2025\/03\/Vacature-Fallback-Korint\u00ae-Nederland.jpg","width":1920,"height":800},{"@type":"BreadcrumbList","@id":"https:\/\/korint.eu\/de\/job\/psychiatrie-psychotherapie-dipl-pflegefachfrau-pflegefachmann\/#breadcrumb","itemListElement":[{"@type":"ListItem","position":1,"name":"Home","item":"https:\/\/korint.eu\/de\/"},{"@type":"ListItem","position":2,"name":"Psychiatrie &#038; Psychotherapie -Dipl.Pflegefachfrau\/Pflegefachmann"}]},{"@type":"WebSite","@id":"https:\/\/korint.eu\/de\/#website","url":"https:\/\/korint.eu\/de\/","name":"Korint\u00ae","description":"Flexibele carri\u00e8re mogelijkheden voor zorgprofessionals","publisher":{"@id":"https:\/\/korint.eu\/de\/#organization"},"potentialAction":[{"@type":"SearchAction","target":{"@type":"EntryPoint","urlTemplate":"https:\/\/korint.eu\/de\/?s={search_term_string}"},"query-input":{"@type":"PropertyValueSpecification","valueRequired":true,"valueName":"search_term_string"}}],"inLanguage":"de"},{"@type":"Organization","@id":"https:\/\/korint.eu\/de\/#organization","name":"Korint\u00ae","url":"https:\/\/korint.eu\/de\/","logo":{"@type":"ImageObject","inLanguage":"de","@id":"https:\/\/korint.eu\/de\/#\/schema\/logo\/image\/","url":"https:\/\/korint.eu\/wp-content\/uploads\/2025\/01\/Vacature-icon-korint\u00ae.jpg","contentUrl":"https:\/\/korint.eu\/wp-content\/uploads\/2025\/01\/Vacature-icon-korint\u00ae.jpg","width":1000,"height":1000,"caption":"Korint\u00ae"},"image":{"@id":"https:\/\/korint.eu\/de\/#\/schema\/logo\/image\/"},"sameAs":["https:\/\/www.facebook.com\/korintnederland\/","https:\/\/www.instagram.com\/korint_nederland\/","https:\/\/www.linkedin.com\/company\/korint-medical-recruitment\/"]}]}},"_links":{"self":[{"href":"https:\/\/korint.eu\/de\/wp-json\/wp\/v2\/job-listings\/7869","targetHints":{"allow":["GET"]}}],"collection":[{"href":"https:\/\/korint.eu\/de\/wp-json\/wp\/v2\/job-listings"}],"about":[{"href":"https:\/\/korint.eu\/de\/wp-json\/wp\/v2\/types\/job_listing"}],"author":[{"embeddable":true,"href":"https:\/\/korint.eu\/de\/wp-json\/wp\/v2\/users\/1"}],"wp:featuredmedia":[{"embeddable":true,"href":"https:\/\/korint.eu\/de\/wp-json\/wp\/v2\/media\/7056"}],"wp:attachment":[{"href":"https:\/\/korint.eu\/de\/wp-json\/wp\/v2\/media?parent=7869"}],"wp:term":[{"taxonomy":"job_listing_category","embeddable":true,"href":"https:\/\/korint.eu\/de\/wp-json\/wp\/v2\/job-categories?post=7869"},{"taxonomy":"job_listing_type","embeddable":true,"href":"https:\/\/korint.eu\/de\/wp-json\/wp\/v2\/job-types?post=7869"}],"curies":[{"name":"wp","href":"https:\/\/api.w.org\/{rel}","templated":true}]}}