{"id":6808,"date":"2025-03-27T10:54:16","date_gmt":"2025-03-27T09:54:16","guid":{"rendered":"https:\/\/korint.eu\/job\/experte-expertin-notfallpflege-in-bern\/"},"modified":"2025-04-02T14:17:24","modified_gmt":"2025-04-02T12:17:24","slug":"experte-expertin-notfallpflege-in-bern","status":"publish","type":"job_listing","link":"https:\/\/korint.eu\/de\/job\/experte-expertin-notfallpflege-in-bern\/","title":{"rendered":"Experte\/ Expertin Notfallpflege in Bern"},"content":{"rendered":"<p>Experte\/ Expertin Notfallpflege in Bern (60-100%) \u2013 Unser Kunde ist auf der Suche nach einer\/ einem Experte\/ Expertin f\u00fcr die Notfallaufnahme, die\/ der das Team auf individuelle Art komplettiert und sich den verschiedenen Herausforderungen des Berufs kompetent stellt. Sind Sie Berufswiedereinsteiger oder einfach nur bereit f\u00fcr eine Ver\u00e4nderung? Wir laden Sie ein, unser Portal zu nutzen und durchzustarten.<\/p>\n<h3>Worauf Sie sich freuen d\u00fcrfen:<\/h3>\n<ul>\n<li>Im Regelfall einen Vermittlungsbonus<\/li>\n<li>Einen festen Arbeitsvertrag<\/li>\n<li>Dynamisches Arbeitsumfeld mit modernster Infrastruktur.<\/li>\n<li>Diverse Weiterbildungsm\u00f6glichkeiten (mit maximalem Support durch den Arbeitgeber)<\/li>\n<li>Hochprofessionelles Team<\/li>\n<\/ul>\n<h3>Ihre Aufgaben als Experte\/ Expertin Notfallpflege in Bern:<\/h3>\n<ul>\n<li>Betreuung und Pflege von Notfallpatientinnen und Patienten aller Altersgruppen<\/li>\n<li>Sie koordinieren und organisieren den Tagesablauf im Notfallzentrum.<\/li>\n<li>Sie stellen die notfallmedizinische Triagierung sicher.<\/li>\n<li>Mithilfe bei Repositionen sowie das Anlegen von einfachen Gipsverb\u00e4nden und anderen Spezialverb\u00e4nden fallen in ihren Zust\u00e4ndigkeitsbereich.<\/li>\n<\/ul>\n<h3>Ihr Profil als Experte\/ Expertin Notfallpflege in Bern:<\/h3>\n<ul class=\"list\">\n<li>Sie sind Dipl. Expertin\/ Experte Notfallpflege NDS und verf\u00fcgen \u00fcber eine Ausbildung als Pflegefachperson oder eine gleichwertige Ausbildung<\/li>\n<li>Kooperative, teamorientierte und engagierte Pers\u00f6nlichkeit<\/li>\n<li>Ihre Arbeitsweise ist selbstst\u00e4ndig und zielorientiert.<\/li>\n<li>Gute Deutsckenntnisse in Wort und Schrift (B2\/ C1)<\/li>\n<\/ul>\n","protected":false},"author":1,"featured_media":6466,"template":"","meta":{"_et_pb_use_builder":"","_et_pb_old_content":"","_et_gb_content_width":"","_promoted":"","_job_location":"Schweiz, Bern","_application":"","_company_name":"Korint\u00ae","_company_website":"https:\/\/korint.eu\/de\/","_company_tagline":"Wir f\u00f6rdern die Karrieren von Fachkr\u00e4ften im Gesundheitswesen","_company_twitter":"","_company_video":"","_filled":0,"_featured":0,"_remote_position":0,"_job_salary":"","_job_salary_currency":"","_job_salary_unit":""},"job-categories":[136],"job-types":[74],"class_list":{"0":"post-6808","1":"job_listing","2":"type-job_listing","3":"status-publish","4":"has-post-thumbnail","5":"hentry","7":"job-type-festanstellung"},"yoast_head":"<!-- This site is optimized with the Yoast SEO plugin v27.5 - https:\/\/yoast.com\/product\/yoast-seo-wordpress\/ -->\n<title>Experte\/ Expertin Notfallpflege in Bern - Korint\u00ae<\/title>\n<meta name=\"robots\" content=\"index, follow, max-snippet:-1, max-image-preview:large, max-video-preview:-1\" \/>\n<link rel=\"canonical\" href=\"https:\/\/korint.eu\/de\/job\/experte-expertin-notfallpflege-in-bern\/\" \/>\n<meta property=\"og:locale\" content=\"de_DE\" \/>\n<meta property=\"og:type\" content=\"article\" \/>\n<meta property=\"og:title\" content=\"Experte\/ Expertin Notfallpflege in Bern - Korint\u00ae\" \/>\n<meta property=\"og:description\" content=\"Experte\/ Expertin Notfallpflege in Bern (60-100%) \u2013 Unser Kunde ist auf der Suche nach einer\/ einem Experte\/ Expertin f\u00fcr die Notfallaufnahme, die\/ der das Team auf individuelle Art komplettiert und sich den verschiedenen Herausforderungen des Berufs kompetent stellt. Sind Sie Berufswiedereinsteiger oder einfach nur bereit f\u00fcr eine Ver\u00e4nderung? Wir laden Sie ein, unser Portal zu [&hellip;]\" \/>\n<meta property=\"og:url\" content=\"https:\/\/korint.eu\/de\/job\/experte-expertin-notfallpflege-in-bern\/\" \/>\n<meta property=\"og:site_name\" content=\"Korint\u00ae\" \/>\n<meta property=\"article:publisher\" content=\"https:\/\/www.facebook.com\/korintnederland\/\" \/>\n<meta property=\"article:modified_time\" content=\"2025-04-02T12:17:24+00:00\" \/>\n<meta property=\"og:image\" content=\"https:\/\/korint.eu\/wp-content\/uploads\/2025\/02\/SEH-Verpleegkundige-Zwitserland.jpg\" \/>\n\t<meta property=\"og:image:width\" content=\"1920\" \/>\n\t<meta property=\"og:image:height\" content=\"800\" \/>\n\t<meta property=\"og:image:type\" content=\"image\/jpeg\" \/>\n<meta name=\"twitter:card\" content=\"summary_large_image\" \/>\n<meta name=\"twitter:label1\" content=\"Gesch\u00e4tzte Lesezeit\" \/>\n\t<meta name=\"twitter:data1\" content=\"2\u00a0Minuten\" \/>\n<script type=\"application\/ld+json\" class=\"yoast-schema-graph\">{\"@context\":\"https:\\\/\\\/schema.org\",\"@graph\":[{\"@type\":\"WebPage\",\"@id\":\"https:\\\/\\\/korint.eu\\\/de\\\/job\\\/experte-expertin-notfallpflege-in-bern\\\/\",\"url\":\"https:\\\/\\\/korint.eu\\\/de\\\/job\\\/experte-expertin-notfallpflege-in-bern\\\/\",\"name\":\"Experte\\\/ Expertin Notfallpflege in Bern - Korint\u00ae\",\"isPartOf\":{\"@id\":\"https:\\\/\\\/korint.eu\\\/de\\\/#website\"},\"primaryImageOfPage\":{\"@id\":\"https:\\\/\\\/korint.eu\\\/de\\\/job\\\/experte-expertin-notfallpflege-in-bern\\\/#primaryimage\"},\"image\":{\"@id\":\"https:\\\/\\\/korint.eu\\\/de\\\/job\\\/experte-expertin-notfallpflege-in-bern\\\/#primaryimage\"},\"thumbnailUrl\":\"https:\\\/\\\/korint.eu\\\/wp-content\\\/uploads\\\/2025\\\/02\\\/SEH-Verpleegkundige-Zwitserland.jpg\",\"datePublished\":\"2025-03-27T09:54:16+00:00\",\"dateModified\":\"2025-04-02T12:17:24+00:00\",\"breadcrumb\":{\"@id\":\"https:\\\/\\\/korint.eu\\\/de\\\/job\\\/experte-expertin-notfallpflege-in-bern\\\/#breadcrumb\"},\"inLanguage\":\"de\",\"potentialAction\":[{\"@type\":\"ReadAction\",\"target\":[\"https:\\\/\\\/korint.eu\\\/de\\\/job\\\/experte-expertin-notfallpflege-in-bern\\\/\"]}]},{\"@type\":\"ImageObject\",\"inLanguage\":\"de\",\"@id\":\"https:\\\/\\\/korint.eu\\\/de\\\/job\\\/experte-expertin-notfallpflege-in-bern\\\/#primaryimage\",\"url\":\"https:\\\/\\\/korint.eu\\\/wp-content\\\/uploads\\\/2025\\\/02\\\/SEH-Verpleegkundige-Zwitserland.jpg\",\"contentUrl\":\"https:\\\/\\\/korint.eu\\\/wp-content\\\/uploads\\\/2025\\\/02\\\/SEH-Verpleegkundige-Zwitserland.jpg\",\"width\":1920,\"height\":800,\"caption\":\"Werken als SEH Verpleegkundige in Zwitserland via Korint\u00ae\"},{\"@type\":\"BreadcrumbList\",\"@id\":\"https:\\\/\\\/korint.eu\\\/de\\\/job\\\/experte-expertin-notfallpflege-in-bern\\\/#breadcrumb\",\"itemListElement\":[{\"@type\":\"ListItem\",\"position\":1,\"name\":\"Home\",\"item\":\"https:\\\/\\\/korint.eu\\\/de\\\/\"},{\"@type\":\"ListItem\",\"position\":2,\"name\":\"Experte\\\/ Expertin Notfallpflege in Bern\"}]},{\"@type\":\"WebSite\",\"@id\":\"https:\\\/\\\/korint.eu\\\/de\\\/#website\",\"url\":\"https:\\\/\\\/korint.eu\\\/de\\\/\",\"name\":\"Korint\u00ae\",\"description\":\"Flexibele carri\u00e8re mogelijkheden voor zorgprofessionals\",\"publisher\":{\"@id\":\"https:\\\/\\\/korint.eu\\\/de\\\/#organization\"},\"potentialAction\":[{\"@type\":\"SearchAction\",\"target\":{\"@type\":\"EntryPoint\",\"urlTemplate\":\"https:\\\/\\\/korint.eu\\\/de\\\/?s={search_term_string}\"},\"query-input\":{\"@type\":\"PropertyValueSpecification\",\"valueRequired\":true,\"valueName\":\"search_term_string\"}}],\"inLanguage\":\"de\"},{\"@type\":\"Organization\",\"@id\":\"https:\\\/\\\/korint.eu\\\/de\\\/#organization\",\"name\":\"Korint\u00ae\",\"url\":\"https:\\\/\\\/korint.eu\\\/de\\\/\",\"logo\":{\"@type\":\"ImageObject\",\"inLanguage\":\"de\",\"@id\":\"https:\\\/\\\/korint.eu\\\/de\\\/#\\\/schema\\\/logo\\\/image\\\/\",\"url\":\"https:\\\/\\\/korint.eu\\\/wp-content\\\/uploads\\\/2025\\\/01\\\/Vacature-icon-korint\u00ae.jpg\",\"contentUrl\":\"https:\\\/\\\/korint.eu\\\/wp-content\\\/uploads\\\/2025\\\/01\\\/Vacature-icon-korint\u00ae.jpg\",\"width\":1000,\"height\":1000,\"caption\":\"Korint\u00ae\"},\"image\":{\"@id\":\"https:\\\/\\\/korint.eu\\\/de\\\/#\\\/schema\\\/logo\\\/image\\\/\"},\"sameAs\":[\"https:\\\/\\\/www.facebook.com\\\/korintnederland\\\/\",\"https:\\\/\\\/www.instagram.com\\\/korint_nederland\\\/\",\"https:\\\/\\\/www.linkedin.com\\\/company\\\/korint-medical-recruitment\\\/\"]}]}<\/script>\n<!-- \/ Yoast SEO plugin. -->","yoast_head_json":{"title":"Experte\/ Expertin Notfallpflege in Bern - Korint\u00ae","robots":{"index":"index","follow":"follow","max-snippet":"max-snippet:-1","max-image-preview":"max-image-preview:large","max-video-preview":"max-video-preview:-1"},"canonical":"https:\/\/korint.eu\/de\/job\/experte-expertin-notfallpflege-in-bern\/","og_locale":"de_DE","og_type":"article","og_title":"Experte\/ Expertin Notfallpflege in Bern - Korint\u00ae","og_description":"Experte\/ Expertin Notfallpflege in Bern (60-100%) \u2013 Unser Kunde ist auf der Suche nach einer\/ einem Experte\/ Expertin f\u00fcr die Notfallaufnahme, die\/ der das Team auf individuelle Art komplettiert und sich den verschiedenen Herausforderungen des Berufs kompetent stellt. Sind Sie Berufswiedereinsteiger oder einfach nur bereit f\u00fcr eine Ver\u00e4nderung? Wir laden Sie ein, unser Portal zu [&hellip;]","og_url":"https:\/\/korint.eu\/de\/job\/experte-expertin-notfallpflege-in-bern\/","og_site_name":"Korint\u00ae","article_publisher":"https:\/\/www.facebook.com\/korintnederland\/","article_modified_time":"2025-04-02T12:17:24+00:00","og_image":[{"width":1920,"height":800,"url":"https:\/\/korint.eu\/wp-content\/uploads\/2025\/02\/SEH-Verpleegkundige-Zwitserland.jpg","type":"image\/jpeg"}],"twitter_card":"summary_large_image","twitter_misc":{"Gesch\u00e4tzte Lesezeit":"2\u00a0Minuten"},"schema":{"@context":"https:\/\/schema.org","@graph":[{"@type":"WebPage","@id":"https:\/\/korint.eu\/de\/job\/experte-expertin-notfallpflege-in-bern\/","url":"https:\/\/korint.eu\/de\/job\/experte-expertin-notfallpflege-in-bern\/","name":"Experte\/ Expertin Notfallpflege in Bern - Korint\u00ae","isPartOf":{"@id":"https:\/\/korint.eu\/de\/#website"},"primaryImageOfPage":{"@id":"https:\/\/korint.eu\/de\/job\/experte-expertin-notfallpflege-in-bern\/#primaryimage"},"image":{"@id":"https:\/\/korint.eu\/de\/job\/experte-expertin-notfallpflege-in-bern\/#primaryimage"},"thumbnailUrl":"https:\/\/korint.eu\/wp-content\/uploads\/2025\/02\/SEH-Verpleegkundige-Zwitserland.jpg","datePublished":"2025-03-27T09:54:16+00:00","dateModified":"2025-04-02T12:17:24+00:00","breadcrumb":{"@id":"https:\/\/korint.eu\/de\/job\/experte-expertin-notfallpflege-in-bern\/#breadcrumb"},"inLanguage":"de","potentialAction":[{"@type":"ReadAction","target":["https:\/\/korint.eu\/de\/job\/experte-expertin-notfallpflege-in-bern\/"]}]},{"@type":"ImageObject","inLanguage":"de","@id":"https:\/\/korint.eu\/de\/job\/experte-expertin-notfallpflege-in-bern\/#primaryimage","url":"https:\/\/korint.eu\/wp-content\/uploads\/2025\/02\/SEH-Verpleegkundige-Zwitserland.jpg","contentUrl":"https:\/\/korint.eu\/wp-content\/uploads\/2025\/02\/SEH-Verpleegkundige-Zwitserland.jpg","width":1920,"height":800,"caption":"Werken als SEH Verpleegkundige in Zwitserland via Korint\u00ae"},{"@type":"BreadcrumbList","@id":"https:\/\/korint.eu\/de\/job\/experte-expertin-notfallpflege-in-bern\/#breadcrumb","itemListElement":[{"@type":"ListItem","position":1,"name":"Home","item":"https:\/\/korint.eu\/de\/"},{"@type":"ListItem","position":2,"name":"Experte\/ Expertin Notfallpflege in Bern"}]},{"@type":"WebSite","@id":"https:\/\/korint.eu\/de\/#website","url":"https:\/\/korint.eu\/de\/","name":"Korint\u00ae","description":"Flexibele carri\u00e8re mogelijkheden voor zorgprofessionals","publisher":{"@id":"https:\/\/korint.eu\/de\/#organization"},"potentialAction":[{"@type":"SearchAction","target":{"@type":"EntryPoint","urlTemplate":"https:\/\/korint.eu\/de\/?s={search_term_string}"},"query-input":{"@type":"PropertyValueSpecification","valueRequired":true,"valueName":"search_term_string"}}],"inLanguage":"de"},{"@type":"Organization","@id":"https:\/\/korint.eu\/de\/#organization","name":"Korint\u00ae","url":"https:\/\/korint.eu\/de\/","logo":{"@type":"ImageObject","inLanguage":"de","@id":"https:\/\/korint.eu\/de\/#\/schema\/logo\/image\/","url":"https:\/\/korint.eu\/wp-content\/uploads\/2025\/01\/Vacature-icon-korint\u00ae.jpg","contentUrl":"https:\/\/korint.eu\/wp-content\/uploads\/2025\/01\/Vacature-icon-korint\u00ae.jpg","width":1000,"height":1000,"caption":"Korint\u00ae"},"image":{"@id":"https:\/\/korint.eu\/de\/#\/schema\/logo\/image\/"},"sameAs":["https:\/\/www.facebook.com\/korintnederland\/","https:\/\/www.instagram.com\/korint_nederland\/","https:\/\/www.linkedin.com\/company\/korint-medical-recruitment\/"]}]}},"_links":{"self":[{"href":"https:\/\/korint.eu\/de\/wp-json\/wp\/v2\/job-listings\/6808","targetHints":{"allow":["GET"]}}],"collection":[{"href":"https:\/\/korint.eu\/de\/wp-json\/wp\/v2\/job-listings"}],"about":[{"href":"https:\/\/korint.eu\/de\/wp-json\/wp\/v2\/types\/job_listing"}],"author":[{"embeddable":true,"href":"https:\/\/korint.eu\/de\/wp-json\/wp\/v2\/users\/1"}],"wp:featuredmedia":[{"embeddable":true,"href":"https:\/\/korint.eu\/de\/wp-json\/wp\/v2\/media\/6466"}],"wp:attachment":[{"href":"https:\/\/korint.eu\/de\/wp-json\/wp\/v2\/media?parent=6808"}],"wp:term":[{"taxonomy":"job_listing_category","embeddable":true,"href":"https:\/\/korint.eu\/de\/wp-json\/wp\/v2\/job-categories?post=6808"},{"taxonomy":"job_listing_type","embeddable":true,"href":"https:\/\/korint.eu\/de\/wp-json\/wp\/v2\/job-types?post=6808"}],"curies":[{"name":"wp","href":"https:\/\/api.w.org\/{rel}","templated":true}]}}