{"id":9482,"date":"2025-03-27T10:57:17","date_gmt":"2025-03-27T09:57:17","guid":{"rendered":"https:\/\/korint.eu\/?post_type=job_listing&#038;p=9482"},"modified":"2025-12-09T11:07:03","modified_gmt":"2025-12-09T10:07:03","slug":"dipl-radiologiefachperson-in-bern","status":"publish","type":"job_listing","link":"https:\/\/korint.eu\/ch\/job\/dipl-radiologiefachperson-in-bern\/","title":{"rendered":"Dipl. Radiologiefachperson in Bern"},"content":{"rendered":"<p>Dipl. Radiologiefachperson in Bern (80-100%) &#8211; MTRA \u2013 Unser Kunde, ist auf der Suche nach einem\/ r Radiologiefachfrau\/ Radiologiefachmann, die\/ der sein Team auf individuelle Art komplettiert und sich den verschiedenen Herausforderungen des Berufs kompetent stellt. Sind Sie Berufswiedereinsteiger oder einfach nur bereit f\u00fcr eine Ver\u00e4nderung? Dann laden wir Sie ein, unser Portal zu nutzen und durchzustarten.<\/p>\n<h3>Worauf Sie sich freuen d\u00fcrfen:<\/h3>\n<ul>\n<li>Im Regelfall einen Vermittlungsbonus<\/li>\n<li>Einen festen Arbeitsvertrag<\/li>\n<li>Freuen Sie sich auf eine systematische Einarbeitungsplanung durch Ihre neuen Kolleginnen und Kollegen<\/li>\n<li>Interessante und abwechslungsreiche T\u00e4tigkeit<\/li>\n<li>Selbstst\u00e4ndiges Arbeiten in einem dienstleistungsorientierten und motivierten Team<\/li>\n<li>Regelm\u00e4ssige interne und externe Fort- und Weiterbildungsprogramme bieten die M\u00f6glichkeit, IIhre beruflichen W\u00fcnsche, Perspektiven und Ziele zu ber\u00fccksichtigen und zu f\u00f6rdern<\/li>\n<li>Gute Erreichbarkeit mit den \u00f6ffentlichen Verkehrsmitteln<\/li>\n<\/ul>\n<h3>Ihre Aufgaben als engagierte dipl. Radiologiefachperson in Bern:<\/h3>\n<ul>\n<li>Selbst\u00e4ndige Durchf\u00fchrung der anfallenden R\u00f6ntgen- und Schnittbilder<\/li>\n<li>Durchf\u00fchrung von Planungs-Computertomographien am eigenen CT mittels Gating sowie Kontrastmittelgabe<\/li>\n<li>Arbeiten an allen diagnostischen Ger\u00e4ten (modernster Technik)<\/li>\n<li>F\u00f6rderung und Begleitung der Auszubildenden<\/li>\n<li>Option auf Mitwirkung an innovativen Projekten<\/li>\n<\/ul>\n<h3>Ihr Profil als engagierte dipl. Radiologiefachperson in Bern:<\/h3>\n<ul>\n<li>Abgeschlossene Berufsausbildung als Fachperson Radiologie<\/li>\n<li>Berufserfahrung in interventioneller Radiologie<\/li>\n<li>Fundierte Kenntnisse in MRI und CT<\/li>\n<li>Hohe Selbst\u00e4ndigkeit<\/li>\n<li>Eigenverantwortung und Verantwortungsbewusstsein<\/li>\n<li>Gute Deutsckenntnisse in Wort und Schrift (B2\/C1)<\/li>\n<\/ul>\n","protected":false},"author":8,"featured_media":9481,"template":"","meta":{"_et_pb_use_builder":"","_et_pb_old_content":"","_et_gb_content_width":"","_promoted":"","_job_location":"Bern, Schweiz","_application":"edwin@vincire.nl","_company_name":"Korint\u00ae","_company_website":"","_company_tagline":"","_company_twitter":"","_company_video":"","_filled":0,"_featured":0,"_remote_position":0,"_job_salary":"","_job_salary_currency":"","_job_salary_unit":""},"job-categories":[250],"job-types":[254],"class_list":{"0":"post-9482","1":"job_listing","2":"type-job_listing","3":"status-publish","4":"has-post-thumbnail","5":"hentry","7":"job-type-festanstellung"},"yoast_head":"<!-- This site is optimized with the Yoast SEO plugin v27.5 - https:\/\/yoast.com\/product\/yoast-seo-wordpress\/ -->\n<title>Dipl. Radiologiefachperson in Bern - Korint\u00ae<\/title>\n<meta name=\"robots\" content=\"index, follow, max-snippet:-1, max-image-preview:large, max-video-preview:-1\" \/>\n<link rel=\"canonical\" href=\"https:\/\/korint.eu\/ch\/job\/dipl-radiologiefachperson-in-bern\/\" \/>\n<meta property=\"og:locale\" content=\"de_DE\" \/>\n<meta property=\"og:type\" content=\"article\" \/>\n<meta property=\"og:title\" content=\"Dipl. Radiologiefachperson in Bern - Korint\u00ae\" \/>\n<meta property=\"og:description\" content=\"Dipl. Radiologiefachperson in Bern (80-100%) &#8211; MTRA \u2013 Unser Kunde, ist auf der Suche nach einem\/ r Radiologiefachfrau\/ Radiologiefachmann, die\/ der sein Team auf individuelle Art komplettiert und sich den verschiedenen Herausforderungen des Berufs kompetent stellt. Sind Sie Berufswiedereinsteiger oder einfach nur bereit f\u00fcr eine Ver\u00e4nderung? Dann laden wir Sie ein, unser Portal zu nutzen [&hellip;]\" \/>\n<meta property=\"og:url\" content=\"https:\/\/korint.eu\/ch\/job\/dipl-radiologiefachperson-in-bern\/\" \/>\n<meta property=\"og:site_name\" content=\"Korint\u00ae\" \/>\n<meta property=\"article:publisher\" content=\"https:\/\/www.facebook.com\/korintnederland\/\" \/>\n<meta property=\"article:modified_time\" content=\"2025-12-09T10:07:03+00:00\" \/>\n<meta property=\"og:image\" content=\"https:\/\/korint.eu\/wp-content\/uploads\/2025\/02\/Radiodiagnostisch-Laborant-Oproepkracht.jpg\" \/>\n\t<meta property=\"og:image:width\" content=\"1920\" \/>\n\t<meta property=\"og:image:height\" content=\"800\" \/>\n\t<meta property=\"og:image:type\" content=\"image\/jpeg\" \/>\n<meta name=\"twitter:card\" content=\"summary_large_image\" \/>\n<meta name=\"twitter:label1\" content=\"Gesch\u00e4tzte Lesezeit\" \/>\n\t<meta name=\"twitter:data1\" content=\"1\u00a0Minute\" \/>\n<script type=\"application\/ld+json\" class=\"yoast-schema-graph\">{\"@context\":\"https:\\\/\\\/schema.org\",\"@graph\":[{\"@type\":\"WebPage\",\"@id\":\"https:\\\/\\\/korint.eu\\\/ch\\\/job\\\/dipl-radiologiefachperson-in-bern\\\/\",\"url\":\"https:\\\/\\\/korint.eu\\\/ch\\\/job\\\/dipl-radiologiefachperson-in-bern\\\/\",\"name\":\"Dipl. Radiologiefachperson in Bern - Korint\u00ae\",\"isPartOf\":{\"@id\":\"https:\\\/\\\/korint.eu\\\/ch\\\/#website\"},\"primaryImageOfPage\":{\"@id\":\"https:\\\/\\\/korint.eu\\\/ch\\\/job\\\/dipl-radiologiefachperson-in-bern\\\/#primaryimage\"},\"image\":{\"@id\":\"https:\\\/\\\/korint.eu\\\/ch\\\/job\\\/dipl-radiologiefachperson-in-bern\\\/#primaryimage\"},\"thumbnailUrl\":\"https:\\\/\\\/korint.eu\\\/wp-content\\\/uploads\\\/2025\\\/02\\\/Radiodiagnostisch-Laborant-Oproepkracht.jpg\",\"datePublished\":\"2025-03-27T09:57:17+00:00\",\"dateModified\":\"2025-12-09T10:07:03+00:00\",\"breadcrumb\":{\"@id\":\"https:\\\/\\\/korint.eu\\\/ch\\\/job\\\/dipl-radiologiefachperson-in-bern\\\/#breadcrumb\"},\"inLanguage\":\"de-CH\",\"potentialAction\":[{\"@type\":\"ReadAction\",\"target\":[\"https:\\\/\\\/korint.eu\\\/ch\\\/job\\\/dipl-radiologiefachperson-in-bern\\\/\"]}]},{\"@type\":\"ImageObject\",\"inLanguage\":\"de-CH\",\"@id\":\"https:\\\/\\\/korint.eu\\\/ch\\\/job\\\/dipl-radiologiefachperson-in-bern\\\/#primaryimage\",\"url\":\"https:\\\/\\\/korint.eu\\\/wp-content\\\/uploads\\\/2025\\\/02\\\/Radiodiagnostisch-Laborant-Oproepkracht.jpg\",\"contentUrl\":\"https:\\\/\\\/korint.eu\\\/wp-content\\\/uploads\\\/2025\\\/02\\\/Radiodiagnostisch-Laborant-Oproepkracht.jpg\",\"width\":1920,\"height\":800,\"caption\":\"Oproepkracht Radiodiagnostisch Laborant Korint\u00ae\"},{\"@type\":\"BreadcrumbList\",\"@id\":\"https:\\\/\\\/korint.eu\\\/ch\\\/job\\\/dipl-radiologiefachperson-in-bern\\\/#breadcrumb\",\"itemListElement\":[{\"@type\":\"ListItem\",\"position\":1,\"name\":\"Home\",\"item\":\"https:\\\/\\\/korint.eu\\\/ch\\\/\"},{\"@type\":\"ListItem\",\"position\":2,\"name\":\"Dipl. Radiologiefachperson in Bern\"}]},{\"@type\":\"WebSite\",\"@id\":\"https:\\\/\\\/korint.eu\\\/ch\\\/#website\",\"url\":\"https:\\\/\\\/korint.eu\\\/ch\\\/\",\"name\":\"Korint\u00ae\",\"description\":\"Flexibele carri\u00e8re mogelijkheden voor zorgprofessionals\",\"publisher\":{\"@id\":\"https:\\\/\\\/korint.eu\\\/ch\\\/#organization\"},\"potentialAction\":[{\"@type\":\"SearchAction\",\"target\":{\"@type\":\"EntryPoint\",\"urlTemplate\":\"https:\\\/\\\/korint.eu\\\/ch\\\/?s={search_term_string}\"},\"query-input\":{\"@type\":\"PropertyValueSpecification\",\"valueRequired\":true,\"valueName\":\"search_term_string\"}}],\"inLanguage\":\"de-CH\"},{\"@type\":\"Organization\",\"@id\":\"https:\\\/\\\/korint.eu\\\/ch\\\/#organization\",\"name\":\"Korint\u00ae\",\"url\":\"https:\\\/\\\/korint.eu\\\/ch\\\/\",\"logo\":{\"@type\":\"ImageObject\",\"inLanguage\":\"de-CH\",\"@id\":\"https:\\\/\\\/korint.eu\\\/ch\\\/#\\\/schema\\\/logo\\\/image\\\/\",\"url\":\"https:\\\/\\\/korint.eu\\\/wp-content\\\/uploads\\\/2025\\\/01\\\/Vacature-icon-korint\u00ae.jpg\",\"contentUrl\":\"https:\\\/\\\/korint.eu\\\/wp-content\\\/uploads\\\/2025\\\/01\\\/Vacature-icon-korint\u00ae.jpg\",\"width\":1000,\"height\":1000,\"caption\":\"Korint\u00ae\"},\"image\":{\"@id\":\"https:\\\/\\\/korint.eu\\\/ch\\\/#\\\/schema\\\/logo\\\/image\\\/\"},\"sameAs\":[\"https:\\\/\\\/www.facebook.com\\\/korintnederland\\\/\",\"https:\\\/\\\/www.instagram.com\\\/korint_nederland\\\/\",\"https:\\\/\\\/www.linkedin.com\\\/company\\\/korint-medical-recruitment\\\/\"]}]}<\/script>\n<!-- \/ Yoast SEO plugin. -->","yoast_head_json":{"title":"Dipl. Radiologiefachperson in Bern - Korint\u00ae","robots":{"index":"index","follow":"follow","max-snippet":"max-snippet:-1","max-image-preview":"max-image-preview:large","max-video-preview":"max-video-preview:-1"},"canonical":"https:\/\/korint.eu\/ch\/job\/dipl-radiologiefachperson-in-bern\/","og_locale":"de_DE","og_type":"article","og_title":"Dipl. Radiologiefachperson in Bern - Korint\u00ae","og_description":"Dipl. Radiologiefachperson in Bern (80-100%) &#8211; MTRA \u2013 Unser Kunde, ist auf der Suche nach einem\/ r Radiologiefachfrau\/ Radiologiefachmann, die\/ der sein Team auf individuelle Art komplettiert und sich den verschiedenen Herausforderungen des Berufs kompetent stellt. Sind Sie Berufswiedereinsteiger oder einfach nur bereit f\u00fcr eine Ver\u00e4nderung? Dann laden wir Sie ein, unser Portal zu nutzen [&hellip;]","og_url":"https:\/\/korint.eu\/ch\/job\/dipl-radiologiefachperson-in-bern\/","og_site_name":"Korint\u00ae","article_publisher":"https:\/\/www.facebook.com\/korintnederland\/","article_modified_time":"2025-12-09T10:07:03+00:00","og_image":[{"width":1920,"height":800,"url":"https:\/\/korint.eu\/wp-content\/uploads\/2025\/02\/Radiodiagnostisch-Laborant-Oproepkracht.jpg","type":"image\/jpeg"}],"twitter_card":"summary_large_image","twitter_misc":{"Gesch\u00e4tzte Lesezeit":"1\u00a0Minute"},"schema":{"@context":"https:\/\/schema.org","@graph":[{"@type":"WebPage","@id":"https:\/\/korint.eu\/ch\/job\/dipl-radiologiefachperson-in-bern\/","url":"https:\/\/korint.eu\/ch\/job\/dipl-radiologiefachperson-in-bern\/","name":"Dipl. Radiologiefachperson in Bern - Korint\u00ae","isPartOf":{"@id":"https:\/\/korint.eu\/ch\/#website"},"primaryImageOfPage":{"@id":"https:\/\/korint.eu\/ch\/job\/dipl-radiologiefachperson-in-bern\/#primaryimage"},"image":{"@id":"https:\/\/korint.eu\/ch\/job\/dipl-radiologiefachperson-in-bern\/#primaryimage"},"thumbnailUrl":"https:\/\/korint.eu\/wp-content\/uploads\/2025\/02\/Radiodiagnostisch-Laborant-Oproepkracht.jpg","datePublished":"2025-03-27T09:57:17+00:00","dateModified":"2025-12-09T10:07:03+00:00","breadcrumb":{"@id":"https:\/\/korint.eu\/ch\/job\/dipl-radiologiefachperson-in-bern\/#breadcrumb"},"inLanguage":"de-CH","potentialAction":[{"@type":"ReadAction","target":["https:\/\/korint.eu\/ch\/job\/dipl-radiologiefachperson-in-bern\/"]}]},{"@type":"ImageObject","inLanguage":"de-CH","@id":"https:\/\/korint.eu\/ch\/job\/dipl-radiologiefachperson-in-bern\/#primaryimage","url":"https:\/\/korint.eu\/wp-content\/uploads\/2025\/02\/Radiodiagnostisch-Laborant-Oproepkracht.jpg","contentUrl":"https:\/\/korint.eu\/wp-content\/uploads\/2025\/02\/Radiodiagnostisch-Laborant-Oproepkracht.jpg","width":1920,"height":800,"caption":"Oproepkracht Radiodiagnostisch Laborant Korint\u00ae"},{"@type":"BreadcrumbList","@id":"https:\/\/korint.eu\/ch\/job\/dipl-radiologiefachperson-in-bern\/#breadcrumb","itemListElement":[{"@type":"ListItem","position":1,"name":"Home","item":"https:\/\/korint.eu\/ch\/"},{"@type":"ListItem","position":2,"name":"Dipl. Radiologiefachperson in Bern"}]},{"@type":"WebSite","@id":"https:\/\/korint.eu\/ch\/#website","url":"https:\/\/korint.eu\/ch\/","name":"Korint\u00ae","description":"Flexibele carri\u00e8re mogelijkheden voor zorgprofessionals","publisher":{"@id":"https:\/\/korint.eu\/ch\/#organization"},"potentialAction":[{"@type":"SearchAction","target":{"@type":"EntryPoint","urlTemplate":"https:\/\/korint.eu\/ch\/?s={search_term_string}"},"query-input":{"@type":"PropertyValueSpecification","valueRequired":true,"valueName":"search_term_string"}}],"inLanguage":"de-CH"},{"@type":"Organization","@id":"https:\/\/korint.eu\/ch\/#organization","name":"Korint\u00ae","url":"https:\/\/korint.eu\/ch\/","logo":{"@type":"ImageObject","inLanguage":"de-CH","@id":"https:\/\/korint.eu\/ch\/#\/schema\/logo\/image\/","url":"https:\/\/korint.eu\/wp-content\/uploads\/2025\/01\/Vacature-icon-korint\u00ae.jpg","contentUrl":"https:\/\/korint.eu\/wp-content\/uploads\/2025\/01\/Vacature-icon-korint\u00ae.jpg","width":1000,"height":1000,"caption":"Korint\u00ae"},"image":{"@id":"https:\/\/korint.eu\/ch\/#\/schema\/logo\/image\/"},"sameAs":["https:\/\/www.facebook.com\/korintnederland\/","https:\/\/www.instagram.com\/korint_nederland\/","https:\/\/www.linkedin.com\/company\/korint-medical-recruitment\/"]}]}},"_links":{"self":[{"href":"https:\/\/korint.eu\/ch\/wp-json\/wp\/v2\/job-listings\/9482","targetHints":{"allow":["GET"]}}],"collection":[{"href":"https:\/\/korint.eu\/ch\/wp-json\/wp\/v2\/job-listings"}],"about":[{"href":"https:\/\/korint.eu\/ch\/wp-json\/wp\/v2\/types\/job_listing"}],"author":[{"embeddable":true,"href":"https:\/\/korint.eu\/ch\/wp-json\/wp\/v2\/users\/8"}],"wp:featuredmedia":[{"embeddable":true,"href":"https:\/\/korint.eu\/ch\/wp-json\/wp\/v2\/media\/9481"}],"wp:attachment":[{"href":"https:\/\/korint.eu\/ch\/wp-json\/wp\/v2\/media?parent=9482"}],"wp:term":[{"taxonomy":"job_listing_category","embeddable":true,"href":"https:\/\/korint.eu\/ch\/wp-json\/wp\/v2\/job-categories?post=9482"},{"taxonomy":"job_listing_type","embeddable":true,"href":"https:\/\/korint.eu\/ch\/wp-json\/wp\/v2\/job-types?post=9482"}],"curies":[{"name":"wp","href":"https:\/\/api.w.org\/{rel}","templated":true}]}}